{"id":30392,"date":"2026-07-07T22:37:41","date_gmt":"2026-07-07T22:37:41","guid":{"rendered":"https:\/\/www.tracea.ch\/boutique\/non%20class\u00e9\/mens-qimsa-pro-shorts\/"},"modified":"2026-07-07T22:38:27","modified_gmt":"2026-07-07T22:38:27","slug":"mens-qimsa-pro-shorts","status":"publish","type":"product","link":"https:\/\/www.tracea.ch\/it\/boutique\/mens-qimsa-pro-shorts\/","title":{"rendered":"Men&rsquo;s Qimsa Pro Shorts"},"content":{"rendered":"<p>Le short cycliste Qimsa Pro pour homme offre un confort appr\u00e9ciable sur les vir\u00e9es d&rsquo;une journ\u00e9e sur le VTT. Sa mati\u00e8re est ultral\u00e9g\u00e8re et \u00e9lastique. Elle est de plus respirante, facile d&rsquo;entretien et s\u00e8che rapidement. Un cuissard avec le coussinet VAUDE T-Pad est int\u00e9gr\u00e9. Ce rembourrage de fessier est sp\u00e9cialement con\u00e7u pour la position assise redress\u00e9e et les types de terrain les plus vari\u00e9s. La taille est r\u00e9glable afin d&rsquo;arrondir ces prestations en termes de confort. Le short cycliste Qimsa Pro pour homme permet d&#8217;emporter tout le n\u00e9cessaire pour un parcours VTT dans une poche zipp\u00e9e sur la jambe et dans deux poches \u00e0 l&rsquo;avant. Le short est de plus appr\u00eat\u00e9 avec la finition d\u00e9perlante et antisalissures Eco Finish sans PFC. Le label Green Shape de VAUDE garantit un produit \u00e9cologique, fonctionnel et fabriqu\u00e9 dans des mat\u00e9riaux durables.<\/p>\n<p><em>mati\u00e8re \u00e9lastique, 1 poche zipp\u00e9e sur le jambe, 2 poches dans la d\u00e9coupe \u00e0 l&rsquo;avant, ceinture ajustable en largeur, colourblock, grand logo imprim\u00e9 d\u00e9coratif, avec pantalon int\u00e9rieur avec matelassage du fessier<\/em><\/p>","protected":false},"excerpt":{"rendered":"<p>Short de cyclisme \u00e9lastique pour homme #respirant et \u00e0 s\u00e9chage rapide #cuissard avec T-Pad VAUDE inclus #mati\u00e8re principale essentiellement fabriqu\u00e9e en polyamide recycl\u00e9<\/p>","protected":false},"featured_media":0,"comment_status":"closed","ping_status":"open","template":"","meta":[],"product_brand":[375],"product_cat":[213,574,216],"product_tag":[365,368,422,421],"class_list":["post-30392","product","type-product","status-publish","product_brand-vaude","product_cat-boutique","product_cat-pantalons","product_cat-vetements","product_tag-boutique","product_tag-vente","product_tag-vente-vetement","product_tag-vetement","pa_couleur-agave","pa_couleur-black","pa_couleur-dark-sea","pa_couleur-heron","pa_taille-l","pa_taille-m","pa_taille-s","pa_taille-xl","pa_taille-xxl","pa_taille-xxxl","first","instock","purchasable","product-type-variable"],"_links":{"self":[{"href":"https:\/\/www.tracea.ch\/it\/wp-json\/wp\/v2\/product\/30392","targetHints":{"allow":["GET"]}}],"collection":[{"href":"https:\/\/www.tracea.ch\/it\/wp-json\/wp\/v2\/product"}],"about":[{"href":"https:\/\/www.tracea.ch\/it\/wp-json\/wp\/v2\/types\/product"}],"replies":[{"embeddable":true,"href":"https:\/\/www.tracea.ch\/it\/wp-json\/wp\/v2\/comments?post=30392"}],"version-history":[{"count":1,"href":"https:\/\/www.tracea.ch\/it\/wp-json\/wp\/v2\/product\/30392\/revisions"}],"predecessor-version":[{"id":30393,"href":"https:\/\/www.tracea.ch\/it\/wp-json\/wp\/v2\/product\/30392\/revisions\/30393"}],"wp:attachment":[{"href":"https:\/\/www.tracea.ch\/it\/wp-json\/wp\/v2\/media?parent=30392"}],"wp:term":[{"taxonomy":"product_brand","embeddable":true,"href":"https:\/\/www.tracea.ch\/it\/wp-json\/wp\/v2\/product_brand?post=30392"},{"taxonomy":"product_cat","embeddable":true,"href":"https:\/\/www.tracea.ch\/it\/wp-json\/wp\/v2\/product_cat?post=30392"},{"taxonomy":"product_tag","embeddable":true,"href":"https:\/\/www.tracea.ch\/it\/wp-json\/wp\/v2\/product_tag?post=30392"}],"curies":[{"name":"wp","href":"https:\/\/api.w.org\/{rel}","templated":true}]}}