{"id":30472,"date":"2026-07-07T22:39:43","date_gmt":"2026-07-07T22:39:43","guid":{"rendered":"https:\/\/www.tracea.ch\/boutique\/non%20class\u00e9\/womens-altissimo-shorty\/"},"modified":"2026-07-07T22:40:06","modified_gmt":"2026-07-07T22:40:06","slug":"womens-altissimo-shorty","status":"publish","type":"product","link":"https:\/\/www.tracea.ch\/it\/boutique\/womens-altissimo-shorty\/","title":{"rendered":"Women&rsquo;s Altissimo Shorty"},"content":{"rendered":"<p>Celles qui trouvent les shorts VTT souvent trop longs vont se satisfaire du short VTT Altissimo II femme dans sa version courte. Sa mati\u00e8re \u00e9lastique, respirante et \u00e0 s\u00e9chage rapide permet de l&rsquo;utiliser sur des parcours exigeants d&rsquo;une journ\u00e9e sur le VTT. Le short VTT femme court est propos\u00e9 avec un cuissard et une taille r\u00e9glable, ainsi que deux poches avant zipp\u00e9es. En outre, le short est muni de passants et appr\u00eat\u00e9 avec la finition d\u00e9perlante et antisalissures Eco Finish sans PFC. Le label Green Shape de VAUDE garantit un produit \u00e9cologique, fonctionnel et fabriqu\u00e9 dans des mat\u00e9riaux durables.<\/p>\n<p><em>mati\u00e8re \u00e9lastique, 2 poches frontale avec zip cousu finement, ceinture avec passe-ceinture, ceinture ajustable en largeur, avec pantalon int\u00e9rieur avec matelassage du fessier<\/em><\/p>","protected":false},"excerpt":{"rendered":"<p>Short de cyclisme court et \u00e9lastique pour femme #respirant et \u00e0 s\u00e9chage rapide #cuissard inclus #mati\u00e8re principale essentiellement fabriqu\u00e9e en polyamide recycl\u00e9<\/p>","protected":false},"featured_media":0,"comment_status":"closed","ping_status":"open","template":"","meta":[],"product_brand":[375],"product_cat":[213,574,216],"product_tag":[365,368,422,421],"class_list":["post-30472","product","type-product","status-publish","product_brand-vaude","product_cat-boutique","product_cat-pantalons","product_cat-vetements","product_tag-boutique","product_tag-vente","product_tag-vente-vetement","product_tag-vetement","pa_couleur-black-uni","pa_couleur-brick","pa_taille-436","pa_taille-437","pa_taille-438","pa_taille-439","pa_taille-440","first","instock","purchasable","product-type-variable"],"_links":{"self":[{"href":"https:\/\/www.tracea.ch\/it\/wp-json\/wp\/v2\/product\/30472","targetHints":{"allow":["GET"]}}],"collection":[{"href":"https:\/\/www.tracea.ch\/it\/wp-json\/wp\/v2\/product"}],"about":[{"href":"https:\/\/www.tracea.ch\/it\/wp-json\/wp\/v2\/types\/product"}],"replies":[{"embeddable":true,"href":"https:\/\/www.tracea.ch\/it\/wp-json\/wp\/v2\/comments?post=30472"}],"version-history":[{"count":1,"href":"https:\/\/www.tracea.ch\/it\/wp-json\/wp\/v2\/product\/30472\/revisions"}],"predecessor-version":[{"id":30473,"href":"https:\/\/www.tracea.ch\/it\/wp-json\/wp\/v2\/product\/30472\/revisions\/30473"}],"wp:attachment":[{"href":"https:\/\/www.tracea.ch\/it\/wp-json\/wp\/v2\/media?parent=30472"}],"wp:term":[{"taxonomy":"product_brand","embeddable":true,"href":"https:\/\/www.tracea.ch\/it\/wp-json\/wp\/v2\/product_brand?post=30472"},{"taxonomy":"product_cat","embeddable":true,"href":"https:\/\/www.tracea.ch\/it\/wp-json\/wp\/v2\/product_cat?post=30472"},{"taxonomy":"product_tag","embeddable":true,"href":"https:\/\/www.tracea.ch\/it\/wp-json\/wp\/v2\/product_tag?post=30472"}],"curies":[{"name":"wp","href":"https:\/\/api.w.org\/{rel}","templated":true}]}}