{"id":31117,"date":"2026-07-07T22:58:07","date_gmt":"2026-07-07T22:58:07","guid":{"rendered":"https:\/\/www.tracea.ch\/boutique\/non%20class\u00e9\/mens-badile-shorts-ii\/"},"modified":"2026-07-07T22:59:00","modified_gmt":"2026-07-07T22:59:00","slug":"mens-badile-shorts-ii","status":"publish","type":"product","link":"https:\/\/www.tracea.ch\/it\/boutique\/mens-badile-shorts-ii\/","title":{"rendered":"Men&rsquo;s Badile Shorts II"},"content":{"rendered":"<p>Short robuste et fonctionnel pour les randonn\u00e9es estivales et les vir\u00e9es en montagne : Le short Badile Softshell pour hommes s\u00e9duit par sa mati\u00e8re l\u00e9g\u00e8re et r\u00e9sistante et son design sportif. Le tissu est particuli\u00e8rement respirant tout en \u00e9tant r\u00e9sistant au vent et robuste. La taille avec ceinture int\u00e9gr\u00e9e garantit un maintien s\u00fbr et confortable en toutes circonstances. Quatre poches zipp\u00e9es &#8211; deux lat\u00e9rales, une au niveau du fessier et une sur la jambe &#8211; offrent un espace de rangement s\u00fbr pour les affaires importantes. La coupe sportive et confortable assure une libert\u00e9 de mouvement optimale lors des randonn\u00e9es sur les sentiers de randonn\u00e9e et les chemins alpins par des temp\u00e9ratures estivales. Le tissu ext\u00e9rieur du short Badile Softshell est trait\u00e9 avec Eco Finish pour r\u00e9sister \u00e0 l&rsquo;eau et aux salissures. VAUDE renonce aux fluorocarbones, des produits chimiques appel\u00e9s PFAS ou PFC, qui sont soup\u00e7onn\u00e9s d&rsquo;\u00eatre nocifs pour la sant\u00e9. Le label Green Shape de VAUDE garantit un produit \u00e9cologique, fonctionnel et fabriqu\u00e9 dans des mat\u00e9riaux durables.<\/p>\n<p><em>ceinture int\u00e9gr\u00e9e, 2 poches frontales avec fermeture \u00e9clair, 1 poche zipp\u00e9e sur le jambe, 1 poche arri\u00e8re zipp\u00e9e<\/em><\/p>","protected":false},"excerpt":{"rendered":"<p>Short l\u00e9ger homme en mati\u00e8re softshell r\u00e9sistante pour sorties en montagne l\u2019\u00e9t\u00e9 #mati\u00e8re \u00e9lastique pour haut confort au porter #coupe-vent et respirant #mati\u00e8re principale fabriqu\u00e9e par recyclage innovant de pneus usag\u00e9s sous utilisation d\u2019une m\u00e9thode de bilan massique<\/p>","protected":false},"featured_media":0,"comment_status":"closed","ping_status":"open","template":"","meta":[],"product_brand":[375],"product_cat":[213,574,216],"product_tag":[365,368,422,421],"class_list":["post-31117","product","type-product","status-publish","product_brand-vaude","product_cat-boutique","product_cat-pantalons","product_cat-vetements","product_tag-boutique","product_tag-vente","product_tag-vente-vetement","product_tag-vetement","pa_couleur-black","pa_couleur-dark-leaf","pa_couleur-dark-sea","pa_couleur-heron","pa_taille-441","pa_taille-459","pa_taille-469","pa_taille-472","pa_taille-587","pa_taille-543","first","instock","purchasable","product-type-variable"],"_links":{"self":[{"href":"https:\/\/www.tracea.ch\/it\/wp-json\/wp\/v2\/product\/31117","targetHints":{"allow":["GET"]}}],"collection":[{"href":"https:\/\/www.tracea.ch\/it\/wp-json\/wp\/v2\/product"}],"about":[{"href":"https:\/\/www.tracea.ch\/it\/wp-json\/wp\/v2\/types\/product"}],"replies":[{"embeddable":true,"href":"https:\/\/www.tracea.ch\/it\/wp-json\/wp\/v2\/comments?post=31117"}],"version-history":[{"count":1,"href":"https:\/\/www.tracea.ch\/it\/wp-json\/wp\/v2\/product\/31117\/revisions"}],"predecessor-version":[{"id":31118,"href":"https:\/\/www.tracea.ch\/it\/wp-json\/wp\/v2\/product\/31117\/revisions\/31118"}],"wp:attachment":[{"href":"https:\/\/www.tracea.ch\/it\/wp-json\/wp\/v2\/media?parent=31117"}],"wp:term":[{"taxonomy":"product_brand","embeddable":true,"href":"https:\/\/www.tracea.ch\/it\/wp-json\/wp\/v2\/product_brand?post=31117"},{"taxonomy":"product_cat","embeddable":true,"href":"https:\/\/www.tracea.ch\/it\/wp-json\/wp\/v2\/product_cat?post=31117"},{"taxonomy":"product_tag","embeddable":true,"href":"https:\/\/www.tracea.ch\/it\/wp-json\/wp\/v2\/product_tag?post=31117"}],"curies":[{"name":"wp","href":"https:\/\/api.w.org\/{rel}","templated":true}]}}