{"id":31308,"date":"2026-07-07T23:03:20","date_gmt":"2026-07-07T23:03:20","guid":{"rendered":"https:\/\/www.tracea.ch\/boutique\/non%20class\u00e9\/mens-tamaro-base-pants\/"},"modified":"2026-07-07T23:03:46","modified_gmt":"2026-07-07T23:03:46","slug":"mens-tamaro-base-pants","status":"publish","type":"product","link":"https:\/\/www.tracea.ch\/it\/boutique\/mens-tamaro-base-pants\/","title":{"rendered":"Men&rsquo;s Tamaro Base Pants"},"content":{"rendered":"<p>Le pantalon de v\u00e9lo Tamaro pour hommes est id\u00e9al pour les longues randonn\u00e9es et les voyages \u00e0 v\u00e9lo. Sa mati\u00e8re respirante et \u00e0 s\u00e9chage rapide, avec une forte proportion de stretch, assure un confort optimal et une libert\u00e9 de mouvement illimit\u00e9e &#8211; parfait pour les randonn\u00e9es d&rsquo;une journ\u00e9e ou de plusieurs jours. La coupe ergonomique avec jambes pr\u00e9form\u00e9es offre un excellent ajustement sur la selle, tandis que le r\u00e9glage de la taille assure une tenue personnalis\u00e9e et stable. L&rsquo;ourlet s&rsquo;ajuste \u00e0 l&rsquo;aide d&rsquo;une fermeture velcro et se resserre, de sorte qu&rsquo;il n&rsquo;y a pas non plus de risque que le pantalon de v\u00e9lo pour hommes se coince dans les p\u00e9dales ou la cha\u00eene. Des poches pratiques &#8211; deux poches en biais et une poche lat\u00e9rale ins\u00e9r\u00e9e sur la cuisse avec rabat &#8211; offrent un espace de rangement pour les petits objets importants. Le label Green Shape de VAUDE garantit un produit \u00e9cologique, fonctionnel et fabriqu\u00e9 dans des mat\u00e9riaux durables.<\/p>\n<p><em>genoux pr\u00e9form\u00e9s, mati\u00e8re \u00e9lastique, 1 poche avec rabat ajout\u00e9e sur la jambe, 2 poches dans la d\u00e9coupe \u00e0 l&rsquo;avant, boucle de ceinture, Ceinture r\u00e9glable en largeur gr\u00e2ce \u00e0 un velcro, bas des jambes avec velcro pour l&rsquo;ajustage de la largeur<\/em><\/p>","protected":false},"excerpt":{"rendered":"<p>Pantalon de v\u00e9lo homme sportif l\u00e9ger et long pour sorties en journ\u00e9e et le cyclotourisme #mati\u00e8re respirante et \u00e0 s\u00e9chage rapide avec haute teneur en stretch #poches fonctionnelles et d\u00e9tails techniques #mati\u00e8re principale essentiellement fabriqu\u00e9e en polyester recycl\u00e9<\/p>","protected":false},"featured_media":0,"comment_status":"closed","ping_status":"open","template":"","meta":[],"product_brand":[375],"product_cat":[213,574,216],"product_tag":[365,368,422,421],"class_list":["post-31308","product","type-product","status-publish","product_brand-vaude","product_cat-boutique","product_cat-pantalons","product_cat-vetements","product_tag-boutique","product_tag-vente","product_tag-vente-vetement","product_tag-vetement","pa_couleur-black","pa_couleur-dark-sea","pa_taille-l","pa_taille-m","pa_taille-s","pa_taille-xl","pa_taille-xxl","pa_taille-xxxl","first","instock","purchasable","product-type-variable"],"_links":{"self":[{"href":"https:\/\/www.tracea.ch\/it\/wp-json\/wp\/v2\/product\/31308","targetHints":{"allow":["GET"]}}],"collection":[{"href":"https:\/\/www.tracea.ch\/it\/wp-json\/wp\/v2\/product"}],"about":[{"href":"https:\/\/www.tracea.ch\/it\/wp-json\/wp\/v2\/types\/product"}],"replies":[{"embeddable":true,"href":"https:\/\/www.tracea.ch\/it\/wp-json\/wp\/v2\/comments?post=31308"}],"version-history":[{"count":1,"href":"https:\/\/www.tracea.ch\/it\/wp-json\/wp\/v2\/product\/31308\/revisions"}],"predecessor-version":[{"id":31309,"href":"https:\/\/www.tracea.ch\/it\/wp-json\/wp\/v2\/product\/31308\/revisions\/31309"}],"wp:attachment":[{"href":"https:\/\/www.tracea.ch\/it\/wp-json\/wp\/v2\/media?parent=31308"}],"wp:term":[{"taxonomy":"product_brand","embeddable":true,"href":"https:\/\/www.tracea.ch\/it\/wp-json\/wp\/v2\/product_brand?post=31308"},{"taxonomy":"product_cat","embeddable":true,"href":"https:\/\/www.tracea.ch\/it\/wp-json\/wp\/v2\/product_cat?post=31308"},{"taxonomy":"product_tag","embeddable":true,"href":"https:\/\/www.tracea.ch\/it\/wp-json\/wp\/v2\/product_tag?post=31308"}],"curies":[{"name":"wp","href":"https:\/\/api.w.org\/{rel}","templated":true}]}}