{"id":31527,"date":"2026-07-07T23:08:27","date_gmt":"2026-07-07T23:08:27","guid":{"rendered":"https:\/\/www.tracea.ch\/boutique\/non%20class\u00e9\/mens-kuro-shorts-iii\/"},"modified":"2026-07-07T23:08:50","modified_gmt":"2026-07-07T23:08:50","slug":"mens-kuro-shorts-iii","status":"publish","type":"product","link":"https:\/\/www.tracea.ch\/it\/boutique\/mens-kuro-shorts-iii\/","title":{"rendered":"Men&rsquo;s Kuro Shorts III"},"content":{"rendered":"<p>Libert\u00e9 plus style pour le gravel &#8211; le short Kuro pour hommes convainc par son confort, sa fonctionnalit\u00e9 et son look d\u00e9contract\u00e9. La coupe pr\u00e9form\u00e9e et le choix des mati\u00e8res tiennent compte d&rsquo;une position plut\u00f4t sportive sur le v\u00e9lo. Ainsi, la finition plus haute avec \u00e9lastique \u00e0 la taille entoure mieux le bas du dos et l&rsquo;absence de coutures g\u00eanantes \u00e9vite les points de pression, m\u00eame lors de longues randonn\u00e9es. Le tissu l\u00e9ger et stretch allie respirabilit\u00e9 &#8211; notamment gr\u00e2ce aux fentes lat\u00e9rales &#8211; et libert\u00e9 de mouvement. Il s\u00e8che aussi particuli\u00e8rement vite. La poche lat\u00e9rale zipp\u00e9e offre un espace de rangement s\u00fbr pour les affaires indispensables. Ce pantalon de v\u00e9lo polyvalent pour hommes peut se porter par-dessus un legging avec une peau de chamois. Tout cela rend le short Kuro parfait pour les aventures spontan\u00e9es en gravel comme pour les longues randonn\u00e9es sur des sentiers inconnus.<\/p>\n<p><em>coupe ergonomique, parties en stretch, ceinture \u00e9lastique avec impression en silicone int\u00e9rieure, 1&#038;nbsp, poche lat\u00e9rale avec fermeture \u00e9clair, fentes lat\u00e9rales, \u00e9l\u00e9ments r\u00e9fl\u00e9chissants<\/em><\/p>","protected":false},"excerpt":{"rendered":"<p>Short de gravel l\u00e9ger homme \u00e0 enfiler par-dessus pour le v\u00e9lo en \u00e9t\u00e9 #mati\u00e8re l\u00e9g\u00e8re respirante et \u00e0 s\u00e9chage rapide #coupe pr\u00e9form\u00e9e pour une posture sportive sur la selle #fabrication principale en mat\u00e9riaux recycl\u00e9s<\/p>","protected":false},"featured_media":0,"comment_status":"closed","ping_status":"open","template":"","meta":[],"product_brand":[375],"product_cat":[213,574,216],"product_tag":[365,368,422,421],"class_list":["post-31527","product","type-product","status-publish","product_brand-vaude","product_cat-boutique","product_cat-pantalons","product_cat-vetements","product_tag-boutique","product_tag-vente","product_tag-vente-vetement","product_tag-vetement","pa_couleur-black","pa_couleur-deep-pond","pa_taille-l","pa_taille-m","pa_taille-s","pa_taille-xl","pa_taille-xxl","first","instock","purchasable","product-type-variable"],"_links":{"self":[{"href":"https:\/\/www.tracea.ch\/it\/wp-json\/wp\/v2\/product\/31527","targetHints":{"allow":["GET"]}}],"collection":[{"href":"https:\/\/www.tracea.ch\/it\/wp-json\/wp\/v2\/product"}],"about":[{"href":"https:\/\/www.tracea.ch\/it\/wp-json\/wp\/v2\/types\/product"}],"replies":[{"embeddable":true,"href":"https:\/\/www.tracea.ch\/it\/wp-json\/wp\/v2\/comments?post=31527"}],"version-history":[{"count":1,"href":"https:\/\/www.tracea.ch\/it\/wp-json\/wp\/v2\/product\/31527\/revisions"}],"predecessor-version":[{"id":31528,"href":"https:\/\/www.tracea.ch\/it\/wp-json\/wp\/v2\/product\/31527\/revisions\/31528"}],"wp:attachment":[{"href":"https:\/\/www.tracea.ch\/it\/wp-json\/wp\/v2\/media?parent=31527"}],"wp:term":[{"taxonomy":"product_brand","embeddable":true,"href":"https:\/\/www.tracea.ch\/it\/wp-json\/wp\/v2\/product_brand?post=31527"},{"taxonomy":"product_cat","embeddable":true,"href":"https:\/\/www.tracea.ch\/it\/wp-json\/wp\/v2\/product_cat?post=31527"},{"taxonomy":"product_tag","embeddable":true,"href":"https:\/\/www.tracea.ch\/it\/wp-json\/wp\/v2\/product_tag?post=31527"}],"curies":[{"name":"wp","href":"https:\/\/api.w.org\/{rel}","templated":true}]}}