{"id":37853,"date":"2026-07-08T02:17:00","date_gmt":"2026-07-08T02:17:00","guid":{"rendered":"https:\/\/www.tracea.ch\/boutique\/non%20class\u00e9\/womens-scopi-lw-top\/"},"modified":"2026-07-08T02:17:43","modified_gmt":"2026-07-08T02:17:43","slug":"womens-scopi-lw-top","status":"publish","type":"product","link":"https:\/\/www.tracea.ch\/it\/boutique\/womens-scopi-lw-top\/","title":{"rendered":"Women&rsquo;s Scopi LW Top"},"content":{"rendered":"<p>L\u00e9ger, a\u00e9r\u00e9, minimaliste &#8211; le Crop Top Scopi est fait pour les chaudes journ\u00e9es d&rsquo;\u00e9t\u00e9 en montagne. La coupe d\u00e9contract\u00e9e assure une libert\u00e9 de mouvement maximale, tandis que le design \u00e9pur\u00e9 avec le moins de coutures possible \u00e9vite les points de frottement d\u00e9sagr\u00e9ables. Les coutures d&rsquo;\u00e9paule d\u00e9cal\u00e9es augmentent le confort de port, m\u00eame lorsque le sac \u00e0 dos doit \u00eatre emport\u00e9. La mati\u00e8re est particuli\u00e8rement respirante et s\u00e8che rapidement. Parfait pour la promenade apr\u00e8s le travail sur la montagne locale, les longues randonn\u00e9es en montagne ou les journ\u00e9es d&rsquo;\u00e9t\u00e9.<\/p>\n<p><em>d\u00e9collet\u00e9 rond, fentes lat\u00e9rales<\/em><\/p>","protected":false},"excerpt":{"rendered":"<p>Haut a\u00e9r\u00e9 et ample pour les chaudes temp\u00e9ratures et sorties sportives #tr\u00e8s respirant #coupe d\u00e9contract\u00e9e sportive #enti\u00e8rement fabriqu\u00e9 en polyester recycl\u00e9<\/p>","protected":false},"featured_media":0,"comment_status":"closed","ping_status":"open","template":"","meta":[],"product_brand":[375],"product_cat":[213,704,216],"product_tag":[365,368,422,421],"class_list":["post-37853","product","type-product","status-publish","product_brand-vaude","product_cat-boutique","product_cat-top","product_cat-vetements","product_tag-boutique","product_tag-vente","product_tag-vente-vetement","product_tag-vetement","pa_couleur-dusty-fern","pa_couleur-raspberry","pa_couleur-shore-blue","pa_taille-466","pa_taille-436","pa_taille-437","pa_taille-438","pa_taille-439","pa_taille-440","first","instock","purchasable","product-type-variable"],"_links":{"self":[{"href":"https:\/\/www.tracea.ch\/it\/wp-json\/wp\/v2\/product\/37853","targetHints":{"allow":["GET"]}}],"collection":[{"href":"https:\/\/www.tracea.ch\/it\/wp-json\/wp\/v2\/product"}],"about":[{"href":"https:\/\/www.tracea.ch\/it\/wp-json\/wp\/v2\/types\/product"}],"replies":[{"embeddable":true,"href":"https:\/\/www.tracea.ch\/it\/wp-json\/wp\/v2\/comments?post=37853"}],"version-history":[{"count":1,"href":"https:\/\/www.tracea.ch\/it\/wp-json\/wp\/v2\/product\/37853\/revisions"}],"predecessor-version":[{"id":37854,"href":"https:\/\/www.tracea.ch\/it\/wp-json\/wp\/v2\/product\/37853\/revisions\/37854"}],"wp:attachment":[{"href":"https:\/\/www.tracea.ch\/it\/wp-json\/wp\/v2\/media?parent=37853"}],"wp:term":[{"taxonomy":"product_brand","embeddable":true,"href":"https:\/\/www.tracea.ch\/it\/wp-json\/wp\/v2\/product_brand?post=37853"},{"taxonomy":"product_cat","embeddable":true,"href":"https:\/\/www.tracea.ch\/it\/wp-json\/wp\/v2\/product_cat?post=37853"},{"taxonomy":"product_tag","embeddable":true,"href":"https:\/\/www.tracea.ch\/it\/wp-json\/wp\/v2\/product_tag?post=37853"}],"curies":[{"name":"wp","href":"https:\/\/api.w.org\/{rel}","templated":true}]}}