{"id":38313,"date":"2026-07-08T02:30:06","date_gmt":"2026-07-08T02:30:06","guid":{"rendered":"https:\/\/www.tracea.ch\/boutique\/non%20class\u00e9\/mens-kuro-halfzip-ls-tricot\/"},"modified":"2026-07-08T02:30:42","modified_gmt":"2026-07-08T02:30:42","slug":"mens-kuro-halfzip-ls-tricot","status":"publish","type":"product","link":"https:\/\/www.tracea.ch\/it\/boutique\/mens-kuro-halfzip-ls-tricot\/","title":{"rendered":"Men&rsquo;s Kuro Halfzip LS Tricot"},"content":{"rendered":"<p>Ce maillot cycliste \u00e0 manches longues pour homme transforme les sorties au printemps, en automne et en hiver en de vraies parties de plaisir. De par sa haute teneur en \u00e9lasthanne, ce maillot \u00e0 manches longues chaud gratt\u00e9 \u00e0 l&rsquo;int\u00e9rieur pour homme accompagne tous les mouvements sans pour autant glisser. Le dos avec sa coupe plus longue et une ceinture \u00e9lastique reste parfaitement en place gr\u00e2ce \u00e0 des empi\u00e8cements en silicone. Les mat\u00e9riaux respirants, ultra \u00e9lastiques et \u00e0 s\u00e9chage rapide, le col montant haut avec protection du menton et des poignets \u00e9lastiques et larges sont garants d&rsquo;un confort absolu. Les deux poches dorsales ouvertes sont compl\u00e9t\u00e9es par une poche suppl\u00e9mentaire, s\u00e9curis\u00e9e par un zip, destin\u00e9e \u00e0 la carte de cr\u00e9dit ou aux cl\u00e9s. Selon les conditions m\u00e9t\u00e9orologiques, le maillot cycliste \u00e0 manches longues Kuro pour homme se marie parfaitement avec la veste isolante Kuro et le short isolant Kuro.<\/p>\n<p><em>coupe rallong\u00e9e dans le dos, prot\u00e8ge-menton avec Foldover, mati\u00e8re \u00e9lastique, int\u00e9rieur en mati\u00e8re l\u00e9g\u00e8rement gratt\u00e9e, 2 poches dorsales, 1 poche arri\u00e8re avec zip, poignets et ceinture \u00e9lastiques, ceinture \u00e9lastique avec impression en silicone int\u00e9rieure, col montant<\/em><\/p>","protected":false},"excerpt":{"rendered":"<p>Maillot cycliste chaud Q-Zip \u00e0 manches longues pour homme #respirant, s\u00e8che rapidement, facile d&rsquo;entretien #\u00e9lastique, grand espace de rangement s\u00e9curis\u00e9 #mati\u00e8re principale essentiellement fabriqu\u00e9e en mat\u00e9riaux recycl\u00e9s<\/p>","protected":false},"featured_media":24678,"comment_status":"closed","ping_status":"open","template":"","meta":[],"product_brand":[375],"product_cat":[213,705,216],"product_tag":[365,368,422,421],"class_list":["post-38313","product","type-product","status-publish","has-post-thumbnail","product_brand-vaude","product_cat-boutique","product_cat-maillot-de-velo","product_cat-vetements","product_tag-boutique","product_tag-vente","product_tag-vente-vetement","product_tag-vetement","pa_couleur-black","pa_couleur-deep-pond","pa_couleur-savanna","pa_taille-l","pa_taille-m","pa_taille-s","pa_taille-xl","pa_taille-xxl","pa_taille-xxxl","first","instock","purchasable","product-type-variable"],"_links":{"self":[{"href":"https:\/\/www.tracea.ch\/it\/wp-json\/wp\/v2\/product\/38313","targetHints":{"allow":["GET"]}}],"collection":[{"href":"https:\/\/www.tracea.ch\/it\/wp-json\/wp\/v2\/product"}],"about":[{"href":"https:\/\/www.tracea.ch\/it\/wp-json\/wp\/v2\/types\/product"}],"replies":[{"embeddable":true,"href":"https:\/\/www.tracea.ch\/it\/wp-json\/wp\/v2\/comments?post=38313"}],"version-history":[{"count":1,"href":"https:\/\/www.tracea.ch\/it\/wp-json\/wp\/v2\/product\/38313\/revisions"}],"predecessor-version":[{"id":38314,"href":"https:\/\/www.tracea.ch\/it\/wp-json\/wp\/v2\/product\/38313\/revisions\/38314"}],"wp:featuredmedia":[{"embeddable":true,"href":"https:\/\/www.tracea.ch\/it\/wp-json\/wp\/v2\/media\/24678"}],"wp:attachment":[{"href":"https:\/\/www.tracea.ch\/it\/wp-json\/wp\/v2\/media?parent=38313"}],"wp:term":[{"taxonomy":"product_brand","embeddable":true,"href":"https:\/\/www.tracea.ch\/it\/wp-json\/wp\/v2\/product_brand?post=38313"},{"taxonomy":"product_cat","embeddable":true,"href":"https:\/\/www.tracea.ch\/it\/wp-json\/wp\/v2\/product_cat?post=38313"},{"taxonomy":"product_tag","embeddable":true,"href":"https:\/\/www.tracea.ch\/it\/wp-json\/wp\/v2\/product_tag?post=38313"}],"curies":[{"name":"wp","href":"https:\/\/api.w.org\/{rel}","templated":true}]}}