{"id":38506,"date":"2026-07-08T02:35:41","date_gmt":"2026-07-08T02:35:41","guid":{"rendered":"https:\/\/www.tracea.ch\/boutique\/non%20class\u00e9\/mens-matera-fz-tricot-ii\/"},"modified":"2026-07-08T02:36:51","modified_gmt":"2026-07-08T02:36:51","slug":"mens-matera-fz-tricot-ii","status":"publish","type":"product","link":"https:\/\/www.tracea.ch\/it\/boutique\/mens-matera-fz-tricot-ii\/","title":{"rendered":"Men&rsquo;s Matera FZ Tricot II"},"content":{"rendered":"<p>Le maillot cycliste Matera \u00e0 zip int\u00e9gral pour homme, id\u00e9al sur des trajets agr\u00e9ables, offre un confort au porter \u00e9lev\u00e9. Il repose en toute l\u00e9g\u00e8ret\u00e9 sur les hanches sans serrer et dispose d&rsquo;une bordure \u00e9lastique qui le pr\u00e9destine \u00e0 tous les types de sport cycliste. Sa mati\u00e8re \u00e9lastique, respirante et \u00e0 s\u00e9chage rapide favorise une ventilation optimale en combinaison avec le mesh l\u00e9ger int\u00e9gr\u00e9 aux c\u00f4t\u00e9s. Trois poches dorsales ouvertes permettent un bon acc\u00e8s et le petit col relev\u00e9 vient compl\u00e9ter les prestations de ce maillot multiusage polyvalent. Le label Green Shape de VAUDE garantit un produit \u00e9cologique, fonctionnel et fabriqu\u00e9 dans des mat\u00e9riaux durables.<\/p>\n<p><em>col montant, parties en filet sous les bras, 3 poches dorsales, ourlet avec parties \u00e9lastiques, colourblock<\/em><\/p>","protected":false},"excerpt":{"rendered":"<p>Maillot cycliste zip int\u00e9gral polyvalent pour homme #l\u00e9ger, respirant et \u00e0 s\u00e9chage rapide #mesh ray\u00e9 moderne pour une a\u00e9ration optimale #mati\u00e8re principale fabriqu\u00e9e en polyester recycl\u00e9<\/p>","protected":false},"featured_media":29452,"comment_status":"closed","ping_status":"open","template":"","meta":[],"product_brand":[375],"product_cat":[213,705,216],"product_tag":[365,368,422,421],"class_list":["post-38506","product","type-product","status-publish","has-post-thumbnail","product_brand-vaude","product_cat-boutique","product_cat-maillot-de-velo","product_cat-vetements","product_tag-boutique","product_tag-vente","product_tag-vente-vetement","product_tag-vetement","pa_couleur-agave","pa_couleur-bright-green","pa_couleur-heron","pa_couleur-purple-ash","pa_couleur-radiate-blue","pa_taille-l","pa_taille-m","pa_taille-s","pa_taille-xl","pa_taille-xxl","pa_taille-xxxl","first","instock","purchasable","product-type-variable"],"_links":{"self":[{"href":"https:\/\/www.tracea.ch\/it\/wp-json\/wp\/v2\/product\/38506","targetHints":{"allow":["GET"]}}],"collection":[{"href":"https:\/\/www.tracea.ch\/it\/wp-json\/wp\/v2\/product"}],"about":[{"href":"https:\/\/www.tracea.ch\/it\/wp-json\/wp\/v2\/types\/product"}],"replies":[{"embeddable":true,"href":"https:\/\/www.tracea.ch\/it\/wp-json\/wp\/v2\/comments?post=38506"}],"version-history":[{"count":1,"href":"https:\/\/www.tracea.ch\/it\/wp-json\/wp\/v2\/product\/38506\/revisions"}],"predecessor-version":[{"id":38507,"href":"https:\/\/www.tracea.ch\/it\/wp-json\/wp\/v2\/product\/38506\/revisions\/38507"}],"wp:featuredmedia":[{"embeddable":true,"href":"https:\/\/www.tracea.ch\/it\/wp-json\/wp\/v2\/media\/29452"}],"wp:attachment":[{"href":"https:\/\/www.tracea.ch\/it\/wp-json\/wp\/v2\/media?parent=38506"}],"wp:term":[{"taxonomy":"product_brand","embeddable":true,"href":"https:\/\/www.tracea.ch\/it\/wp-json\/wp\/v2\/product_brand?post=38506"},{"taxonomy":"product_cat","embeddable":true,"href":"https:\/\/www.tracea.ch\/it\/wp-json\/wp\/v2\/product_cat?post=38506"},{"taxonomy":"product_tag","embeddable":true,"href":"https:\/\/www.tracea.ch\/it\/wp-json\/wp\/v2\/product_tag?post=38506"}],"curies":[{"name":"wp","href":"https:\/\/api.w.org\/{rel}","templated":true}]}}