{"id":39703,"date":"2026-07-08T03:14:56","date_gmt":"2026-07-08T03:14:56","guid":{"rendered":"https:\/\/www.tracea.ch\/boutique\/non%20class\u00e9\/mens-hurricane-jacket-iv\/"},"modified":"2026-07-08T03:15:26","modified_gmt":"2026-07-08T03:15:26","slug":"mens-hurricane-jacket-iv","status":"publish","type":"product","link":"https:\/\/www.tracea.ch\/it\/boutique\/mens-hurricane-jacket-iv\/","title":{"rendered":"Men&rsquo;s Hurricane Jacket IV"},"content":{"rendered":"<p>Avis de temp\u00eate \u2013 Et alors ?! La Hurricane Jacket est un classique \u00e9prouv\u00e9 parmi les vestes d&rsquo;\u00e9t\u00e9 softshell coupe-vent. La mati\u00e8re l\u00e9g\u00e8rement extensible et respirante, certifi\u00e9e selon la tr\u00e8s stricte norme environnementale bluesign\u00ae, assure un confort agr\u00e9able o\u00f9 que vous soyez. Gr\u00e2ce \u00e0 sa coupe pr\u00e8s du corps, ce mod\u00e8le est \u00e9galement parfait comme seconde couche sous une veste imperm\u00e9able : eu un mot, un compl\u00e9ment pratique \u00e0 votre garde-robe outdoor.Ce produit est imperm\u00e9abilis\u00e9 avec la finition Eco Finish, \u00e9cologique et sans fluorocarbures (PFC). Le label Green Shape de VAUDE garantit un produit \u00e9cologique, fonctionnel et fabriqu\u00e9 dans des mat\u00e9riaux durables.<\/p>\n<p><em>zip frontal avec rabat int\u00e9rieur, 2 poches frontales avec fermeture \u00e9clair, cordon \u00e0 la ceinture r\u00e9glable par les poches, poignets r\u00e9glables en largeur gr\u00e2ce \u00e0 un velcro<\/em><\/p>","protected":false},"excerpt":{"rendered":"<p>Veste softshell classique pour la randonn\u00e9e #100 % coupe-vent, respirante et d\u00e9perlante #l\u00e9g\u00e8re #fabrication \u00e9cologique<\/p>","protected":false},"featured_media":19949,"comment_status":"closed","ping_status":"open","template":"","meta":[],"product_brand":[375],"product_cat":[213,709,216],"product_tag":[365,368,422,421],"class_list":["post-39703","product","type-product","status-publish","has-post-thumbnail","product_brand-vaude","product_cat-boutique","product_cat-veste","product_cat-vetements","product_tag-boutique","product_tag-vente","product_tag-vente-vetement","product_tag-vetement","pa_couleur-black","pa_couleur-dark-sea-uni","pa_taille-l","pa_taille-m","pa_taille-s","pa_taille-xl","pa_taille-xxl","pa_taille-xxxl","pa_taille-xxxxl","first","instock","purchasable","product-type-variable"],"_links":{"self":[{"href":"https:\/\/www.tracea.ch\/it\/wp-json\/wp\/v2\/product\/39703","targetHints":{"allow":["GET"]}}],"collection":[{"href":"https:\/\/www.tracea.ch\/it\/wp-json\/wp\/v2\/product"}],"about":[{"href":"https:\/\/www.tracea.ch\/it\/wp-json\/wp\/v2\/types\/product"}],"replies":[{"embeddable":true,"href":"https:\/\/www.tracea.ch\/it\/wp-json\/wp\/v2\/comments?post=39703"}],"version-history":[{"count":1,"href":"https:\/\/www.tracea.ch\/it\/wp-json\/wp\/v2\/product\/39703\/revisions"}],"predecessor-version":[{"id":39704,"href":"https:\/\/www.tracea.ch\/it\/wp-json\/wp\/v2\/product\/39703\/revisions\/39704"}],"wp:featuredmedia":[{"embeddable":true,"href":"https:\/\/www.tracea.ch\/it\/wp-json\/wp\/v2\/media\/19949"}],"wp:attachment":[{"href":"https:\/\/www.tracea.ch\/it\/wp-json\/wp\/v2\/media?parent=39703"}],"wp:term":[{"taxonomy":"product_brand","embeddable":true,"href":"https:\/\/www.tracea.ch\/it\/wp-json\/wp\/v2\/product_brand?post=39703"},{"taxonomy":"product_cat","embeddable":true,"href":"https:\/\/www.tracea.ch\/it\/wp-json\/wp\/v2\/product_cat?post=39703"},{"taxonomy":"product_tag","embeddable":true,"href":"https:\/\/www.tracea.ch\/it\/wp-json\/wp\/v2\/product_tag?post=39703"}],"curies":[{"name":"wp","href":"https:\/\/api.w.org\/{rel}","templated":true}]}}