{"id":39857,"date":"2026-07-08T03:18:38","date_gmt":"2026-07-08T03:18:38","guid":{"rendered":"https:\/\/www.tracea.ch\/boutique\/non%20class\u00e9\/kids-kinich-jacket\/"},"modified":"2026-07-08T03:19:33","modified_gmt":"2026-07-08T03:19:33","slug":"kids-kinich-jacket","status":"publish","type":"product","link":"https:\/\/www.tracea.ch\/it\/boutique\/kids-kinich-jacket\/","title":{"rendered":"Kids Kinich Jacket"},"content":{"rendered":"<p>Notre protection l\u00e9g\u00e8re contre les intemp\u00e9ries pour la vie de tous les jours et le sport&nbsp;! Cette veste softshell enfant est id\u00e9ale pour l&rsquo;\u00e9t\u00e9 et la mi-saison. Car elle prot\u00e8ge du vent et des courtes averses tout en restant globalement l\u00e9g\u00e8re et suffisamment respirante pour permettre aux enfants actifs de se sentir bien aussi par temps chaud. Avec deux poches en biais et \u00e9l\u00e9ments r\u00e9fl\u00e9chissants. Les v\u00eatements pour enfants fonctionnels VAUDE ont plus d&rsquo;un atout : mat\u00e9riaux de qualit\u00e9, formes et couleurs adapt\u00e9es aux enfants et fabrication \u00e9cologique. Nous concevons des \u00e9quipements outdoor pour enfants hautement r\u00e9sistants qui peuvent ainsi \u00eatre pass\u00e9s d&rsquo;un enfant \u00e0 un autre. Le label Green Shape de VAUDE garantit un produit \u00e9cologique, fonctionnel et fabriqu\u00e9 dans des mat\u00e9riaux durables.<\/p>\n<p><em>2 poches dans la d\u00e9coupe \u00e0 l&rsquo;avant, zip frontal avec rabat int\u00e9rieur, poignets \u00e9lastiques, capuche mont\u00e9e, logo imprim\u00e9, imprim\u00e9 r\u00e9fl\u00e9chissant, \u00e9tiquette pour le nom jusqu&rsquo;\u00e0 la taille 122\/128<\/em><\/p>","protected":false},"excerpt":{"rendered":"<p>Veste softshell l\u00e9g\u00e8re enfant pour le quotidien et les loisirs #100&nbsp;% coupe-vent, tr\u00e8s respirante et d\u00e9perlante #avec \u00e9l\u00e9ments r\u00e9fl\u00e9chissants #fabrication \u00e9cologique<\/p>","protected":false},"featured_media":20460,"comment_status":"closed","ping_status":"open","template":"","meta":[],"product_brand":[375],"product_cat":[213,709,216],"product_tag":[365,368,422,421],"class_list":["post-39857","product","type-product","status-publish","has-post-thumbnail","product_brand-vaude","product_cat-boutique","product_cat-veste","product_cat-vetements","product_tag-boutique","product_tag-vente","product_tag-vente-vetement","product_tag-vetement","pa_couleur-dark-sea","pa_couleur-hokkaido","pa_couleur-icicle","pa_couleur-magenta","pa_couleur-savanna","pa_couleur-woodland","pa_taille-424","pa_taille-110-116","pa_taille-122-128","pa_taille-134-140","pa_taille-146-152","pa_taille-158-164","first","instock","purchasable","product-type-variable"],"_links":{"self":[{"href":"https:\/\/www.tracea.ch\/it\/wp-json\/wp\/v2\/product\/39857","targetHints":{"allow":["GET"]}}],"collection":[{"href":"https:\/\/www.tracea.ch\/it\/wp-json\/wp\/v2\/product"}],"about":[{"href":"https:\/\/www.tracea.ch\/it\/wp-json\/wp\/v2\/types\/product"}],"replies":[{"embeddable":true,"href":"https:\/\/www.tracea.ch\/it\/wp-json\/wp\/v2\/comments?post=39857"}],"version-history":[{"count":1,"href":"https:\/\/www.tracea.ch\/it\/wp-json\/wp\/v2\/product\/39857\/revisions"}],"predecessor-version":[{"id":39858,"href":"https:\/\/www.tracea.ch\/it\/wp-json\/wp\/v2\/product\/39857\/revisions\/39858"}],"wp:featuredmedia":[{"embeddable":true,"href":"https:\/\/www.tracea.ch\/it\/wp-json\/wp\/v2\/media\/20460"}],"wp:attachment":[{"href":"https:\/\/www.tracea.ch\/it\/wp-json\/wp\/v2\/media?parent=39857"}],"wp:term":[{"taxonomy":"product_brand","embeddable":true,"href":"https:\/\/www.tracea.ch\/it\/wp-json\/wp\/v2\/product_brand?post=39857"},{"taxonomy":"product_cat","embeddable":true,"href":"https:\/\/www.tracea.ch\/it\/wp-json\/wp\/v2\/product_cat?post=39857"},{"taxonomy":"product_tag","embeddable":true,"href":"https:\/\/www.tracea.ch\/it\/wp-json\/wp\/v2\/product_tag?post=39857"}],"curies":[{"name":"wp","href":"https:\/\/api.w.org\/{rel}","templated":true}]}}