{"id":39903,"date":"2026-07-08T03:19:33","date_gmt":"2026-07-08T03:19:33","guid":{"rendered":"https:\/\/www.tracea.ch\/boutique\/non%20class\u00e9\/womens-annecy-down-coat\/"},"modified":"2026-07-08T03:20:15","modified_gmt":"2026-07-08T03:20:15","slug":"womens-annecy-down-coat","status":"publish","type":"product","link":"https:\/\/www.tracea.ch\/it\/boutique\/womens-annecy-down-coat\/","title":{"rendered":"Women&rsquo;s Annecy Down Coat"},"content":{"rendered":"<p>Avec lui, l&rsquo;hiver est v\u00e9ritablement plac\u00e9 sous le signe de l&rsquo;\u00e9l\u00e9gance: le manteau d&rsquo;hiver pour dames haut de gamme satisfait toutes les exigences en termes de fonctionnalit\u00e9 et d&rsquo;esth\u00e9tique. Temp\u00e9ratures glaciales ou rafales de vent glac\u00e9, ce manteau en duvet de canard recycl\u00e9 est pr\u00eat \u00e0 affronter tous les temps en toute \u00e9l\u00e9gance. Le matelassage sp\u00e9cial du manteau \u00e9cologique Women&rsquo;s Annecy Down Coat ne se contente pas de s\u00e9duire sur le plan visuel, mais garantit que l&rsquo;isolation haut de gamme ne glisse pas et ne s&rsquo;agglutine pas. Le manteau reste bien prot\u00e9g\u00e9 m\u00eame en cas de pluies fines gr\u00e2ce \u00e0 l&rsquo;imperm\u00e9abilisation sans fluorocarbures (PFC) Eco Finish respectueuse de l&rsquo;environnement. Un manteau sensationnel pour la ville et les loisirs, pour d\u00e9ambuler entre les \u00e9choppes du march\u00e9 de No\u00ebl, en balade en for\u00eat ou pour se rendre tous les jours au travail. La capuche doubl\u00e9e et ajustable maintient les oreilles bien au chaud et les poignets doux et \u00e9lastiques ne laissent pas passer le vent froid. Ce manteau d&rsquo;hiver est imperm\u00e9abilis\u00e9 avec la finition Eco Finish, \u00e9cologique et sans fluorocarbures (PFC).<\/p>\n<p><em>garnissage en duvet  , capuche mont\u00e9e et r\u00e9glable en largeur, zip frontal avec rabat int\u00e9rieur, 2 poches frontales avec fermeture \u00e9clair, 1poche int\u00e9rieure<\/em><\/p>","protected":false},"excerpt":{"rendered":"<p>Manteau d&rsquo;hiver chaud avec garniture en duvet recycl\u00e9 #\u00e9l\u00e9gance intemporelle #d\u00e9perlant et anti-salissures #l\u00e9ger et tr\u00e8s confortable #fabrication \u00e9cologique<\/p>","protected":false},"featured_media":20542,"comment_status":"closed","ping_status":"open","template":"","meta":[],"product_brand":[375],"product_cat":[213,709,216],"product_tag":[365,368,422,421],"class_list":["post-39903","product","type-product","status-publish","has-post-thumbnail","product_brand-vaude","product_cat-boutique","product_cat-veste","product_cat-vetements","product_tag-boutique","product_tag-vente","product_tag-vente-vetement","product_tag-vetement","pa_couleur-black-uni","pa_couleur-dark-sea-uni","pa_couleur-deep-pond","pa_taille-436","pa_taille-437","pa_taille-438","pa_taille-439","pa_taille-440","pa_taille-441","first","instock","purchasable","product-type-variable"],"_links":{"self":[{"href":"https:\/\/www.tracea.ch\/it\/wp-json\/wp\/v2\/product\/39903","targetHints":{"allow":["GET"]}}],"collection":[{"href":"https:\/\/www.tracea.ch\/it\/wp-json\/wp\/v2\/product"}],"about":[{"href":"https:\/\/www.tracea.ch\/it\/wp-json\/wp\/v2\/types\/product"}],"replies":[{"embeddable":true,"href":"https:\/\/www.tracea.ch\/it\/wp-json\/wp\/v2\/comments?post=39903"}],"version-history":[{"count":1,"href":"https:\/\/www.tracea.ch\/it\/wp-json\/wp\/v2\/product\/39903\/revisions"}],"predecessor-version":[{"id":39904,"href":"https:\/\/www.tracea.ch\/it\/wp-json\/wp\/v2\/product\/39903\/revisions\/39904"}],"wp:featuredmedia":[{"embeddable":true,"href":"https:\/\/www.tracea.ch\/it\/wp-json\/wp\/v2\/media\/20542"}],"wp:attachment":[{"href":"https:\/\/www.tracea.ch\/it\/wp-json\/wp\/v2\/media?parent=39903"}],"wp:term":[{"taxonomy":"product_brand","embeddable":true,"href":"https:\/\/www.tracea.ch\/it\/wp-json\/wp\/v2\/product_brand?post=39903"},{"taxonomy":"product_cat","embeddable":true,"href":"https:\/\/www.tracea.ch\/it\/wp-json\/wp\/v2\/product_cat?post=39903"},{"taxonomy":"product_tag","embeddable":true,"href":"https:\/\/www.tracea.ch\/it\/wp-json\/wp\/v2\/product_tag?post=39903"}],"curies":[{"name":"wp","href":"https:\/\/api.w.org\/{rel}","templated":true}]}}