{"id":40005,"date":"2026-07-08T03:22:03","date_gmt":"2026-07-08T03:22:03","guid":{"rendered":"https:\/\/www.tracea.ch\/boutique\/non%20class\u00e9\/mens-cyclist-padded-parka\/"},"modified":"2026-07-08T03:22:41","modified_gmt":"2026-07-08T03:22:41","slug":"mens-cyclist-padded-parka","status":"publish","type":"product","link":"https:\/\/www.tracea.ch\/it\/boutique\/mens-cyclist-padded-parka\/","title":{"rendered":"Men&rsquo;s Cyclist padded Parka"},"content":{"rendered":"<p>Une tenue parfaite pour p\u00e9daler \u00e0 travers la ville. Ce manteau d&rsquo;hiver chaud et doubl\u00e9 avec le rembourrage l\u00e9ger et fonctionnel PrimaLoft\u00ae Black Eco est un v\u00e9ritable multitalent. La membrane Ceplex Active\u00ae prot\u00e8ge efficacement contre les brusques changements de temps en automne et en hiver. Un zip bidirectionnel et une fente au dos facilitent les trajets pour se rendre au travail ou retrouver des amis. Un manteau d&rsquo;hiver homme confortable et facile d&rsquo;entretien avec une poche int\u00e9rieure, deux poches zipp\u00e9es externes, une capuche r\u00e9glable en largeur et des \u00e9l\u00e9ments r\u00e9fl\u00e9chissants dissimul\u00e9s, qui peuvent devenir visibles en cas de besoin. Ce manteau d\u00e9di\u00e9 aux trajets domicile-travail et aux loisirs est imperm\u00e9abilis\u00e9 avec la finition Eco Finish, \u00e9cologique et sans fluorocarbures (PFC). Le label Green Shape de VAUDE garantit un produit \u00e9cologique, fonctionnel et fabriqu\u00e9 dans des mat\u00e9riaux durables certifi\u00e9s bluesign\u00ae.<\/p>\n<p><em>mati\u00e8re double \u00e9paisseur, manches pr\u00e9form\u00e9es, 2 poches frontales avec fermeture \u00e9clair, 1poche int\u00e9rieure, 2 zip double-sens avec rabat frontal simple \u00e0 l&rsquo;avant, poignets partiellement \u00e9lastiques, capuche mont\u00e9e et r\u00e9glable en largeur, fente \u00e0 l&rsquo;arri\u00e8re dans la ceinture, \u00e9l\u00e9ments r\u00e9fl\u00e9chissants<\/em><\/p>","protected":false},"excerpt":{"rendered":"<p>Manteau d&rsquo;hiver chaud pour le v\u00e9lo #\u00e9tanche \u00e0 l&rsquo;eau et au vent #respirantt #fabrication \u00e9cologique<\/p>","protected":false},"featured_media":20586,"comment_status":"closed","ping_status":"open","template":"","meta":[],"product_brand":[375],"product_cat":[213,709,216],"product_tag":[365,368,422,421],"class_list":["post-40005","product","type-product","status-publish","has-post-thumbnail","product_brand-vaude","product_cat-boutique","product_cat-veste","product_cat-vetements","product_tag-boutique","product_tag-vente","product_tag-vente-vetement","product_tag-vetement","pa_couleur-black","pa_couleur-dark-sea-uni","pa_couleur-savanna","pa_taille-l","pa_taille-m","pa_taille-s","pa_taille-xl","pa_taille-xxl","pa_taille-xxxl","first","instock","purchasable","product-type-variable"],"_links":{"self":[{"href":"https:\/\/www.tracea.ch\/it\/wp-json\/wp\/v2\/product\/40005","targetHints":{"allow":["GET"]}}],"collection":[{"href":"https:\/\/www.tracea.ch\/it\/wp-json\/wp\/v2\/product"}],"about":[{"href":"https:\/\/www.tracea.ch\/it\/wp-json\/wp\/v2\/types\/product"}],"replies":[{"embeddable":true,"href":"https:\/\/www.tracea.ch\/it\/wp-json\/wp\/v2\/comments?post=40005"}],"version-history":[{"count":1,"href":"https:\/\/www.tracea.ch\/it\/wp-json\/wp\/v2\/product\/40005\/revisions"}],"predecessor-version":[{"id":40006,"href":"https:\/\/www.tracea.ch\/it\/wp-json\/wp\/v2\/product\/40005\/revisions\/40006"}],"wp:featuredmedia":[{"embeddable":true,"href":"https:\/\/www.tracea.ch\/it\/wp-json\/wp\/v2\/media\/20586"}],"wp:attachment":[{"href":"https:\/\/www.tracea.ch\/it\/wp-json\/wp\/v2\/media?parent=40005"}],"wp:term":[{"taxonomy":"product_brand","embeddable":true,"href":"https:\/\/www.tracea.ch\/it\/wp-json\/wp\/v2\/product_brand?post=40005"},{"taxonomy":"product_cat","embeddable":true,"href":"https:\/\/www.tracea.ch\/it\/wp-json\/wp\/v2\/product_cat?post=40005"},{"taxonomy":"product_tag","embeddable":true,"href":"https:\/\/www.tracea.ch\/it\/wp-json\/wp\/v2\/product_tag?post=40005"}],"curies":[{"name":"wp","href":"https:\/\/api.w.org\/{rel}","templated":true}]}}