{"id":43738,"date":"2026-07-08T11:22:23","date_gmt":"2026-07-08T11:22:23","guid":{"rendered":"https:\/\/www.tracea.ch\/boutique\/non%20class\u00e9\/womens-mineo-2l-jacket-ii\/"},"modified":"2026-07-08T11:23:17","modified_gmt":"2026-07-08T11:23:17","slug":"womens-mineo-2l-jacket-ii","status":"publish","type":"product","link":"https:\/\/www.tracea.ch\/it\/boutique\/womens-mineo-2l-jacket-ii\/","title":{"rendered":"Women&rsquo;s Mineo 2L Jacket II"},"content":{"rendered":"<p>Veste imperm\u00e9able tendance de coupe allong\u00e9e pour femmes. La mati\u00e8re \u00e9tanche au vent et \u00e0 l&rsquo;eau prot\u00e8ge efficacement en cas de pluie et d&rsquo;intemp\u00e9ries, la membrane respirante de la veste Women&rsquo;s 2L Jacket garantit un climat corporel agr\u00e9able et \u00e9quilibr\u00e9. La veste compl\u00e8te peut se faire toute petite dans sa propre poche int\u00e9rieure \u2013 et trouve ainsi de la place dans tout sac ou le trolley de voyage. Un compagnon de ville l\u00e9ger et polyvalent, \u00e0 emporter tous les jours sur son chemin quotidien \u00e0 v\u00e9lo gr\u00e2ce \u00e0 des d\u00e9tails ing\u00e9nieux comme le zip bidirectionnel, des \u00e9l\u00e9ments imprim\u00e9s r\u00e9fl\u00e9chissants et des fentes d&rsquo;a\u00e9ration. La mati\u00e8re principale certifi\u00e9e bluesign\u00ae est essentiellement compos\u00e9e d&rsquo;un polyester recycl\u00e9, ce qui contribue \u00e0 la pr\u00e9servation des ressources. Le label Green Shape de VAUDE garantit un produit \u00e9cologique, fonctionnel et fabriqu\u00e9 dans des mat\u00e9riaux durables.<\/p>\n<p><em>mati\u00e8re double \u00e9paisseur, doublure en deux parties, partie sup\u00e9rieure en filet, partie inf\u00e9rieure, manches et capuche en taffetas, capuche mont\u00e9e et r\u00e9glable en largeur, fermeture avant avec glissi\u00e8re et boutons, poches avant et ventilation int\u00e9gr\u00e9e dans un zip bidirectionnel, Poche int\u00e9rieure de rangement, ventilation dorsale, poignets partiellement \u00e9lastiques, \u00e9l\u00e9ments r\u00e9fl\u00e9chissants<\/em><\/p>","protected":false},"excerpt":{"rendered":"<p>Veste l\u00e9g\u00e8re et imperm\u00e9able pour le quotidien urbain moderne #mati\u00e8re \u00e9tanche au vent et \u00e0 l&rsquo;eau #se range enti\u00e8rement dans la veste int\u00e9rieure #compos\u00e9 principalement de mat\u00e9riaux recycl\u00e9s pour pr\u00e9server les ressources<\/p>","protected":false},"featured_media":21257,"comment_status":"closed","ping_status":"open","template":"","meta":[],"product_brand":[375],"product_cat":[213,709,216],"product_tag":[365,368,422,421],"class_list":["post-43738","product","type-product","status-publish","has-post-thumbnail","product_brand-vaude","product_cat-boutique","product_cat-veste","product_cat-vetements","product_tag-boutique","product_tag-vente","product_tag-vente-vetement","product_tag-vetement","pa_couleur-dark-sea-uni","pa_couleur-dusty-fern","pa_couleur-lavender","pa_taille-466","pa_taille-436","pa_taille-437","pa_taille-438","pa_taille-439","pa_taille-440","pa_taille-441","first","instock","purchasable","product-type-variable"],"_links":{"self":[{"href":"https:\/\/www.tracea.ch\/it\/wp-json\/wp\/v2\/product\/43738","targetHints":{"allow":["GET"]}}],"collection":[{"href":"https:\/\/www.tracea.ch\/it\/wp-json\/wp\/v2\/product"}],"about":[{"href":"https:\/\/www.tracea.ch\/it\/wp-json\/wp\/v2\/types\/product"}],"replies":[{"embeddable":true,"href":"https:\/\/www.tracea.ch\/it\/wp-json\/wp\/v2\/comments?post=43738"}],"version-history":[{"count":1,"href":"https:\/\/www.tracea.ch\/it\/wp-json\/wp\/v2\/product\/43738\/revisions"}],"predecessor-version":[{"id":43739,"href":"https:\/\/www.tracea.ch\/it\/wp-json\/wp\/v2\/product\/43738\/revisions\/43739"}],"wp:featuredmedia":[{"embeddable":true,"href":"https:\/\/www.tracea.ch\/it\/wp-json\/wp\/v2\/media\/21257"}],"wp:attachment":[{"href":"https:\/\/www.tracea.ch\/it\/wp-json\/wp\/v2\/media?parent=43738"}],"wp:term":[{"taxonomy":"product_brand","embeddable":true,"href":"https:\/\/www.tracea.ch\/it\/wp-json\/wp\/v2\/product_brand?post=43738"},{"taxonomy":"product_cat","embeddable":true,"href":"https:\/\/www.tracea.ch\/it\/wp-json\/wp\/v2\/product_cat?post=43738"},{"taxonomy":"product_tag","embeddable":true,"href":"https:\/\/www.tracea.ch\/it\/wp-json\/wp\/v2\/product_tag?post=43738"}],"curies":[{"name":"wp","href":"https:\/\/api.w.org\/{rel}","templated":true}]}}