{"id":43896,"date":"2026-07-08T11:27:03","date_gmt":"2026-07-08T11:27:03","guid":{"rendered":"https:\/\/www.tracea.ch\/boutique\/non%20class\u00e9\/mens-elope-hybrid-jacket\/"},"modified":"2026-07-08T11:27:47","modified_gmt":"2026-07-08T11:27:47","slug":"mens-elope-hybrid-jacket","status":"publish","type":"product","link":"https:\/\/www.tracea.ch\/it\/boutique\/mens-elope-hybrid-jacket\/","title":{"rendered":"Men&rsquo;s Elope Hybrid Jacket"},"content":{"rendered":"<p>Super climat \u2013 la veste homme hybride Elope \u00e9cologique et sportive offre la combinaison id\u00e9ale d&rsquo;une protection thermique associ\u00e9e \u00e0 la respirabilit\u00e9 avec son m\u00e9lange de mati\u00e8res compos\u00e9 d&rsquo;une polaire Stormfleece \u00e9lastique et perm\u00e9able \u00e0 la vapeur aux manches et de son garnissage synth\u00e9tique chaud similaire au duvet au torse. La mati\u00e8re hybride confortable et fonctionnelle n&rsquo;assure pas seulement un climat corporel \u00e9quilibr\u00e9 sur les randonn\u00e9es ambitieuses en hiver, mais elle est encore du plus bel effet. La veste \u00e0 capuche homme est dot\u00e9e de deux poches en biais zipp\u00e9es, d&rsquo;une poche zipp\u00e9e sur la poitrine, de poignets \u00e9lastiques et d&rsquo;un r\u00e9glage de capuche pratique. La veste Men&rsquo;s Elope Hybrid est fabriqu\u00e9e en mat\u00e9riau recycl\u00e9 favorable au climat. Une belle couche interm\u00e9diaire qui peut se porter en solo \u00e0 la mi-saison ou sous une couche hardshell en hiver. Le label Green Shape de VAUDE garantit un produit \u00e9cologique, fonctionnel et fabriqu\u00e9 dans des mat\u00e9riaux durables certifi\u00e9s bluesign\u00ae.<\/p>\n<p><em>capuche mont\u00e9e et r\u00e9glable en largeur, zip frontal avec rabat int\u00e9rieur, 1 poche poitrine avec zipp\u00e9e, 2 poches frontales avec fermeture \u00e9clair, cordon \u00e0 la ceinture r\u00e9glable par les poches, poignets partiellement \u00e9lastiques,<\/em><\/p>","protected":false},"excerpt":{"rendered":"<p>Veste homme hybride chaude et \u00e9lastique pour la randonn\u00e9e et le quotidien #technique et favorise la r\u00e9gulation thermique #m\u00e9lange de polaire respirante et d&rsquo;un garnissage synth\u00e9tique similaire au duvet #fabrication en mat\u00e9riau recycl\u00e9<\/p>","protected":false},"featured_media":21327,"comment_status":"closed","ping_status":"open","template":"","meta":[],"product_brand":[375],"product_cat":[213,709,216],"product_tag":[365,368,422,421],"class_list":["post-43896","product","type-product","status-publish","has-post-thumbnail","product_brand-vaude","product_cat-boutique","product_cat-veste","product_cat-vetements","product_tag-boutique","product_tag-vente","product_tag-vente-vetement","product_tag-vetement","pa_couleur-black","pa_couleur-carmine","pa_couleur-khaki","pa_taille-l","pa_taille-m","pa_taille-s","pa_taille-xl","pa_taille-xxl","pa_taille-xxxl","first","instock","purchasable","product-type-variable"],"_links":{"self":[{"href":"https:\/\/www.tracea.ch\/it\/wp-json\/wp\/v2\/product\/43896","targetHints":{"allow":["GET"]}}],"collection":[{"href":"https:\/\/www.tracea.ch\/it\/wp-json\/wp\/v2\/product"}],"about":[{"href":"https:\/\/www.tracea.ch\/it\/wp-json\/wp\/v2\/types\/product"}],"replies":[{"embeddable":true,"href":"https:\/\/www.tracea.ch\/it\/wp-json\/wp\/v2\/comments?post=43896"}],"version-history":[{"count":1,"href":"https:\/\/www.tracea.ch\/it\/wp-json\/wp\/v2\/product\/43896\/revisions"}],"predecessor-version":[{"id":43897,"href":"https:\/\/www.tracea.ch\/it\/wp-json\/wp\/v2\/product\/43896\/revisions\/43897"}],"wp:featuredmedia":[{"embeddable":true,"href":"https:\/\/www.tracea.ch\/it\/wp-json\/wp\/v2\/media\/21327"}],"wp:attachment":[{"href":"https:\/\/www.tracea.ch\/it\/wp-json\/wp\/v2\/media?parent=43896"}],"wp:term":[{"taxonomy":"product_brand","embeddable":true,"href":"https:\/\/www.tracea.ch\/it\/wp-json\/wp\/v2\/product_brand?post=43896"},{"taxonomy":"product_cat","embeddable":true,"href":"https:\/\/www.tracea.ch\/it\/wp-json\/wp\/v2\/product_cat?post=43896"},{"taxonomy":"product_tag","embeddable":true,"href":"https:\/\/www.tracea.ch\/it\/wp-json\/wp\/v2\/product_tag?post=43896"}],"curies":[{"name":"wp","href":"https:\/\/api.w.org\/{rel}","templated":true}]}}