{"id":44172,"date":"2026-07-08T11:35:28","date_gmt":"2026-07-08T11:35:28","guid":{"rendered":"https:\/\/www.tracea.ch\/boutique\/non%20class\u00e9\/mens-kuro-air-jacket\/"},"modified":"2026-07-08T11:35:54","modified_gmt":"2026-07-08T11:35:54","slug":"mens-kuro-air-jacket","status":"publish","type":"product","link":"https:\/\/www.tracea.ch\/it\/boutique\/mens-kuro-air-jacket\/","title":{"rendered":"Men&rsquo;s Kuro Air Jacket"},"content":{"rendered":"<p>C&rsquo;est un travail de pros! La veste coupe-vent sp\u00e9cialement con\u00e7ue pour r\u00e9pondre aux besoins des adeptes du gravel ou du v\u00e9lo de course bat des records de performance: malgr\u00e9 son poids plume et sa dimension compacte, elle offre un grand espace de rangement avec 3poches s\u00e9curis\u00e9es par une fermeture \u00e0 glissi\u00e8re. Le mat\u00e9riau principal \u00e9tanche au vent, respirant et compos\u00e9 \u00e0 100% de polyester recycl\u00e9 est compl\u00e9t\u00e9 au niveau des \u00e9paules et du cou ainsi qu&rsquo;aux poignets par une mati\u00e8re respirante tr\u00e8s \u00e9lastique pour garantir la meilleure performance. Des \u00e9l\u00e9ments r\u00e9fl\u00e9chissants d\u00e9coratifs sont dispos\u00e9s \u00e0 des endroits strat\u00e9giques. La veste coupe-vent de coupe sportive et allong\u00e9e au dos, certifi\u00e9e bluesign\u00ae, vous accompagne du printemps \u00e0 l&rsquo;automne et se marie avec tous les membres de la famille Kuro: maillot Kuro, Kuro Tights ou Kuro Shorts. Le label Green Shape de VAUDE garantit un produit \u00e9cologique, fonctionnel et fabriqu\u00e9 dans des mat\u00e9riaux durables.<\/p>\n<p><em>manches pr\u00e9form\u00e9es, coupe rallong\u00e9e dans le dos, parties en stretch, 1 poche poitrine avec zipp\u00e9e, 2 poches frontales avec fermeture \u00e9clair, poignets et ceinture \u00e9lastiques, \u00e9l\u00e9ments r\u00e9flecteurs dans la partie dorsale<\/em><\/p>","protected":false},"excerpt":{"rendered":"<p>Veste coupe-vent ultrafonctionnelle homme pour le gravel #l\u00e9g\u00e8re, respirante, \u00e0 s\u00e9chage rapide #grand espace de rangement s\u00e9curis\u00e9 gr\u00e2ce aux poches zipp\u00e9es #haute teneur en mat\u00e9riau recycl\u00e9<\/p>","protected":false},"featured_media":21463,"comment_status":"closed","ping_status":"open","template":"","meta":[],"product_brand":[375],"product_cat":[213,709,216],"product_tag":[365,368,422,421],"class_list":["post-44172","product","type-product","status-publish","has-post-thumbnail","product_brand-vaude","product_cat-boutique","product_cat-veste","product_cat-vetements","product_tag-boutique","product_tag-vente","product_tag-vente-vetement","product_tag-vetement","pa_couleur-khaki","pa_couleur-kurkuma","pa_taille-l","pa_taille-m","pa_taille-s","pa_taille-xl","pa_taille-xxl","first","instock","purchasable","product-type-variable"],"_links":{"self":[{"href":"https:\/\/www.tracea.ch\/it\/wp-json\/wp\/v2\/product\/44172","targetHints":{"allow":["GET"]}}],"collection":[{"href":"https:\/\/www.tracea.ch\/it\/wp-json\/wp\/v2\/product"}],"about":[{"href":"https:\/\/www.tracea.ch\/it\/wp-json\/wp\/v2\/types\/product"}],"replies":[{"embeddable":true,"href":"https:\/\/www.tracea.ch\/it\/wp-json\/wp\/v2\/comments?post=44172"}],"version-history":[{"count":1,"href":"https:\/\/www.tracea.ch\/it\/wp-json\/wp\/v2\/product\/44172\/revisions"}],"predecessor-version":[{"id":44173,"href":"https:\/\/www.tracea.ch\/it\/wp-json\/wp\/v2\/product\/44172\/revisions\/44173"}],"wp:featuredmedia":[{"embeddable":true,"href":"https:\/\/www.tracea.ch\/it\/wp-json\/wp\/v2\/media\/21463"}],"wp:attachment":[{"href":"https:\/\/www.tracea.ch\/it\/wp-json\/wp\/v2\/media?parent=44172"}],"wp:term":[{"taxonomy":"product_brand","embeddable":true,"href":"https:\/\/www.tracea.ch\/it\/wp-json\/wp\/v2\/product_brand?post=44172"},{"taxonomy":"product_cat","embeddable":true,"href":"https:\/\/www.tracea.ch\/it\/wp-json\/wp\/v2\/product_cat?post=44172"},{"taxonomy":"product_tag","embeddable":true,"href":"https:\/\/www.tracea.ch\/it\/wp-json\/wp\/v2\/product_tag?post=44172"}],"curies":[{"name":"wp","href":"https:\/\/api.w.org\/{rel}","templated":true}]}}