{"id":44232,"date":"2026-07-08T11:36:56","date_gmt":"2026-07-08T11:36:56","guid":{"rendered":"https:\/\/www.tracea.ch\/boutique\/non%20class\u00e9\/womens-neyland-wind-jacket\/"},"modified":"2026-07-08T11:38:13","modified_gmt":"2026-07-08T11:38:13","slug":"womens-neyland-wind-jacket","status":"publish","type":"product","link":"https:\/\/www.tracea.ch\/it\/boutique\/womens-neyland-wind-jacket\/","title":{"rendered":"Women&rsquo;s Neyland Wind Jacket"},"content":{"rendered":"<p>Indispensable \u00e0 chaque sortie&nbsp;! Veste coupe-vent l\u00e9g\u00e8re en mat\u00e9riau recycl\u00e9 fin et hautement \u00e9lastique, qui se plie pour adopter une dimension compacte. Fabriqu\u00e9e \u00e0 88&nbsp;% en polyester recycl\u00e9 et 12&nbsp;% en \u00e9lasthanne, la veste affiche une \u00e9lasticit\u00e9 extr\u00eame et accompagne tous les mouvements sans compromis. Elle s&rsquo;adapte \u00e0 chaque sac \u00e0 dos et pratiquement \u00e0 toutes les situations&nbsp;: que ce soit sur une randonn\u00e9e rapide en montagne, au sport en plein-air ou en soir\u00e9e autour d&rsquo;un feu de camp. D\u00e8s que la veste polaire devient trop chaude, la veste coupe-vent vient fort \u00e0 propos. La mati\u00e8re hautement respirante assure un climat corporel optimal de bout en bout. La ceinture ajustable et les poignets partiellement \u00e9lastiques permettent de bien ajuster la veste de mani\u00e8re individuelle. La capuche peut \u00eatre d\u00e9plac\u00e9e d&rsquo;une seule main et affronter un crachin car la mati\u00e8re softshell est pourvue de la finition d\u00e9perlante EcoFinish. Les deux poches zipp\u00e9es permettent de conserver des cl\u00e9s, un mobile et de l&rsquo;argent en toute s\u00e9curit\u00e9. Le label Green Shape de VAUDE garantit un produit \u00e9cologique, fonctionnel et fabriqu\u00e9 dans des mat\u00e9riaux durables certifi\u00e9s bluesign\u00ae.<\/p>\n<p><em>zip frontal avec rabat int\u00e9rieur, capuche mont\u00e9e et r\u00e9glable en largeur, manches pr\u00e9form\u00e9es, cordon \u00e0 la ceinture r\u00e9glable par les poches, poignets \u00e9lastiques<\/em><\/p>","protected":false},"excerpt":{"rendered":"<p>Veste coupe-vent l\u00e9g\u00e8re et \u00e9lastique compacte pour la randonn\u00e9e et les loisirs # coupe-vent et d\u00e9perlante, hautement respirante # compacte #composition principale en mat\u00e9riaux recycl\u00e9s<\/p>","protected":false},"featured_media":21487,"comment_status":"closed","ping_status":"open","template":"","meta":[],"product_brand":[375],"product_cat":[213,709,216],"product_tag":[365,368,422,421],"class_list":["post-44232","product","type-product","status-publish","has-post-thumbnail","product_brand-vaude","product_cat-boutique","product_cat-veste","product_cat-vetements","product_tag-boutique","product_tag-vente","product_tag-vente-vetement","product_tag-vetement","pa_couleur-brick","pa_couleur-dusty-fern","pa_couleur-mulberry","pa_couleur-shore-blue","pa_taille-466","pa_taille-436","pa_taille-437","pa_taille-438","pa_taille-439","pa_taille-440","pa_taille-441","first","instock","purchasable","product-type-variable"],"_links":{"self":[{"href":"https:\/\/www.tracea.ch\/it\/wp-json\/wp\/v2\/product\/44232","targetHints":{"allow":["GET"]}}],"collection":[{"href":"https:\/\/www.tracea.ch\/it\/wp-json\/wp\/v2\/product"}],"about":[{"href":"https:\/\/www.tracea.ch\/it\/wp-json\/wp\/v2\/types\/product"}],"replies":[{"embeddable":true,"href":"https:\/\/www.tracea.ch\/it\/wp-json\/wp\/v2\/comments?post=44232"}],"version-history":[{"count":1,"href":"https:\/\/www.tracea.ch\/it\/wp-json\/wp\/v2\/product\/44232\/revisions"}],"predecessor-version":[{"id":44233,"href":"https:\/\/www.tracea.ch\/it\/wp-json\/wp\/v2\/product\/44232\/revisions\/44233"}],"wp:featuredmedia":[{"embeddable":true,"href":"https:\/\/www.tracea.ch\/it\/wp-json\/wp\/v2\/media\/21487"}],"wp:attachment":[{"href":"https:\/\/www.tracea.ch\/it\/wp-json\/wp\/v2\/media?parent=44232"}],"wp:term":[{"taxonomy":"product_brand","embeddable":true,"href":"https:\/\/www.tracea.ch\/it\/wp-json\/wp\/v2\/product_brand?post=44232"},{"taxonomy":"product_cat","embeddable":true,"href":"https:\/\/www.tracea.ch\/it\/wp-json\/wp\/v2\/product_cat?post=44232"},{"taxonomy":"product_tag","embeddable":true,"href":"https:\/\/www.tracea.ch\/it\/wp-json\/wp\/v2\/product_tag?post=44232"}],"curies":[{"name":"wp","href":"https:\/\/api.w.org\/{rel}","templated":true}]}}