{"id":44312,"date":"2026-07-08T11:39:46","date_gmt":"2026-07-08T11:39:46","guid":{"rendered":"https:\/\/www.tracea.ch\/boutique\/non%20class\u00e9\/kids-moab-stretch-jacket\/"},"modified":"2026-07-08T11:40:33","modified_gmt":"2026-07-08T11:40:33","slug":"kids-moab-stretch-jacket","status":"publish","type":"product","link":"https:\/\/www.tracea.ch\/it\/boutique\/kids-moab-stretch-jacket\/","title":{"rendered":"Kids Moab Stretch Jacket"},"content":{"rendered":"<p>Veste outdoor sportive, tr\u00e8s confortable pour les petits amoureux de la nature : la veste polyvalente Kids Moab Stretch Jacket accompagne tous les mouvements avec sa haute teneur en \u00e9lasthanne de 12 %, en montagne, sur la selle ou en escalade. Le mat\u00e9riau recycl\u00e9 \u00e9cologique et certifi\u00e9 bluesign\u00ae est l\u00e9ger, facile d&rsquo;entretien et respirant, sans oublier ses propri\u00e9t\u00e9s l\u00e9g\u00e8rement d\u00e9perlantes et coupe-vent. Les poignets et la capuche retiennent la chaleur pr\u00e8s du corps contre les rafales de vent et les poches en biais avec fermeture \u00e0 glissi\u00e8re conservent les petites trouvailles en toute s\u00e9curit\u00e9. En outre, la veste est munie d&rsquo;\u00e9l\u00e9ments bien visibles et r\u00e9fl\u00e9chissants aux manches et au dos ainsi que d&rsquo;une a\u00e9ration suppl\u00e9mentaire dans le dos. Sa dimension compacte permet d&rsquo;enfouir la veste dans n&rsquo;importe-quel sac \u00e0 dos et cartable pour offrir une parfaite protection contre les intemp\u00e9ries en cas de brouillard et de crachin.Le label Green Shape de VAUDE garantit un produit \u00e9cologique, fonctionnel et fabriqu\u00e9 dans des mat\u00e9riaux durables.<\/p>\n<p><em>manches pr\u00e9form\u00e9es, 2 poches frontales avec fermeture \u00e9clair, zip frontal avec rabat int\u00e9rieur, prot\u00e8ge-menton avec Foldover, capuche mont\u00e9e, bord de la capuche en Lycra, \u00e9tiquette pour le nom jusqu&rsquo;\u00e0 la taille 122\/128<\/em><\/p>","protected":false},"excerpt":{"rendered":"<p>Veste outdoor enfant l\u00e9g\u00e8re et \u00e9lastique pour la randonn\u00e9e, le cyclotourisme et le quotidien # l\u00e9g\u00e8rement coupe-vent et d\u00e9perlante, respirante # facile d&rsquo;entretien et \u00e0 s\u00e9chage rapide #fabrication en mat\u00e9riau recycl\u00e9<\/p>","protected":false},"featured_media":21681,"comment_status":"closed","ping_status":"open","template":"","meta":[],"product_brand":[375],"product_cat":[213,709,216],"product_tag":[365,368,422,421],"class_list":["post-44312","product","type-product","status-publish","has-post-thumbnail","product_brand-vaude","product_cat-boutique","product_cat-veste","product_cat-vetements","product_tag-boutique","product_tag-vente","product_tag-vente-vetement","product_tag-vetement","pa_couleur-chute-green","pa_couleur-dark-sea","pa_couleur-light-leaf","pa_couleur-redeva","pa_couleur-woodland","pa_taille-424","pa_taille-110-116","pa_taille-122-128","pa_taille-134-140","pa_taille-146-152","pa_taille-158-164","first","instock","purchasable","product-type-variable"],"_links":{"self":[{"href":"https:\/\/www.tracea.ch\/it\/wp-json\/wp\/v2\/product\/44312","targetHints":{"allow":["GET"]}}],"collection":[{"href":"https:\/\/www.tracea.ch\/it\/wp-json\/wp\/v2\/product"}],"about":[{"href":"https:\/\/www.tracea.ch\/it\/wp-json\/wp\/v2\/types\/product"}],"replies":[{"embeddable":true,"href":"https:\/\/www.tracea.ch\/it\/wp-json\/wp\/v2\/comments?post=44312"}],"version-history":[{"count":1,"href":"https:\/\/www.tracea.ch\/it\/wp-json\/wp\/v2\/product\/44312\/revisions"}],"predecessor-version":[{"id":44314,"href":"https:\/\/www.tracea.ch\/it\/wp-json\/wp\/v2\/product\/44312\/revisions\/44314"}],"wp:featuredmedia":[{"embeddable":true,"href":"https:\/\/www.tracea.ch\/it\/wp-json\/wp\/v2\/media\/21681"}],"wp:attachment":[{"href":"https:\/\/www.tracea.ch\/it\/wp-json\/wp\/v2\/media?parent=44312"}],"wp:term":[{"taxonomy":"product_brand","embeddable":true,"href":"https:\/\/www.tracea.ch\/it\/wp-json\/wp\/v2\/product_brand?post=44312"},{"taxonomy":"product_cat","embeddable":true,"href":"https:\/\/www.tracea.ch\/it\/wp-json\/wp\/v2\/product_cat?post=44312"},{"taxonomy":"product_tag","embeddable":true,"href":"https:\/\/www.tracea.ch\/it\/wp-json\/wp\/v2\/product_tag?post=44312"}],"curies":[{"name":"wp","href":"https:\/\/api.w.org\/{rel}","templated":true}]}}