{"id":44350,"date":"2026-07-08T11:40:33","date_gmt":"2026-07-08T11:40:33","guid":{"rendered":"https:\/\/www.tracea.ch\/boutique\/non%20class\u00e9\/mens-kuro-rain-jacket\/"},"modified":"2026-07-08T11:41:23","modified_gmt":"2026-07-08T11:41:23","slug":"mens-kuro-rain-jacket","status":"publish","type":"product","link":"https:\/\/www.tracea.ch\/it\/boutique\/mens-kuro-rain-jacket\/","title":{"rendered":"Men&rsquo;s Kuro Rain Jacket"},"content":{"rendered":"<p>Une belle assurance contre tous les caprices de la m\u00e9t\u00e9o. La veste de pluie est con\u00e7ue pour la pratique du gravel ou le cyclotourisme, et pour \u00eatre toujours avec soi. La veste de pluie polyvalente hybride en mat\u00e9riau 2,5couches se fait toute petite dans la poche arri\u00e8re accessible de l&rsquo;int\u00e9rieur. Des fentes de ventilation sous les aisselles offrent un excellent confort, m\u00eame sous une grande chaleur. Les manches pr\u00e9form\u00e9es aux poignets \u00e9troits repoussent la pluie. La mati\u00e8re \u00e9lastique et imperm\u00e9able est int\u00e9gr\u00e9e au dos, sous les bras, aux poignets et au col pour garantir une libert\u00e9 de mouvement illimit\u00e9e. Des \u00e9l\u00e9ments silicon\u00e9s plac\u00e9s sur la ceinture lat\u00e9rale assurent un bon maintien. Ils maintiennent la veste bien en place et \u00e9vitent de devoir la r\u00e9ajuster en cas de changement de posture sur la selle. Une petite poche zipp\u00e9e sur la poitrine peut accueillir un tube de baume \u00e0 l\u00e8vres ou d&rsquo;autres petites affaires. Pour obtenir une protection compl\u00e8te contre la pluie, la veste de pluie Kuro se combine au mieux avec le pantalon Kuro Rain Pants.<\/p>\n<p><em>manches pr\u00e9form\u00e9es, coupe rallong\u00e9e dans le dos, ceinture avec partie anti-d\u00e9rapant dans le dos, prot\u00e8ge-menton avec Foldover, 1 poche poitrine avec zipp\u00e9e, 1 poche int\u00e9rieure pour ranger la veste, poignets \u00e9lastiques, ventilation sous les bras<\/em><\/p>","protected":false},"excerpt":{"rendered":"<p>Veste de pluie homme sportive pour le gravel #imperm\u00e9able, \u00e9tanche au vent et respirante #l\u00e9g\u00e8re et compacte #fentes de ventilation<\/p>","protected":false},"featured_media":21875,"comment_status":"closed","ping_status":"open","template":"","meta":[],"product_brand":[375],"product_cat":[213,709,216],"product_tag":[365,368,422,421],"class_list":["post-44350","product","type-product","status-publish","has-post-thumbnail","product_brand-vaude","product_cat-boutique","product_cat-veste","product_cat-vetements","product_tag-boutique","product_tag-vente","product_tag-vente-vetement","product_tag-vetement","pa_couleur-black-uni","pa_couleur-bright-green","pa_couleur-glowing-red","pa_couleur-heron","pa_taille-l","pa_taille-m","pa_taille-s","pa_taille-xl","pa_taille-xxl","first","instock","purchasable","product-type-variable"],"_links":{"self":[{"href":"https:\/\/www.tracea.ch\/it\/wp-json\/wp\/v2\/product\/44350","targetHints":{"allow":["GET"]}}],"collection":[{"href":"https:\/\/www.tracea.ch\/it\/wp-json\/wp\/v2\/product"}],"about":[{"href":"https:\/\/www.tracea.ch\/it\/wp-json\/wp\/v2\/types\/product"}],"replies":[{"embeddable":true,"href":"https:\/\/www.tracea.ch\/it\/wp-json\/wp\/v2\/comments?post=44350"}],"version-history":[{"count":1,"href":"https:\/\/www.tracea.ch\/it\/wp-json\/wp\/v2\/product\/44350\/revisions"}],"predecessor-version":[{"id":44351,"href":"https:\/\/www.tracea.ch\/it\/wp-json\/wp\/v2\/product\/44350\/revisions\/44351"}],"wp:featuredmedia":[{"embeddable":true,"href":"https:\/\/www.tracea.ch\/it\/wp-json\/wp\/v2\/media\/21875"}],"wp:attachment":[{"href":"https:\/\/www.tracea.ch\/it\/wp-json\/wp\/v2\/media?parent=44350"}],"wp:term":[{"taxonomy":"product_brand","embeddable":true,"href":"https:\/\/www.tracea.ch\/it\/wp-json\/wp\/v2\/product_brand?post=44350"},{"taxonomy":"product_cat","embeddable":true,"href":"https:\/\/www.tracea.ch\/it\/wp-json\/wp\/v2\/product_cat?post=44350"},{"taxonomy":"product_tag","embeddable":true,"href":"https:\/\/www.tracea.ch\/it\/wp-json\/wp\/v2\/product_tag?post=44350"}],"curies":[{"name":"wp","href":"https:\/\/api.w.org\/{rel}","templated":true}]}}