{"id":44378,"date":"2026-07-08T11:41:23","date_gmt":"2026-07-08T11:41:23","guid":{"rendered":"https:\/\/www.tracea.ch\/boutique\/non%20class\u00e9\/womens-cyclist-air-jacket\/"},"modified":"2026-07-08T11:42:34","modified_gmt":"2026-07-08T11:42:34","slug":"womens-cyclist-air-jacket","status":"publish","type":"product","link":"https:\/\/www.tracea.ch\/it\/boutique\/womens-cyclist-air-jacket\/","title":{"rendered":"Women&rsquo;s Cyclist Air Jacket"},"content":{"rendered":"<p>On ne veut plus la quitter, cette veste coupe-vent l\u00e9g\u00e8re et ultra confortable, au look tendance et qui se porte tr\u00e8s confortablement et agr\u00e9ablement sur la peau gr\u00e2ce \u00e0 sa teneur \u00e9lev\u00e9e en \u00e9lasthanne. La veste citadine Cyclist Air Jacket offre une chaleur agr\u00e9able du printemps \u00e0 l&rsquo;automne&nbsp;; sa fermeture \u00e0 glissi\u00e8re frontale toute hauteur est dissimul\u00e9e \u00e0 moiti\u00e9 et la veste ressemble \u00e0 une veste chasuble. La capuche \u00e9lastique se porte confortablement sous le casque et se dissimule dans le col quand elle est superflue. La veste r\u00e9siste aussi \u00e0 la bruine, s\u00e8che rapidement et se range dans chaque sac par sa dimension compacte. Les bras et le dos sont allong\u00e9s pour bien couvrir le corps sur la selle de v\u00e9lo. Cette veste cycliste est en outre munie de petits \u00e9l\u00e9ments r\u00e9fl\u00e9chissants et de deux poches en biais zipp\u00e9es pour offrir une protection contre les intemp\u00e9ries au quotidien en route vers la fac, lors des loisirs et en ville. La mati\u00e8re certifi\u00e9e bluesign\u00ae ne manque pas d&rsquo;attraits&nbsp;: le tissu fonctionnel est obtenu \u00e0 partir de d\u00e9chets plastiques recycl\u00e9s, collect\u00e9s en Allemagne et transform\u00e9s en granul\u00e9s. Ce proc\u00e9d\u00e9 permet de r\u00e9duire les \u00e9missions de CO2 de 54&nbsp;% en comparaison de la fabrication conventionnelle et apporte ainsi une contribution r\u00e9elle \u00e0 la protection du climat. Le label Green Shape de VAUDE garantit un produit \u00e9cologique, fonctionnel et fabriqu\u00e9 dans des mat\u00e9riaux durables certifi\u00e9s bluesign\u00ae.<\/p>\n<p><em>coupe rallong\u00e9e dans le dos, 2 poches frontales avec fermeture \u00e9clair, zip frontal avec rabat int\u00e9rieur, poignets \u00e9lastiques, capuche mont\u00e9e et rangeable dans le col, \u00e9l\u00e9ments r\u00e9fl\u00e9chissants<\/em><\/p>","protected":false},"excerpt":{"rendered":"<p>Veste coupe-vent femme d\u00e9contract\u00e9e pour le quotidien \u00e0 v\u00e9lo # respirante, coupe-vent et d\u00e9perlante # look de sweat \u00e0 capuche citadin, capuche compressible #fabrication en mati\u00e8re polyester recycl\u00e9e<\/p>","protected":false},"featured_media":21992,"comment_status":"closed","ping_status":"open","template":"","meta":[],"product_brand":[375],"product_cat":[213,709,216],"product_tag":[365,368,422,421],"class_list":["post-44378","product","type-product","status-publish","has-post-thumbnail","product_brand-vaude","product_cat-boutique","product_cat-veste","product_cat-vetements","product_tag-boutique","product_tag-vente","product_tag-vente-vetement","product_tag-vetement","pa_couleur-agave","pa_couleur-brick","pa_couleur-ete-blue","pa_couleur-oat","pa_couleur-raspberry","pa_taille-436","pa_taille-437","pa_taille-438","pa_taille-439","pa_taille-440","pa_taille-441","first","instock","purchasable","product-type-variable"],"_links":{"self":[{"href":"https:\/\/www.tracea.ch\/it\/wp-json\/wp\/v2\/product\/44378","targetHints":{"allow":["GET"]}}],"collection":[{"href":"https:\/\/www.tracea.ch\/it\/wp-json\/wp\/v2\/product"}],"about":[{"href":"https:\/\/www.tracea.ch\/it\/wp-json\/wp\/v2\/types\/product"}],"replies":[{"embeddable":true,"href":"https:\/\/www.tracea.ch\/it\/wp-json\/wp\/v2\/comments?post=44378"}],"version-history":[{"count":1,"href":"https:\/\/www.tracea.ch\/it\/wp-json\/wp\/v2\/product\/44378\/revisions"}],"predecessor-version":[{"id":44379,"href":"https:\/\/www.tracea.ch\/it\/wp-json\/wp\/v2\/product\/44378\/revisions\/44379"}],"wp:featuredmedia":[{"embeddable":true,"href":"https:\/\/www.tracea.ch\/it\/wp-json\/wp\/v2\/media\/21992"}],"wp:attachment":[{"href":"https:\/\/www.tracea.ch\/it\/wp-json\/wp\/v2\/media?parent=44378"}],"wp:term":[{"taxonomy":"product_brand","embeddable":true,"href":"https:\/\/www.tracea.ch\/it\/wp-json\/wp\/v2\/product_brand?post=44378"},{"taxonomy":"product_cat","embeddable":true,"href":"https:\/\/www.tracea.ch\/it\/wp-json\/wp\/v2\/product_cat?post=44378"},{"taxonomy":"product_tag","embeddable":true,"href":"https:\/\/www.tracea.ch\/it\/wp-json\/wp\/v2\/product_tag?post=44378"}],"curies":[{"name":"wp","href":"https:\/\/api.w.org\/{rel}","templated":true}]}}