{"id":44446,"date":"2026-07-08T11:43:24","date_gmt":"2026-07-08T11:43:24","guid":{"rendered":"https:\/\/www.tracea.ch\/boutique\/non%20class\u00e9\/womens-brenva-jacket\/"},"modified":"2026-07-08T11:45:17","modified_gmt":"2026-07-08T11:45:17","slug":"womens-brenva-jacket","status":"publish","type":"product","link":"https:\/\/www.tracea.ch\/it\/boutique\/womens-brenva-jacket\/","title":{"rendered":"Women&rsquo;s Brenva Jacket"},"content":{"rendered":"<p>L&rsquo;enfiler c&rsquo;est l&rsquo;adopter&nbsp;! Veste hybride tr\u00e8s l\u00e9g\u00e8re avec isolant PrimaLoft\u00ae Silver Insulation Eco pour les sorties sportives en montagne. Le rembourrage \u00e9cologique sur l&rsquo;avant et la mati\u00e8re respirante et \u00e9lastique au dos et aux bras assure la r\u00e9gulation thermique agr\u00e9able du corps et une libert\u00e9 de mouvement in\u00e9gal\u00e9e \u00e0 la mi-saison plus froide. L&rsquo;isolation l\u00e9g\u00e8re maintient le torse \u00e0 bonne temp\u00e9rature dans le m\u00eame temps et prot\u00e8ge de l&rsquo;hypothermie par effet de refroidissement \u00e9olien. Cette veste de randonn\u00e9e l\u00e9g\u00e8re et d\u00e9perlante se combine par excellence et peut se porter comme couche interm\u00e9diaire isolante ou comme couche ext\u00e9rieure l\u00e9g\u00e8re. Elle se range de plus sans difficult\u00e9 dans son propre sac gr\u00e2ce \u00e0 ses dimensions compactes. Les mat\u00e9riaux textiles sont certifi\u00e9s conform\u00e9ment au syst\u00e8me bluesign\u00ae, la norme pour les produits textiles la plus stricte au monde en termes de protection de l&rsquo;environnement et des consommateurs. Le label Green Shape de VAUDE garantit un produit \u00e9cologique, fonctionnel et fabriqu\u00e9 dans des mat\u00e9riaux durables.<\/p>\n<p><em>coupe sport \u00e9troite, ouat\u00e9, zip invers\u00e9 avec rabat int\u00e9rieur sur le devant, manches pr\u00e9form\u00e9es, 2 poches frontales avec fermeture \u00e9clair, 1 poche \u00e0 l\u2019avant pour ranger<\/em><\/p>","protected":false},"excerpt":{"rendered":"<p>Veste isolante hybride femme tr\u00e8s l\u00e9g\u00e8re pour le sport de montagne # agr\u00e9ablement chaude, \u00e9lastique, d\u00e9perlante # tr\u00e8s compressible #fabrication \u00e9cologique principale avec des mat\u00e9riaux recycl\u00e9s<\/p>","protected":false},"featured_media":22009,"comment_status":"closed","ping_status":"open","template":"","meta":[],"product_brand":[375],"product_cat":[213,709,216],"product_tag":[365,368,422,421],"class_list":["post-44446","product","type-product","status-publish","has-post-thumbnail","product_brand-vaude","product_cat-boutique","product_cat-veste","product_cat-vetements","product_tag-boutique","product_tag-vente","product_tag-vente-vetement","product_tag-vetement","pa_couleur-black","pa_couleur-magenta","pa_couleur-nordic-blue","pa_couleur-pink-orchid","pa_couleur-redeva","pa_couleur-shore-blue","pa_couleur-shore-blue-uni","pa_taille-466","pa_taille-436","pa_taille-437","pa_taille-438","pa_taille-439","pa_taille-440","first","instock","purchasable","product-type-variable"],"_links":{"self":[{"href":"https:\/\/www.tracea.ch\/it\/wp-json\/wp\/v2\/product\/44446","targetHints":{"allow":["GET"]}}],"collection":[{"href":"https:\/\/www.tracea.ch\/it\/wp-json\/wp\/v2\/product"}],"about":[{"href":"https:\/\/www.tracea.ch\/it\/wp-json\/wp\/v2\/types\/product"}],"replies":[{"embeddable":true,"href":"https:\/\/www.tracea.ch\/it\/wp-json\/wp\/v2\/comments?post=44446"}],"version-history":[{"count":1,"href":"https:\/\/www.tracea.ch\/it\/wp-json\/wp\/v2\/product\/44446\/revisions"}],"predecessor-version":[{"id":44447,"href":"https:\/\/www.tracea.ch\/it\/wp-json\/wp\/v2\/product\/44446\/revisions\/44447"}],"wp:featuredmedia":[{"embeddable":true,"href":"https:\/\/www.tracea.ch\/it\/wp-json\/wp\/v2\/media\/22009"}],"wp:attachment":[{"href":"https:\/\/www.tracea.ch\/it\/wp-json\/wp\/v2\/media?parent=44446"}],"wp:term":[{"taxonomy":"product_brand","embeddable":true,"href":"https:\/\/www.tracea.ch\/it\/wp-json\/wp\/v2\/product_brand?post=44446"},{"taxonomy":"product_cat","embeddable":true,"href":"https:\/\/www.tracea.ch\/it\/wp-json\/wp\/v2\/product_cat?post=44446"},{"taxonomy":"product_tag","embeddable":true,"href":"https:\/\/www.tracea.ch\/it\/wp-json\/wp\/v2\/product_tag?post=44446"}],"curies":[{"name":"wp","href":"https:\/\/api.w.org\/{rel}","templated":true}]}}