{"id":44526,"date":"2026-07-08T11:46:03","date_gmt":"2026-07-08T11:46:03","guid":{"rendered":"https:\/\/www.tracea.ch\/boutique\/non%20class\u00e9\/womens-rosemoor-fleece-jacket-ii\/"},"modified":"2026-07-08T11:50:05","modified_gmt":"2026-07-08T11:50:05","slug":"womens-rosemoor-fleece-jacket-ii","status":"publish","type":"product","link":"https:\/\/www.tracea.ch\/it\/boutique\/womens-rosemoor-fleece-jacket-ii\/","title":{"rendered":"Women&rsquo;s Rosemoor Fleece Jacket II"},"content":{"rendered":"<p>Veste polaire chaude pour s&#8217;emmitoufler. La polaire douce et haut de gamme Polartec\u00ae et la coupe confortable font de la veste un multitalent agr\u00e9able. Que ce soit lors de randonn\u00e9es mod\u00e9r\u00e9es, de balades ou \u00e0 la maison, la veste polaire se met sens dessus dessous. Elle se porte \u00e9galement en solo ou zipp\u00e9e dans une veste 3en1 portant l&rsquo;\u00e9tiquette Zip-in comme p.ex. la veste Rosemoor 3in1 Jacket. Le cordon de serrage \u00e0 la ceinture peut s&rsquo;ajuster \u00e0 travers les poches et apporte un compl\u00e9ment de confort. Qu&rsquo;on la porte en-dessous les jours froids ou comme veste douillette \u00e0 la mi-saison: cette veste polaire durable est toujours le bon choix. Notre label Green Shape de VAUDE garantit un produit \u00e9cologique, fonctionnel et fabriqu\u00e9 dans des mat\u00e9riaux durables et certifi\u00e9s bluesign\u00ae.<\/p>\n<p><em>il est possible de l&rsquo;attacher \u00e0 une veste ext\u00e9rieure gr\u00e2ce \u00e0 un zip, zip frontal avec rabat int\u00e9rieur, 2 poches sur le devant, cordon \u00e0 la ceinture r\u00e9glable par les poches<\/em><\/p>","protected":false},"excerpt":{"rendered":"<p>Veste polaire moelleuse pour la randonn\u00e9e et les loisirs #polaire chaude et fonctionnelle Polartec #confort au porter tr\u00e8s \u00e9lev\u00e9 #composition en 100 % polyester recycl\u00e9<\/p>","protected":false},"featured_media":22248,"comment_status":"closed","ping_status":"open","template":"","meta":[],"product_brand":[375],"product_cat":[213,709,216],"product_tag":[365,368,422,421],"class_list":["post-44526","product","type-product","status-publish","has-post-thumbnail","product_brand-vaude","product_cat-boutique","product_cat-veste","product_cat-vetements","product_tag-boutique","product_tag-vente","product_tag-vente-vetement","product_tag-vetement","pa_couleur-agave","pa_couleur-black","pa_couleur-brick","pa_couleur-buckeye","pa_couleur-dark-sea","pa_couleur-ecru-uni","pa_couleur-flame","pa_couleur-magenta","pa_couleur-shore-blue","pa_couleur-willow-green","pa_taille-466","pa_taille-436","pa_taille-437","pa_taille-438","pa_taille-439","pa_taille-440","pa_taille-441","pa_taille-459","pa_taille-469","pa_taille-472","first","instock","purchasable","product-type-variable"],"_links":{"self":[{"href":"https:\/\/www.tracea.ch\/it\/wp-json\/wp\/v2\/product\/44526","targetHints":{"allow":["GET"]}}],"collection":[{"href":"https:\/\/www.tracea.ch\/it\/wp-json\/wp\/v2\/product"}],"about":[{"href":"https:\/\/www.tracea.ch\/it\/wp-json\/wp\/v2\/types\/product"}],"replies":[{"embeddable":true,"href":"https:\/\/www.tracea.ch\/it\/wp-json\/wp\/v2\/comments?post=44526"}],"version-history":[{"count":1,"href":"https:\/\/www.tracea.ch\/it\/wp-json\/wp\/v2\/product\/44526\/revisions"}],"predecessor-version":[{"id":44527,"href":"https:\/\/www.tracea.ch\/it\/wp-json\/wp\/v2\/product\/44526\/revisions\/44527"}],"wp:featuredmedia":[{"embeddable":true,"href":"https:\/\/www.tracea.ch\/it\/wp-json\/wp\/v2\/media\/22248"}],"wp:attachment":[{"href":"https:\/\/www.tracea.ch\/it\/wp-json\/wp\/v2\/media?parent=44526"}],"wp:term":[{"taxonomy":"product_brand","embeddable":true,"href":"https:\/\/www.tracea.ch\/it\/wp-json\/wp\/v2\/product_brand?post=44526"},{"taxonomy":"product_cat","embeddable":true,"href":"https:\/\/www.tracea.ch\/it\/wp-json\/wp\/v2\/product_cat?post=44526"},{"taxonomy":"product_tag","embeddable":true,"href":"https:\/\/www.tracea.ch\/it\/wp-json\/wp\/v2\/product_tag?post=44526"}],"curies":[{"name":"wp","href":"https:\/\/api.w.org\/{rel}","templated":true}]}}