{"id":44939,"date":"2026-07-08T11:59:38","date_gmt":"2026-07-08T11:59:38","guid":{"rendered":"https:\/\/www.tracea.ch\/boutique\/non%20class\u00e9\/womens-monviso-hooded-grid-fleece-jacket\/"},"modified":"2026-07-08T12:01:03","modified_gmt":"2026-07-08T12:01:03","slug":"womens-monviso-hooded-grid-fleece-jacket","status":"publish","type":"product","link":"https:\/\/www.tracea.ch\/it\/boutique\/womens-monviso-hooded-grid-fleece-jacket\/","title":{"rendered":"Women&rsquo;s Monviso Hooded Grid Fleece Jacket"},"content":{"rendered":"<p>Port\u00e9e en solo ou selon le principe de superposition, en randonn\u00e9es \u00e0 ski ou de montagne, la veste polaire pour femme est adopt\u00e9e pour la vie! Car on s&rsquo;y sent bien au chaud et au sec face \u00e0 tous les caprices de la m\u00e9t\u00e9o! La structure gaufr\u00e9e douce et moelleuse \u00e0 l&rsquo;int\u00e9rieur de la veste polaire femme permet d&rsquo;une part d&rsquo;\u00e9vacuer la transpiration tr\u00e8s rapidement vers l&rsquo;ext\u00e9rieur, et d&rsquo;autre part d&rsquo;assurer une isolation agr\u00e9able par r\u00e9tention d&rsquo;air. La mati\u00e8re polaire recycl\u00e9e est tr\u00e8s \u00e9lastique et accompagne tous les mouvements. Les poches en biais zipp\u00e9es de la veste polaire femme dispos\u00e9es un peu plus haut sont ais\u00e9ment accessibles malgr\u00e9 le port d&rsquo;un harnais et d&rsquo;un sac \u00e0 dos rehauss\u00e9. Sa coupe sportive et les bandes de fermeture douces et \u00e9lastiques au niveau de la capuche et des manches garantissent un ajustement ergonomique. La capuche ajust\u00e9e se glisse aussi sous le casque. En tant que membre \u00e9lev\u00e9 au rang de Leader de l&rsquo;organisme ind\u00e9pendant Fair Wear, VAUDE s&rsquo;engage en faveur de conditions de travail et de salaires \u00e9quitables.<\/p>\n<p><em>capuche mont\u00e9e, zip frontal avec rabat int\u00e9rieur, 2 poches frontales avec fermeture \u00e9clair, avec lani\u00e8re pour le pouce<\/em><\/p>","protected":false},"excerpt":{"rendered":"<p>Veste polaire \u00e9lastique femme pour la randonn\u00e9e \u00e0 ski et l&rsquo;escalade #chaude, r\u00e9gule l&rsquo;humidit\u00e9 et s\u00e8che rapidement #poches compatibles avec le port d&rsquo;un harnais et d&rsquo;un sac \u00e0 dos #sans impact sur le climat; fabrication \u00e9cologique en mat\u00e9riau recycl\u00e9<\/p>","protected":false},"featured_media":22508,"comment_status":"closed","ping_status":"open","template":"","meta":[],"product_brand":[375],"product_cat":[213,709,216],"product_tag":[365,368,422,421],"class_list":["post-44939","product","type-product","status-publish","has-post-thumbnail","product_brand-vaude","product_cat-boutique","product_cat-veste","product_cat-vetements","product_tag-boutique","product_tag-vente","product_tag-vente-vetement","product_tag-vetement","pa_couleur-buckeye","pa_couleur-dark-iris","pa_couleur-dark-iris-uni","pa_couleur-dark-sea-white","pa_couleur-deep-pond","pa_taille-466","pa_taille-436","pa_taille-437","pa_taille-438","pa_taille-439","pa_taille-440","pa_taille-441","first","instock","purchasable","product-type-variable"],"_links":{"self":[{"href":"https:\/\/www.tracea.ch\/it\/wp-json\/wp\/v2\/product\/44939","targetHints":{"allow":["GET"]}}],"collection":[{"href":"https:\/\/www.tracea.ch\/it\/wp-json\/wp\/v2\/product"}],"about":[{"href":"https:\/\/www.tracea.ch\/it\/wp-json\/wp\/v2\/types\/product"}],"replies":[{"embeddable":true,"href":"https:\/\/www.tracea.ch\/it\/wp-json\/wp\/v2\/comments?post=44939"}],"version-history":[{"count":1,"href":"https:\/\/www.tracea.ch\/it\/wp-json\/wp\/v2\/product\/44939\/revisions"}],"predecessor-version":[{"id":44940,"href":"https:\/\/www.tracea.ch\/it\/wp-json\/wp\/v2\/product\/44939\/revisions\/44940"}],"wp:featuredmedia":[{"embeddable":true,"href":"https:\/\/www.tracea.ch\/it\/wp-json\/wp\/v2\/media\/22508"}],"wp:attachment":[{"href":"https:\/\/www.tracea.ch\/it\/wp-json\/wp\/v2\/media?parent=44939"}],"wp:term":[{"taxonomy":"product_brand","embeddable":true,"href":"https:\/\/www.tracea.ch\/it\/wp-json\/wp\/v2\/product_brand?post=44939"},{"taxonomy":"product_cat","embeddable":true,"href":"https:\/\/www.tracea.ch\/it\/wp-json\/wp\/v2\/product_cat?post=44939"},{"taxonomy":"product_tag","embeddable":true,"href":"https:\/\/www.tracea.ch\/it\/wp-json\/wp\/v2\/product_tag?post=44939"}],"curies":[{"name":"wp","href":"https:\/\/api.w.org\/{rel}","templated":true}]}}