{"id":44983,"date":"2026-07-08T12:01:02","date_gmt":"2026-07-08T12:01:02","guid":{"rendered":"https:\/\/www.tracea.ch\/boutique\/non%20class\u00e9\/womens-monviso-fleece-fz-jacket-ii\/"},"modified":"2026-07-08T12:03:45","modified_gmt":"2026-07-08T12:03:45","slug":"womens-monviso-fleece-fz-jacket-ii","status":"publish","type":"product","link":"https:\/\/www.tracea.ch\/it\/boutique\/womens-monviso-fleece-fz-jacket-ii\/","title":{"rendered":"Women&rsquo;s Monviso Fleece FZ Jacket II"},"content":{"rendered":"<p>En montagne, au camp de base ou au quotidien, cette veste polaire femme \u00e9lastique en mat\u00e9riau recycl\u00e9 s\u00e9duit par son exceptionnelle respirabilit\u00e9 et son look d\u00e9contract\u00e9. Cette veste polaire pour femme est id\u00e9ale comme couche fonctionnelle sous une veste hardshell pour la randonn\u00e9e \u00e0 ski, le freeride et l&rsquo;alpinisme. La structure gaufr\u00e9e douce et moelleuse \u00e0 l&rsquo;int\u00e9rieur permet d&rsquo;une part d&rsquo;\u00e9vacuer la transpiration tr\u00e8s rapidement vers l&rsquo;ext\u00e9rieur, et d&rsquo;autre part d&rsquo;assurer une bonne isolation. Avec deux grandes poches ouvertes pour se r\u00e9chauffer les mains ou ranger le bonnet. En tant que membre \u00e9lev\u00e9 au rang de Leader de l&rsquo;organisme ind\u00e9pendant Fair Wear, VAUDE s&rsquo;engage en faveur de conditions de travail et de salaires \u00e9quitables.<\/p>\n<p><em>col, poignets et ceinture avec bord en lycra, zip frontal avec rabat int\u00e9rieur, 2 poches frontales avec fermeture \u00e9clair, manches pr\u00e9form\u00e9es<\/em><\/p>","protected":false},"excerpt":{"rendered":"<p>Veste polaire \u00e9lastique pour femme \u00e0 porter en sous-couche pour tous les sports de montagne #en mat\u00e9riau doux \u00e0 s\u00e9chage rapide #respirante et chauffante #fabrication \u00e9cologique en mat\u00e9riaux recycl\u00e9s<\/p>","protected":false},"featured_media":22518,"comment_status":"closed","ping_status":"open","template":"","meta":[],"product_brand":[375],"product_cat":[213,709,216],"product_tag":[365,368,422,421],"class_list":["post-44983","product","type-product","status-publish","has-post-thumbnail","product_brand-vaude","product_cat-boutique","product_cat-veste","product_cat-vetements","product_tag-boutique","product_tag-vente","product_tag-vente-vetement","product_tag-vetement","pa_couleur-agave","pa_couleur-black-black","pa_couleur-buckeye","pa_couleur-dark-sea","pa_couleur-deep-pond","pa_couleur-ecru","pa_couleur-glowing-red","pa_couleur-lava","pa_taille-466","pa_taille-436","pa_taille-437","pa_taille-438","pa_taille-439","pa_taille-440","pa_taille-441","first","instock","purchasable","product-type-variable"],"_links":{"self":[{"href":"https:\/\/www.tracea.ch\/it\/wp-json\/wp\/v2\/product\/44983","targetHints":{"allow":["GET"]}}],"collection":[{"href":"https:\/\/www.tracea.ch\/it\/wp-json\/wp\/v2\/product"}],"about":[{"href":"https:\/\/www.tracea.ch\/it\/wp-json\/wp\/v2\/types\/product"}],"replies":[{"embeddable":true,"href":"https:\/\/www.tracea.ch\/it\/wp-json\/wp\/v2\/comments?post=44983"}],"version-history":[{"count":1,"href":"https:\/\/www.tracea.ch\/it\/wp-json\/wp\/v2\/product\/44983\/revisions"}],"predecessor-version":[{"id":44984,"href":"https:\/\/www.tracea.ch\/it\/wp-json\/wp\/v2\/product\/44983\/revisions\/44984"}],"wp:featuredmedia":[{"embeddable":true,"href":"https:\/\/www.tracea.ch\/it\/wp-json\/wp\/v2\/media\/22518"}],"wp:attachment":[{"href":"https:\/\/www.tracea.ch\/it\/wp-json\/wp\/v2\/media?parent=44983"}],"wp:term":[{"taxonomy":"product_brand","embeddable":true,"href":"https:\/\/www.tracea.ch\/it\/wp-json\/wp\/v2\/product_brand?post=44983"},{"taxonomy":"product_cat","embeddable":true,"href":"https:\/\/www.tracea.ch\/it\/wp-json\/wp\/v2\/product_cat?post=44983"},{"taxonomy":"product_tag","embeddable":true,"href":"https:\/\/www.tracea.ch\/it\/wp-json\/wp\/v2\/product_tag?post=44983"}],"curies":[{"name":"wp","href":"https:\/\/api.w.org\/{rel}","templated":true}]}}