{"id":45105,"date":"2026-07-08T12:05:07","date_gmt":"2026-07-08T12:05:07","guid":{"rendered":"https:\/\/www.tracea.ch\/boutique\/non%20class\u00e9\/mens-larice-jacket-v\/"},"modified":"2026-07-08T12:05:58","modified_gmt":"2026-07-08T12:05:58","slug":"mens-larice-jacket-v","status":"publish","type":"product","link":"https:\/\/www.tracea.ch\/it\/boutique\/mens-larice-jacket-v\/","title":{"rendered":"Men&rsquo;s Larice Jacket V"},"content":{"rendered":"<p>Pour les grimpeurs sportifs! Cette veste softshell homme \u00e0 la coupe \u00e9troite avec capuche s\u00e9duit par ses trois zones de mati\u00e8res diff\u00e9rentes. Celles-ci assurent une r\u00e9gulation thermique optimale sur les randos \u00e0 ski ou lors d&rsquo;autres activit\u00e9s hivernales de vitesse: un mat\u00e9riau softshell \u00e9tanche au vent est appliqu\u00e9 sur l&rsquo;avant, le dos de la veste homme est muni d&rsquo;un mat\u00e9riau ultra respirant et une mati\u00e8re Windproof 80 \u00e9lastique et coupe-vent est utilis\u00e9e sur les parties expos\u00e9es. Les zips de ventilation sous les bras assurent en outre une r\u00e9gulation thermique optimale. Une s\u00e9lection de poches fonctionnelle, une capuche ajust\u00e9e et des passe-pouces pratiques viennent compl\u00e9ter l&rsquo;arsenal de cette veste softshell sportive. Cette veste homme est appr\u00eat\u00e9e avec la finition Eco Finish, d\u00e9perlante, \u00e9cologique et sans fluorocarbures (PFC). En tant que membre \u00e9lev\u00e9 au rang de Leader de l&rsquo;organisme ind\u00e9pendant Fair Wear, VAUDE s&rsquo;engage en faveur de conditions de travail et de salaires \u00e9quitables.<\/p>\n<p><em>capuche mont\u00e9e, capuche, poignets et ceinture avec bord en lycra , zip invers\u00e9 avec rabat int\u00e9rieur sur le devant, 1 poche poitrine avec zipp\u00e9e, 2 poches frontales avec zip invers\u00e9, ventilation avec zip sous les bras, manches pr\u00e9form\u00e9es, avec ouverture pour le pouce, \u00e9l\u00e9ments r\u00e9fl\u00e9chissants<\/em><\/p>","protected":false},"excerpt":{"rendered":"<p>Veste softshell \u00e0 la coupe sportive pour homme pour la randonn\u00e9e \u00e0 ski #\u00e9tanche au vent l\u00e0 o\u00f9 il faut gr\u00e2ce \u00e0 des mati\u00e8res diff\u00e9rentes dispos\u00e9es en zones #avec empi\u00e8cements \u00e9lastiques, ultra respirants#fabrication \u00e9cologique avec des mat\u00e9riaux partiellement recycl\u00e9s<\/p>","protected":false},"featured_media":22587,"comment_status":"closed","ping_status":"open","template":"","meta":[],"product_brand":[375],"product_cat":[213,709,216],"product_tag":[365,368,422,421],"class_list":["post-45105","product","type-product","status-publish","has-post-thumbnail","product_brand-vaude","product_cat-boutique","product_cat-veste","product_cat-vetements","product_tag-boutique","product_tag-vente","product_tag-vente-vetement","product_tag-vetement","pa_couleur-baltic-sea","pa_couleur-black","pa_couleur-deep-pond","pa_couleur-khaki","pa_taille-l","pa_taille-m","pa_taille-s","pa_taille-xl","pa_taille-xxl","first","instock","purchasable","product-type-variable"],"_links":{"self":[{"href":"https:\/\/www.tracea.ch\/it\/wp-json\/wp\/v2\/product\/45105","targetHints":{"allow":["GET"]}}],"collection":[{"href":"https:\/\/www.tracea.ch\/it\/wp-json\/wp\/v2\/product"}],"about":[{"href":"https:\/\/www.tracea.ch\/it\/wp-json\/wp\/v2\/types\/product"}],"replies":[{"embeddable":true,"href":"https:\/\/www.tracea.ch\/it\/wp-json\/wp\/v2\/comments?post=45105"}],"version-history":[{"count":1,"href":"https:\/\/www.tracea.ch\/it\/wp-json\/wp\/v2\/product\/45105\/revisions"}],"predecessor-version":[{"id":45106,"href":"https:\/\/www.tracea.ch\/it\/wp-json\/wp\/v2\/product\/45105\/revisions\/45106"}],"wp:featuredmedia":[{"embeddable":true,"href":"https:\/\/www.tracea.ch\/it\/wp-json\/wp\/v2\/media\/22587"}],"wp:attachment":[{"href":"https:\/\/www.tracea.ch\/it\/wp-json\/wp\/v2\/media?parent=45105"}],"wp:term":[{"taxonomy":"product_brand","embeddable":true,"href":"https:\/\/www.tracea.ch\/it\/wp-json\/wp\/v2\/product_brand?post=45105"},{"taxonomy":"product_cat","embeddable":true,"href":"https:\/\/www.tracea.ch\/it\/wp-json\/wp\/v2\/product_cat?post=45105"},{"taxonomy":"product_tag","embeddable":true,"href":"https:\/\/www.tracea.ch\/it\/wp-json\/wp\/v2\/product_tag?post=45105"}],"curies":[{"name":"wp","href":"https:\/\/api.w.org\/{rel}","templated":true}]}}