{"id":45994,"date":"2026-07-08T12:33:49","date_gmt":"2026-07-08T12:33:49","guid":{"rendered":"https:\/\/www.tracea.ch\/boutique\/non%20class\u00e9\/womens-yaras-jacket-v\/"},"modified":"2026-07-08T12:34:30","modified_gmt":"2026-07-08T12:34:30","slug":"womens-yaras-jacket-v","status":"publish","type":"product","link":"https:\/\/www.tracea.ch\/it\/boutique\/womens-yaras-jacket-v\/","title":{"rendered":"Women&rsquo;s Yaras Jacket V"},"content":{"rendered":"<p>Une tenue de voyage \u00e0 toute \u00e9preuve dans un beau look chin\u00e9 pour affronter les intemp\u00e9ries. La veste de pluie \u00e9lastique 2,5couches est incontournable pour toutes les sorties \u00e0 v\u00e9lo. La veste Yaras Jacket V pour femme s\u00e9duit par des fonctionnalit\u00e9s discr\u00e8tes. La coupe allong\u00e9e au niveau du fessier prot\u00e8ge contre les \u00e9claboussures au niveau de la roue arri\u00e8re. La capuche peut se porter sur un casque et s&rsquo;ajuste parfaitement sur le casque ou la t\u00eate \u00e0 l&rsquo;aide d&rsquo;un dispositif de blocage de cordon. Son \u00e9quipement confortable englobe un zip bidirectionnel couvert, une a\u00e9ration sous les aisselles, des manches pr\u00e9form\u00e9es, des poignets r\u00e9glables et des \u00e9l\u00e9ments r\u00e9fl\u00e9chissants \u00e0 l&rsquo;arri\u00e8re du bas des manches. Les 2poches avant sont ferm\u00e9es par un zip d\u00e9perlant. Un cordon \u00e0 la taille s&rsquo;ajuste \u00e0 travers les poches et assure un beau look f\u00e9minin. La veste de pluie femme est munie au dos d&rsquo;un pli d&rsquo;a\u00e9ration horizontal qui renforce activement l&rsquo;excellente respirabilit\u00e9 de la veste compos\u00e9e principalement de mat\u00e9riaux recycl\u00e9s. La tenue de pluie pour v\u00e9lo est compl\u00e8te avec le pantalon Yaras Rain Pants. Ce produit est appr\u00eat\u00e9 avec la finition Eco Finish, d\u00e9perlante, \u00e9cologique et sans fluorocarbures (PFC). Le label Green Shape de VAUDE garantit un produit \u00e9cologique, fonctionnel et fabriqu\u00e9 dans des mat\u00e9riaux durables certifi\u00e9s bluesign\u00ae. En tant que membre Leader de l&rsquo;organisme ind\u00e9pendant Fair Wear, VAUDE s&rsquo;engage en faveur de conditions de travail et de salaires \u00e9quitables.<\/p>\n<p><em>Veste 2,5 \u00e9paisseur, manches pr\u00e9form\u00e9es, poches de devant avec zip \u00e9tanche, coupe rallong\u00e9e dans le dos, 2 zips \u00e0 double-sens avec rabat sur le devant, cordon de r\u00e9glage de la ceinture par les poches, poignets avec \u00e9lastique et velcro pour adapter la largeur, capuche mont\u00e9e, enroulable et ajustable en largeur, capuche ajustable en hauteur et en largeur, Capuche compatible avec un casque, pli d\u2019a\u00e9ration, \u00e9l\u00e9ments r\u00e9fl\u00e9chissants<\/em><\/p>","protected":false},"excerpt":{"rendered":"<p>Veste de pluie femme pour le cyclotourisme #imperm\u00e9able et \u00e9tanche au vent #taille r\u00e9glable #fabrication \u00e9cologique en mat\u00e9riaux principalement recycl\u00e9s<\/p>","protected":false},"featured_media":23298,"comment_status":"closed","ping_status":"open","template":"","meta":[],"product_brand":[375],"product_cat":[213,709,216],"product_tag":[365,368,422,421],"class_list":["post-45994","product","type-product","status-publish","has-post-thumbnail","product_brand-vaude","product_cat-boutique","product_cat-veste","product_cat-vetements","product_tag-boutique","product_tag-vente","product_tag-vente-vetement","product_tag-vetement","pa_couleur-cassis","pa_couleur-dark-sea","pa_couleur-linen","pa_taille-436","pa_taille-437","pa_taille-438","pa_taille-439","pa_taille-440","pa_taille-441","first","instock","purchasable","product-type-variable"],"_links":{"self":[{"href":"https:\/\/www.tracea.ch\/it\/wp-json\/wp\/v2\/product\/45994","targetHints":{"allow":["GET"]}}],"collection":[{"href":"https:\/\/www.tracea.ch\/it\/wp-json\/wp\/v2\/product"}],"about":[{"href":"https:\/\/www.tracea.ch\/it\/wp-json\/wp\/v2\/types\/product"}],"replies":[{"embeddable":true,"href":"https:\/\/www.tracea.ch\/it\/wp-json\/wp\/v2\/comments?post=45994"}],"version-history":[{"count":1,"href":"https:\/\/www.tracea.ch\/it\/wp-json\/wp\/v2\/product\/45994\/revisions"}],"predecessor-version":[{"id":45995,"href":"https:\/\/www.tracea.ch\/it\/wp-json\/wp\/v2\/product\/45994\/revisions\/45995"}],"wp:featuredmedia":[{"embeddable":true,"href":"https:\/\/www.tracea.ch\/it\/wp-json\/wp\/v2\/media\/23298"}],"wp:attachment":[{"href":"https:\/\/www.tracea.ch\/it\/wp-json\/wp\/v2\/media?parent=45994"}],"wp:term":[{"taxonomy":"product_brand","embeddable":true,"href":"https:\/\/www.tracea.ch\/it\/wp-json\/wp\/v2\/product_brand?post=45994"},{"taxonomy":"product_cat","embeddable":true,"href":"https:\/\/www.tracea.ch\/it\/wp-json\/wp\/v2\/product_cat?post=45994"},{"taxonomy":"product_tag","embeddable":true,"href":"https:\/\/www.tracea.ch\/it\/wp-json\/wp\/v2\/product_tag?post=45994"}],"curies":[{"name":"wp","href":"https:\/\/api.w.org\/{rel}","templated":true}]}}