{"id":46078,"date":"2026-07-08T12:36:13","date_gmt":"2026-07-08T12:36:13","guid":{"rendered":"https:\/\/www.tracea.ch\/boutique\/non%20class\u00e9\/mens-escape-parka\/"},"modified":"2026-07-08T12:36:58","modified_gmt":"2026-07-08T12:36:58","slug":"mens-escape-parka","status":"publish","type":"product","link":"https:\/\/www.tracea.ch\/it\/boutique\/mens-escape-parka\/","title":{"rendered":"Men&rsquo;s Escape Parka"},"content":{"rendered":"<p>La veste Escape populaire est d\u00e9sormais disponible en version longue et principalement fabriqu\u00e9e en polyester recycl\u00e9! La parka de pluie Escape pour homme est imperm\u00e9able et \u00e9tanche au vent; sa capuche attenante et r\u00e9glable se comprime simplement dans le col. Le zip bidirectionnel est en outre facilement r\u00e9parable. Les deux poches zipp\u00e9es frontales assurent un bel espace de rangement. Les bordures des manches ergonomiques pr\u00e9form\u00e9es sont ajustables et partiellement \u00e9lastiques. La parka de pluie pour homme Escape est dot\u00e9e de la finition d\u00e9perlante et antisalissures Eco Finish sans PFC. Le label Green Shape de VAUDE garantit un produit \u00e9cologique, fonctionnel et fabriqu\u00e9 dans des mat\u00e9riaux durables certifi\u00e9s bluesign\u00ae.<\/p>\n<p><em>mati\u00e8re double \u00e9paisseur, zip \u00e0 double-sens sur le devant, zip frontal avec double rabat, 2 poches frontales avec fermeture \u00e9clair, capuche mont\u00e9e ajustable en largeur, enroulable, avec col s\u00e9par\u00e9, poignets avec \u00e9lastique et velcro pour adapter la largeur, doublure en deux parties, partie sup\u00e9rieure en mesh, partie inf\u00e9rieure en taffetas<\/em><\/p>","protected":false},"excerpt":{"rendered":"<p>Parka de pluie imperm\u00e9able pour homme #la capuche r\u00e9glable peut se ranger dans le col #avec zip facilement r\u00e9parable #fabrication principale en polyester recycl\u00e9<\/p>","protected":false},"featured_media":23528,"comment_status":"closed","ping_status":"open","template":"","meta":[],"product_brand":[375],"product_cat":[213,709,216],"product_tag":[365,368,422,421],"class_list":["post-46078","product","type-product","status-publish","has-post-thumbnail","product_brand-vaude","product_cat-boutique","product_cat-veste","product_cat-vetements","product_tag-boutique","product_tag-vente","product_tag-vente-vetement","product_tag-vetement","pa_couleur-black","pa_couleur-dark-sea","pa_couleur-khaki","pa_taille-l","pa_taille-m","pa_taille-s","pa_taille-xl","pa_taille-xxl","pa_taille-xxxl","first","instock","purchasable","product-type-variable"],"_links":{"self":[{"href":"https:\/\/www.tracea.ch\/it\/wp-json\/wp\/v2\/product\/46078","targetHints":{"allow":["GET"]}}],"collection":[{"href":"https:\/\/www.tracea.ch\/it\/wp-json\/wp\/v2\/product"}],"about":[{"href":"https:\/\/www.tracea.ch\/it\/wp-json\/wp\/v2\/types\/product"}],"replies":[{"embeddable":true,"href":"https:\/\/www.tracea.ch\/it\/wp-json\/wp\/v2\/comments?post=46078"}],"version-history":[{"count":1,"href":"https:\/\/www.tracea.ch\/it\/wp-json\/wp\/v2\/product\/46078\/revisions"}],"predecessor-version":[{"id":46079,"href":"https:\/\/www.tracea.ch\/it\/wp-json\/wp\/v2\/product\/46078\/revisions\/46079"}],"wp:featuredmedia":[{"embeddable":true,"href":"https:\/\/www.tracea.ch\/it\/wp-json\/wp\/v2\/media\/23528"}],"wp:attachment":[{"href":"https:\/\/www.tracea.ch\/it\/wp-json\/wp\/v2\/media?parent=46078"}],"wp:term":[{"taxonomy":"product_brand","embeddable":true,"href":"https:\/\/www.tracea.ch\/it\/wp-json\/wp\/v2\/product_brand?post=46078"},{"taxonomy":"product_cat","embeddable":true,"href":"https:\/\/www.tracea.ch\/it\/wp-json\/wp\/v2\/product_cat?post=46078"},{"taxonomy":"product_tag","embeddable":true,"href":"https:\/\/www.tracea.ch\/it\/wp-json\/wp\/v2\/product_tag?post=46078"}],"curies":[{"name":"wp","href":"https:\/\/api.w.org\/{rel}","templated":true}]}}