{"id":46104,"date":"2026-07-08T12:36:58","date_gmt":"2026-07-08T12:36:58","guid":{"rendered":"https:\/\/www.tracea.ch\/boutique\/non%20class\u00e9\/womens-coreway-coat\/"},"modified":"2026-07-08T12:37:46","modified_gmt":"2026-07-08T12:37:46","slug":"womens-coreway-coat","status":"publish","type":"product","link":"https:\/\/www.tracea.ch\/it\/boutique\/womens-coreway-coat\/","title":{"rendered":"Women&rsquo;s Coreway Coat"},"content":{"rendered":"<p>Une alliance de fonctionnalit\u00e9 et de design en toute harmonie : le manteau d&rsquo;hiver Coreway pour femme, urbain et intemporel, est non seulement super long, chaud et l\u00e9ger, mais en plus imperm\u00e9able, \u00e9tanche au vent et respirant. Ces qualit\u00e9s sont rendues possibles par un m\u00e9lange de mat\u00e9riaux en polyester et en polyamide recycl\u00e9s, un rembourrage de qualit\u00e9 PrimaLoft\u00ae Black, la part de laine naturelle et une membrane int\u00e9gr\u00e9e avec une colonne d&rsquo;eau de 10 000 mm. Le zip bidirectionnel \u00e0 l&rsquo;avant est prot\u00e9g\u00e9 du vent et de la pluie par une patte continue. Les boutons-pression du bas peuvent \u00eatre ouverts pour une plus grande libert\u00e9 de mouvement. Une poche int\u00e9rieure zipp\u00e9e peut accueillir mobile ou portemonnaie, les deux poches en biais zipp\u00e9es \u00e0 l&rsquo;avant tiennent les doigts au chaud. Le matelassage ondul\u00e9 \u00e0 l&rsquo;int\u00e9rieur est splendide et \u00e9vite aussi que la mat\u00e9riau isolant ne glisse lors du lavage du manteau. Petit plus tendance de ce manteau Coreway pour femme : le col ch\u00e2le haut et la jolie capuche \u00e0 doublure laine. En r\u00e9sum\u00e9, un super compagnon confortable pour la m\u00e9t\u00e9o hivernale, que sa propri\u00e9taire se fera une joie de porter de longues ann\u00e9es. En tant que membre Leader de l&rsquo;organisme ind\u00e9pendant Fair Wear, VAUDE s&rsquo;engage en faveur de conditions de travail et de salaires \u00e9quitables. Le label Green Shape de VAUDE garantit un produit \u00e9cologique, fonctionnel et fabriqu\u00e9 dans des mat\u00e9riaux durables certifi\u00e9s bluesign\u00ae.<\/p>\n<p><em>mati\u00e8re double \u00e9paisseur, capuche mont\u00e9e et r\u00e9glable en largeur, zip \u00e0 double-sens sur le devant, fermeture \u00e9clair avec rabat int\u00e9rieur et ext\u00e9rieur sur le devant, 2 poches frontales avec fermeture \u00e9clair, 1 poche int\u00e9rieure zipp\u00e9e<\/em><\/p>","protected":false},"excerpt":{"rendered":"<p>Manteau d&rsquo;hiver long et urbain pour femme #imperm\u00e9able, \u00e9tanche au vent et respirant #l\u00e9ger et chaud #fabrication en mat\u00e9riau recycl\u00e9<\/p>","protected":false},"featured_media":23539,"comment_status":"closed","ping_status":"open","template":"","meta":[],"product_brand":[375],"product_cat":[213,709,216],"product_tag":[365,368,422,421],"class_list":["post-46104","product","type-product","status-publish","has-post-thumbnail","product_brand-vaude","product_cat-boutique","product_cat-veste","product_cat-vetements","product_tag-boutique","product_tag-vente","product_tag-vente-vetement","product_tag-vetement","pa_couleur-black","pa_couleur-deep-pond","pa_couleur-tobacco","pa_taille-436","pa_taille-437","pa_taille-438","pa_taille-439","pa_taille-440","pa_taille-441","pa_taille-459","first","instock","purchasable","product-type-variable"],"_links":{"self":[{"href":"https:\/\/www.tracea.ch\/it\/wp-json\/wp\/v2\/product\/46104","targetHints":{"allow":["GET"]}}],"collection":[{"href":"https:\/\/www.tracea.ch\/it\/wp-json\/wp\/v2\/product"}],"about":[{"href":"https:\/\/www.tracea.ch\/it\/wp-json\/wp\/v2\/types\/product"}],"replies":[{"embeddable":true,"href":"https:\/\/www.tracea.ch\/it\/wp-json\/wp\/v2\/comments?post=46104"}],"version-history":[{"count":1,"href":"https:\/\/www.tracea.ch\/it\/wp-json\/wp\/v2\/product\/46104\/revisions"}],"predecessor-version":[{"id":46105,"href":"https:\/\/www.tracea.ch\/it\/wp-json\/wp\/v2\/product\/46104\/revisions\/46105"}],"wp:featuredmedia":[{"embeddable":true,"href":"https:\/\/www.tracea.ch\/it\/wp-json\/wp\/v2\/media\/23539"}],"wp:attachment":[{"href":"https:\/\/www.tracea.ch\/it\/wp-json\/wp\/v2\/media?parent=46104"}],"wp:term":[{"taxonomy":"product_brand","embeddable":true,"href":"https:\/\/www.tracea.ch\/it\/wp-json\/wp\/v2\/product_brand?post=46104"},{"taxonomy":"product_cat","embeddable":true,"href":"https:\/\/www.tracea.ch\/it\/wp-json\/wp\/v2\/product_cat?post=46104"},{"taxonomy":"product_tag","embeddable":true,"href":"https:\/\/www.tracea.ch\/it\/wp-json\/wp\/v2\/product_tag?post=46104"}],"curies":[{"name":"wp","href":"https:\/\/api.w.org\/{rel}","templated":true}]}}