{"id":46245,"date":"2026-07-08T12:41:43","date_gmt":"2026-07-08T12:41:43","guid":{"rendered":"https:\/\/www.tracea.ch\/boutique\/non%20class\u00e9\/womens-moena-softshell-parka\/"},"modified":"2026-07-08T12:42:45","modified_gmt":"2026-07-08T12:42:45","slug":"womens-moena-softshell-parka","status":"publish","type":"product","link":"https:\/\/www.tracea.ch\/it\/boutique\/womens-moena-softshell-parka\/","title":{"rendered":"Women&rsquo;s Moena Softshell Parka"},"content":{"rendered":"<p>Convient parfaitement \u00e0 la randonn\u00e9e comme au quotidien de par son c\u00f4t\u00e9 minimaliste: la parka softshell Moena pour femme en polyester recycl\u00e9. L&rsquo;int\u00e9rieur est de plus dot\u00e9 d&rsquo;une polaire chaude tr\u00e8s douce; la membrane Windproof100 et les bords en Lycra aux poignets \u00e9cartent le vent. La capuche est attenante et r\u00e9glable. Un zip bidirectionnel et deux poches frontales zipp\u00e9es viennent compl\u00e9ter l&rsquo;\u00e9quipement de la parka softshell Moena pour femme, qui est dot\u00e9e de la finition d\u00e9perlante et antisalissures Eco Finish sans PFC. Le label Green Shape de VAUDE garantit un produit \u00e9cologique, fonctionnel et fabriqu\u00e9 dans des mat\u00e9riaux durables certifi\u00e9s bluesign\u00ae.<\/p>\n<p><em>int\u00e9rieur en mati\u00e8re gratt\u00e9e, 2 poches frontales dissimul\u00e9es avec zip, manches pr\u00e9form\u00e9es, zip frontal double-sens avec rabat, bordure poignets en lycra, capuche mont\u00e9e et r\u00e9glable en largeur<\/em><\/p>","protected":false},"excerpt":{"rendered":"<p>Parka softshell femme sobre pour la randonn\u00e9e et le quotidien #avec Windproof;100 #face int\u00e9rieure en polaire tr\u00e8s douce #fabrication compl\u00e8te en polyester recycl\u00e9<\/p>","protected":false},"featured_media":23587,"comment_status":"closed","ping_status":"open","template":"","meta":[],"product_brand":[375],"product_cat":[213,709,216],"product_tag":[365,368,422,421],"class_list":["post-46245","product","type-product","status-publish","has-post-thumbnail","product_brand-vaude","product_cat-boutique","product_cat-veste","product_cat-vetements","product_tag-boutique","product_tag-vente","product_tag-vente-vetement","product_tag-vetement","pa_couleur-buckeye","pa_couleur-dark-sea","pa_couleur-dark-sea-brown","pa_couleur-phantom-black","pa_taille-436","pa_taille-437","pa_taille-438","pa_taille-439","pa_taille-440","pa_taille-441","first","instock","purchasable","product-type-variable"],"_links":{"self":[{"href":"https:\/\/www.tracea.ch\/it\/wp-json\/wp\/v2\/product\/46245","targetHints":{"allow":["GET"]}}],"collection":[{"href":"https:\/\/www.tracea.ch\/it\/wp-json\/wp\/v2\/product"}],"about":[{"href":"https:\/\/www.tracea.ch\/it\/wp-json\/wp\/v2\/types\/product"}],"replies":[{"embeddable":true,"href":"https:\/\/www.tracea.ch\/it\/wp-json\/wp\/v2\/comments?post=46245"}],"version-history":[{"count":1,"href":"https:\/\/www.tracea.ch\/it\/wp-json\/wp\/v2\/product\/46245\/revisions"}],"predecessor-version":[{"id":46246,"href":"https:\/\/www.tracea.ch\/it\/wp-json\/wp\/v2\/product\/46245\/revisions\/46246"}],"wp:featuredmedia":[{"embeddable":true,"href":"https:\/\/www.tracea.ch\/it\/wp-json\/wp\/v2\/media\/23587"}],"wp:attachment":[{"href":"https:\/\/www.tracea.ch\/it\/wp-json\/wp\/v2\/media?parent=46245"}],"wp:term":[{"taxonomy":"product_brand","embeddable":true,"href":"https:\/\/www.tracea.ch\/it\/wp-json\/wp\/v2\/product_brand?post=46245"},{"taxonomy":"product_cat","embeddable":true,"href":"https:\/\/www.tracea.ch\/it\/wp-json\/wp\/v2\/product_cat?post=46245"},{"taxonomy":"product_tag","embeddable":true,"href":"https:\/\/www.tracea.ch\/it\/wp-json\/wp\/v2\/product_tag?post=46245"}],"curies":[{"name":"wp","href":"https:\/\/api.w.org\/{rel}","templated":true}]}}