{"id":47165,"date":"2026-07-08T13:06:46","date_gmt":"2026-07-08T13:06:46","guid":{"rendered":"https:\/\/www.tracea.ch\/boutique\/non%20class\u00e9\/mens-kuro-softshell-jacket-ii\/"},"modified":"2026-07-08T13:07:26","modified_gmt":"2026-07-08T13:07:26","slug":"mens-kuro-softshell-jacket-ii","status":"publish","type":"product","link":"https:\/\/www.tracea.ch\/it\/boutique\/mens-kuro-softshell-jacket-ii\/","title":{"rendered":"Men&rsquo;s Kuro Softshell Jacket II"},"content":{"rendered":"<p>Veste softshell homme ultra fonctionnelle pour les adeptes chevronn\u00e9s du gravel. La veste est enti\u00e8rement coupe-vent et d\u00e9perlante, et est compos\u00e9e de deux mati\u00e8res softshell diff\u00e9remment chauffantes afin d&rsquo;offrir une r\u00e9gulation thermique optimale. Des petites perforations \u00e0 l&rsquo;arri\u00e8re des \u00e9paules garantissent en plus une bonne r\u00e9gulation thermique. La veste softshell cycliste Kuro pour homme pr\u00e9sente une coupe \u00e0 la pointe de la performance. Le dos allong\u00e9 pourvu avec la ceinture \u00e9lastique VAUDE et des empi\u00e8cements en silicone \u00e0 l&rsquo;arri\u00e8re assurent le parfait maintien de la veste. La veste cycliste softshell Kuro pour homme offre un bel espace de rangement avec ses trois poches dorsales ouvertes, une petite poche et une poche poitrine zipp\u00e9es. Les manches allong\u00e9es et pr\u00e9form\u00e9es avec des poignets recouvrant le dos de la main et des \u00e9l\u00e9ments r\u00e9fl\u00e9chissants d\u00e9coratifs \u00e0 la poitrine et au niveau des coudes compl\u00e8tent ses prestations. La veste est appr\u00eat\u00e9e avec la finition d\u00e9perlante Eco Finish sans PVC. La veste cycliste softshell pour homme Kuro est la mieux assortie au legging Kuro Warm Bib Tights. Les deux produits sont certifi\u00e9s selon la norme environnementale la plus stricte bluesign\u00ae. Le label Green Shape de VAUDE garantit un produit \u00e9cologique, fonctionnel et fabriqu\u00e9 dans des mat\u00e9riaux durables.<\/p>\n<p><em>3 poches dorsales avec petite poche zipp\u00e9e, manches pr\u00e9form\u00e9es, coupe rallong\u00e9e dans le dos, ceinture avec partie anti-d\u00e9rapant dans le dos, 1 poche poitrine avec zipp\u00e9e, poignets et ceinture \u00e9lastiques, \u00e9l\u00e9ments r\u00e9fl\u00e9chissants<\/em><\/p>","protected":false},"excerpt":{"rendered":"<p>Veste softshell chaude homme pour la pratique du gravel #coupe-vent et d\u00e9perlante, respirante #3 poches arri\u00e8re, y compris une petite poche pour les cl\u00e9s #mati\u00e8re principale essentiellement en polyester recycl\u00e9<\/p>","protected":false},"featured_media":24657,"comment_status":"closed","ping_status":"open","template":"","meta":[],"product_brand":[375],"product_cat":[213,709,216],"product_tag":[365,368,422,421],"class_list":["post-47165","product","type-product","status-publish","has-post-thumbnail","product_brand-vaude","product_cat-boutique","product_cat-veste","product_cat-vetements","product_tag-boutique","product_tag-vente","product_tag-vente-vetement","product_tag-vetement","pa_couleur-black","pa_couleur-carmine","pa_couleur-neon-yellow","pa_taille-l","pa_taille-m","pa_taille-s","pa_taille-xl","pa_taille-xxl","first","instock","purchasable","product-type-variable"],"_links":{"self":[{"href":"https:\/\/www.tracea.ch\/it\/wp-json\/wp\/v2\/product\/47165","targetHints":{"allow":["GET"]}}],"collection":[{"href":"https:\/\/www.tracea.ch\/it\/wp-json\/wp\/v2\/product"}],"about":[{"href":"https:\/\/www.tracea.ch\/it\/wp-json\/wp\/v2\/types\/product"}],"replies":[{"embeddable":true,"href":"https:\/\/www.tracea.ch\/it\/wp-json\/wp\/v2\/comments?post=47165"}],"version-history":[{"count":1,"href":"https:\/\/www.tracea.ch\/it\/wp-json\/wp\/v2\/product\/47165\/revisions"}],"predecessor-version":[{"id":47166,"href":"https:\/\/www.tracea.ch\/it\/wp-json\/wp\/v2\/product\/47165\/revisions\/47166"}],"wp:featuredmedia":[{"embeddable":true,"href":"https:\/\/www.tracea.ch\/it\/wp-json\/wp\/v2\/media\/24657"}],"wp:attachment":[{"href":"https:\/\/www.tracea.ch\/it\/wp-json\/wp\/v2\/media?parent=47165"}],"wp:term":[{"taxonomy":"product_brand","embeddable":true,"href":"https:\/\/www.tracea.ch\/it\/wp-json\/wp\/v2\/product_brand?post=47165"},{"taxonomy":"product_cat","embeddable":true,"href":"https:\/\/www.tracea.ch\/it\/wp-json\/wp\/v2\/product_cat?post=47165"},{"taxonomy":"product_tag","embeddable":true,"href":"https:\/\/www.tracea.ch\/it\/wp-json\/wp\/v2\/product_tag?post=47165"}],"curies":[{"name":"wp","href":"https:\/\/api.w.org\/{rel}","templated":true}]}}