{"id":47564,"date":"2026-07-08T13:19:16","date_gmt":"2026-07-08T13:19:16","guid":{"rendered":"https:\/\/www.tracea.ch\/boutique\/non%20class\u00e9\/mens-coreway-insulation-jacket\/"},"modified":"2026-07-08T13:19:42","modified_gmt":"2026-07-08T13:19:42","slug":"mens-coreway-insulation-jacket","status":"publish","type":"product","link":"https:\/\/www.tracea.ch\/it\/boutique\/mens-coreway-insulation-jacket\/","title":{"rendered":"Men&rsquo;s Coreway Insulation Jacket"},"content":{"rendered":"<p>Affronter les temp\u00e9ratures n\u00e9gatives et le vent glacial en ville n&rsquo;est pas une difficult\u00e9 avec cette veste d&rsquo;hiver homme l\u00e9g\u00e8re et ultra isolante thermique. L&rsquo;isolation PrimaLoft\u00ae Rise fonctionnelle retient la chaleur corporelle. Les poignets, la taille munie d&rsquo;un cordon de serrage et la capuche r\u00e9glable de la veste d&rsquo;hiver homme repoussent efficacement le vent et le froid. Autre d\u00e9tail pratique\u00a0: la poche int\u00e9rieure est \u00e9galement accessible \u00e0 travers la veste ferm\u00e9e. Deux poches zipp\u00e9es r\u00e9chauffent les doigts et permettent de conserver des cl\u00e9s et des mouchoirs en toute s\u00e9curit\u00e9. Si le zip frontal devait s&rsquo;abimer, il est tr\u00e8s ais\u00e9 de le remplacer de fa\u00e7on \u00e0 pouvoir profiter de nombreuses ann\u00e9es de la veste d&rsquo;hiver pour homme Coreway. Elle est de plus appr\u00eat\u00e9e avec la finition \u00e9cologique, d\u00e9perlante et antisalissures Eco Finish sans fluorocarbures (PFC) pour affronter sans probl\u00e8me une pluie fine. Le label Green Shape de VAUDE garantit un produit \u00e9cologique, fonctionnel et fabriqu\u00e9 dans des mat\u00e9riaux durables. En tant que membre Leader de l&rsquo;organisme ind\u00e9pendant Fair Wear, VAUDE s&rsquo;engage en faveur de conditions de travail et de salaires \u00e9quitables.<\/p>\n<p><em>ouat\u00e9, capuche mont\u00e9e et r\u00e9glable en largeur, fermeture \u00e9clair avec rabat int\u00e9rieur et ext\u00e9rieur sur le devant, avec zip facilement r\u00e9parable, 2 poches frontales avec fermeture \u00e9clair, bords c\u00f4tes \u00e0 l\u2019ourlet de manche, cordon \u00e0 la ceinture r\u00e9glable par les poches<\/em><\/p>","protected":false},"excerpt":{"rendered":"<p>Veste d&rsquo;hiver isolante et chaude, urbaine pour homme #poche int\u00e9rieure aussi accessible de l&rsquo;ext\u00e9rieur #poignet avec bordures c\u00f4tel\u00e9es #mati\u00e8re principale, matelassage et doublure en polyester recycl\u00e9<\/p>","protected":false},"featured_media":24954,"comment_status":"closed","ping_status":"open","template":"","meta":[],"product_brand":[375],"product_cat":[213,709,216],"product_tag":[365,368,422,421],"class_list":["post-47564","product","type-product","status-publish","has-post-thumbnail","product_brand-vaude","product_cat-boutique","product_cat-veste","product_cat-vetements","product_tag-boutique","product_tag-vente","product_tag-vente-vetement","product_tag-vetement","pa_couleur-black","pa_couleur-linen","pa_taille-l","pa_taille-m","pa_taille-s","pa_taille-xl","pa_taille-xxl","first","instock","purchasable","product-type-variable"],"_links":{"self":[{"href":"https:\/\/www.tracea.ch\/it\/wp-json\/wp\/v2\/product\/47564","targetHints":{"allow":["GET"]}}],"collection":[{"href":"https:\/\/www.tracea.ch\/it\/wp-json\/wp\/v2\/product"}],"about":[{"href":"https:\/\/www.tracea.ch\/it\/wp-json\/wp\/v2\/types\/product"}],"replies":[{"embeddable":true,"href":"https:\/\/www.tracea.ch\/it\/wp-json\/wp\/v2\/comments?post=47564"}],"version-history":[{"count":1,"href":"https:\/\/www.tracea.ch\/it\/wp-json\/wp\/v2\/product\/47564\/revisions"}],"predecessor-version":[{"id":47565,"href":"https:\/\/www.tracea.ch\/it\/wp-json\/wp\/v2\/product\/47564\/revisions\/47565"}],"wp:featuredmedia":[{"embeddable":true,"href":"https:\/\/www.tracea.ch\/it\/wp-json\/wp\/v2\/media\/24954"}],"wp:attachment":[{"href":"https:\/\/www.tracea.ch\/it\/wp-json\/wp\/v2\/media?parent=47564"}],"wp:term":[{"taxonomy":"product_brand","embeddable":true,"href":"https:\/\/www.tracea.ch\/it\/wp-json\/wp\/v2\/product_brand?post=47564"},{"taxonomy":"product_cat","embeddable":true,"href":"https:\/\/www.tracea.ch\/it\/wp-json\/wp\/v2\/product_cat?post=47564"},{"taxonomy":"product_tag","embeddable":true,"href":"https:\/\/www.tracea.ch\/it\/wp-json\/wp\/v2\/product_tag?post=47564"}],"curies":[{"name":"wp","href":"https:\/\/api.w.org\/{rel}","templated":true}]}}