{"id":47763,"date":"2026-07-08T13:24:24","date_gmt":"2026-07-08T13:24:24","guid":{"rendered":"https:\/\/www.tracea.ch\/boutique\/non%20class\u00e9\/mens-moab-pro-rain-jacket\/"},"modified":"2026-07-08T13:25:04","modified_gmt":"2026-07-08T13:25:04","slug":"mens-moab-pro-rain-jacket","status":"publish","type":"product","link":"https:\/\/www.tracea.ch\/it\/boutique\/mens-moab-pro-rain-jacket\/","title":{"rendered":"Men&rsquo;s Moab Pro Rain Jacket"},"content":{"rendered":"<p>La veste de pluie robuste pour v\u00e9t\u00e9tiste ambitieux\u00a0! Cette veste de pluie VTT homme est pourvue de la membrane Ceplex Pro avec une colonne d&rsquo;eau de 20\u00a0000\u00a0mm. Lorsque l&rsquo;activit\u00e9 s&rsquo;intensifie, on peut se rafraichir rapidement gr\u00e2ce \u00e0 l&rsquo;a\u00e9ration sous les aisselles. Les empi\u00e8cements stretch au dos, sur les c\u00f4t\u00e9s et dans les manches offrent une belle amplitude de mouvement. Nous sommes particuli\u00e8rement fiers de la capuche\u00a0: elle s&rsquo;enfile sur le casque et sa coupe laisse une belle amplitude au champ de vision. De plus, elle s&rsquo;ajuste ais\u00e9ment \u00e0 l&rsquo;aide d&rsquo;un cordon. Les poignets et la ceinture sont \u00e9galement r\u00e9glables. Les manches quant \u00e0 elles sont pr\u00e9form\u00e9es, pour que la veste de pluie VTT pour homme \u00e9pouse agr\u00e9ablement le corps. Les deux poches sont g\u00e9n\u00e9ralement accessibles malgr\u00e9 le port d&rsquo;un sac banane ou de stabilisateurs. Le label Green Shape de VAUDE garantit un produit \u00e9cologique, fonctionnel et fabriqu\u00e9 dans des mat\u00e9riaux durables.<\/p>\n<p><em>Veste 2,5 \u00e9paisseur, poches de devant avec zip \u00e9tanche, ventilation sous le bras gr\u00e2ce \u00e0 une fermeture \u00e9clair \u00e9tanche, manches pr\u00e9form\u00e9es, parties en stretch, zip double sens hydrophobe avec rabat int\u00e9rieur sur le devant, cordon \u00e0 la ceinture r\u00e9glable par les poches, poignets r\u00e9glables, capuche mont\u00e9e, enroulable et ajustable en largeur, Capuche compatible avec un casque, colourblock, \u00e9l\u00e9ments r\u00e9fl\u00e9chissants<\/em><\/p>","protected":false},"excerpt":{"rendered":"<p>Veste de pluie VTT r\u00e9sistante pour hommes #capuche compatible avec casque #Protection maximale contre les intemp\u00e9ries : imperm\u00e9able, coupe-vent et extr\u00eamement respirante #tissu principal principalement fabriqu\u00e9 en polyester recycl\u00e9<\/p>","protected":false},"featured_media":25096,"comment_status":"closed","ping_status":"open","template":"","meta":[],"product_brand":[375],"product_cat":[213,709,216],"product_tag":[365,368,422,421],"class_list":["post-47763","product","type-product","status-publish","has-post-thumbnail","product_brand-vaude","product_cat-boutique","product_cat-veste","product_cat-vetements","product_tag-boutique","product_tag-vente","product_tag-vente-vetement","product_tag-vetement","pa_couleur-black","pa_couleur-deep-pond","pa_couleur-glowing-red","pa_taille-l","pa_taille-m","pa_taille-s","pa_taille-xl","pa_taille-xxl","pa_taille-xxxl","first","instock","purchasable","product-type-variable"],"_links":{"self":[{"href":"https:\/\/www.tracea.ch\/it\/wp-json\/wp\/v2\/product\/47763","targetHints":{"allow":["GET"]}}],"collection":[{"href":"https:\/\/www.tracea.ch\/it\/wp-json\/wp\/v2\/product"}],"about":[{"href":"https:\/\/www.tracea.ch\/it\/wp-json\/wp\/v2\/types\/product"}],"replies":[{"embeddable":true,"href":"https:\/\/www.tracea.ch\/it\/wp-json\/wp\/v2\/comments?post=47763"}],"version-history":[{"count":1,"href":"https:\/\/www.tracea.ch\/it\/wp-json\/wp\/v2\/product\/47763\/revisions"}],"predecessor-version":[{"id":47764,"href":"https:\/\/www.tracea.ch\/it\/wp-json\/wp\/v2\/product\/47763\/revisions\/47764"}],"wp:featuredmedia":[{"embeddable":true,"href":"https:\/\/www.tracea.ch\/it\/wp-json\/wp\/v2\/media\/25096"}],"wp:attachment":[{"href":"https:\/\/www.tracea.ch\/it\/wp-json\/wp\/v2\/media?parent=47763"}],"wp:term":[{"taxonomy":"product_brand","embeddable":true,"href":"https:\/\/www.tracea.ch\/it\/wp-json\/wp\/v2\/product_brand?post=47763"},{"taxonomy":"product_cat","embeddable":true,"href":"https:\/\/www.tracea.ch\/it\/wp-json\/wp\/v2\/product_cat?post=47763"},{"taxonomy":"product_tag","embeddable":true,"href":"https:\/\/www.tracea.ch\/it\/wp-json\/wp\/v2\/product_tag?post=47763"}],"curies":[{"name":"wp","href":"https:\/\/api.w.org\/{rel}","templated":true}]}}