{"id":47841,"date":"2026-07-08T13:27:05","date_gmt":"2026-07-08T13:27:05","guid":{"rendered":"https:\/\/www.tracea.ch\/boutique\/non%20class\u00e9\/mens-moab-pro-softshell-jacket\/"},"modified":"2026-07-08T13:27:54","modified_gmt":"2026-07-08T13:27:54","slug":"mens-moab-pro-softshell-jacket","status":"publish","type":"product","link":"https:\/\/www.tracea.ch\/it\/boutique\/mens-moab-pro-softshell-jacket\/","title":{"rendered":"Men&rsquo;s Moab Pro Softshell Jacket"},"content":{"rendered":"<p>Cette veste softshell homme est con\u00e7ue pour le v\u00e9t\u00e9tiste exigeant. Elle est \u00e9tanche au vent et agr\u00e9ablement douce sur sa face int\u00e9rieure. Des perforations sous les bras ainsi que des empi\u00e8cements stretch sur les c\u00f4t\u00e9s et les coudes ventilent agr\u00e9ablement le torse. Les deux poches avant peuvent s&rsquo;ouvrir en plus. Nous avons veill\u00e9 \u00e0 les placer de telle mani\u00e8re \u00e0 pouvoir y acc\u00e9der malgr\u00e9 le port d&rsquo;un sac banane ou des stabilisateurs du sac \u00e0 dos. La veste softshell VTT homme est dot\u00e9 de la finition d\u00e9perlante et antisalissures Eco Finish sans PFC. Le label Green Shape de VAUDE garantit un produit \u00e9cologique, fonctionnel et fabriqu\u00e9 dans des mat\u00e9riaux durables.<\/p>\n<p><em>manches pr\u00e9form\u00e9es, mati\u00e8re \u00e9lastique, 2 poches frontales avec fermeture \u00e9clair, zip frontal double-sens avec rabat, poignets \u00e9lastiques, ceinture en partie \u00e9lastique, ventilation d\u00e9coup\u00e9e au laser aux aisselles, possibilit\u00e9 de ventilation par les poches frontales, parties en couleur contrastante, \u00e9l\u00e9ments r\u00e9fl\u00e9chissants<\/em><\/p>","protected":false},"excerpt":{"rendered":"<p>Veste softshell VTT homme l\u00e9g\u00e8re #manches pr\u00e9form\u00e9es #avec empi\u00e8cements stretch aux c\u00f4t\u00e9s et aux coudes #tissu principal principalement fabriqu\u00e9 en polyester recycl\u00e9<\/p>","protected":false},"featured_media":25116,"comment_status":"closed","ping_status":"open","template":"","meta":[],"product_brand":[375],"product_cat":[213,709,216],"product_tag":[365,368,422,421],"class_list":["post-47841","product","type-product","status-publish","has-post-thumbnail","product_brand-vaude","product_cat-boutique","product_cat-veste","product_cat-vetements","product_tag-boutique","product_tag-vente","product_tag-vente-vetement","product_tag-vetement","pa_couleur-black","pa_couleur-deep-pond","pa_couleur-neon-yellow","pa_taille-l","pa_taille-m","pa_taille-s","pa_taille-xl","pa_taille-xxl","first","instock","purchasable","product-type-variable"],"_links":{"self":[{"href":"https:\/\/www.tracea.ch\/it\/wp-json\/wp\/v2\/product\/47841","targetHints":{"allow":["GET"]}}],"collection":[{"href":"https:\/\/www.tracea.ch\/it\/wp-json\/wp\/v2\/product"}],"about":[{"href":"https:\/\/www.tracea.ch\/it\/wp-json\/wp\/v2\/types\/product"}],"replies":[{"embeddable":true,"href":"https:\/\/www.tracea.ch\/it\/wp-json\/wp\/v2\/comments?post=47841"}],"version-history":[{"count":1,"href":"https:\/\/www.tracea.ch\/it\/wp-json\/wp\/v2\/product\/47841\/revisions"}],"predecessor-version":[{"id":47842,"href":"https:\/\/www.tracea.ch\/it\/wp-json\/wp\/v2\/product\/47841\/revisions\/47842"}],"wp:featuredmedia":[{"embeddable":true,"href":"https:\/\/www.tracea.ch\/it\/wp-json\/wp\/v2\/media\/25116"}],"wp:attachment":[{"href":"https:\/\/www.tracea.ch\/it\/wp-json\/wp\/v2\/media?parent=47841"}],"wp:term":[{"taxonomy":"product_brand","embeddable":true,"href":"https:\/\/www.tracea.ch\/it\/wp-json\/wp\/v2\/product_brand?post=47841"},{"taxonomy":"product_cat","embeddable":true,"href":"https:\/\/www.tracea.ch\/it\/wp-json\/wp\/v2\/product_cat?post=47841"},{"taxonomy":"product_tag","embeddable":true,"href":"https:\/\/www.tracea.ch\/it\/wp-json\/wp\/v2\/product_tag?post=47841"}],"curies":[{"name":"wp","href":"https:\/\/api.w.org\/{rel}","templated":true}]}}