{"id":48251,"date":"2026-07-08T13:40:33","date_gmt":"2026-07-08T13:40:33","guid":{"rendered":"https:\/\/www.tracea.ch\/boutique\/non%20class\u00e9\/womens-mineo-rain-jacket\/"},"modified":"2026-07-08T13:41:52","modified_gmt":"2026-07-08T13:41:52","slug":"womens-mineo-rain-jacket","status":"publish","type":"product","link":"https:\/\/www.tracea.ch\/it\/boutique\/womens-mineo-rain-jacket\/","title":{"rendered":"Women&rsquo;s Mineo Rain Jacket"},"content":{"rendered":"<p>La veste de pluie Mineo pour femme urbaine et \u00e0 coupe ample est ultratendance. Avec ses \u00e9paules tombantes \u00e0 la mode, une capuche r\u00e9glable en largeur, deux poches en biais zipp\u00e9es et des \u00e9l\u00e9ments r\u00e9fl\u00e9chissants. La mati\u00e8re respirante est l\u00e9g\u00e8re, d\u00e9perlante, \u00e9tanche au vent et antisalissures. Le cordon de serrage dans les poches en biais permet d&rsquo;ajuster l&rsquo;ouverture. La doublure de la veste de pluie femme est compos\u00e9e d&rsquo;un tissu filet l\u00e9ger et d&rsquo;un taffetas doux. Elle est compressible et forme une tenue tendance pour la ville du printemps \u00e0 l&rsquo;automne. Au fait\u00a0: le zip continu peut \u00eatre ais\u00e9ment r\u00e9par\u00e9 en cas de besoin, ce qui allonge la dur\u00e9e de vie du produit. Le label Green Shape de VAUDE garantit un produit \u00e9cologique, fonctionnel et fabriqu\u00e9 dans des mat\u00e9riaux durables. En tant que membre Leader de l&rsquo;organisme ind\u00e9pendant Fair Wear, VAUDE s&rsquo;engage en faveur de conditions de travail et de salaires \u00e9quitables.<\/p>\n<p><em>mati\u00e8re double \u00e9paisseur, capuche mont\u00e9e et r\u00e9glable en largeur, fermeture \u00e9clair avec rabat int\u00e9rieur et ext\u00e9rieur sur le devant, avec zip facilement r\u00e9parable, 2 poches frontales avec fermeture \u00e9clair, cordon \u00e0 la ceinture avec syst\u00e8me de r\u00e9glage \u00e0 une main, poignets \u00e9lastiques, doublure en filet et manches doubl\u00e9es en taffetas<\/em><\/p>","protected":false},"excerpt":{"rendered":"<p>Veste de pluie femme urbaine pour le quotidien urbain #mati\u00e8re \u00e9tanche au vent l\u00e9g\u00e8re #imperm\u00e9able et antisalissures #mati\u00e8re principale en polyester 100\u00a0% recycl\u00e9<\/p>","protected":false},"featured_media":26671,"comment_status":"closed","ping_status":"open","template":"","meta":[],"product_brand":[375],"product_cat":[213,709,216],"product_tag":[365,368,422,421],"class_list":["post-48251","product","type-product","status-publish","has-post-thumbnail","product_brand-vaude","product_cat-boutique","product_cat-veste","product_cat-vetements","product_tag-boutique","product_tag-vente","product_tag-vente-vetement","product_tag-vetement","pa_couleur-black","pa_couleur-lavender","pa_couleur-linen","pa_couleur-raspberry","pa_couleur-tobacco","pa_taille-436","pa_taille-437","pa_taille-438","pa_taille-439","pa_taille-440","pa_taille-441","first","instock","purchasable","product-type-variable"],"_links":{"self":[{"href":"https:\/\/www.tracea.ch\/it\/wp-json\/wp\/v2\/product\/48251","targetHints":{"allow":["GET"]}}],"collection":[{"href":"https:\/\/www.tracea.ch\/it\/wp-json\/wp\/v2\/product"}],"about":[{"href":"https:\/\/www.tracea.ch\/it\/wp-json\/wp\/v2\/types\/product"}],"replies":[{"embeddable":true,"href":"https:\/\/www.tracea.ch\/it\/wp-json\/wp\/v2\/comments?post=48251"}],"version-history":[{"count":1,"href":"https:\/\/www.tracea.ch\/it\/wp-json\/wp\/v2\/product\/48251\/revisions"}],"predecessor-version":[{"id":48252,"href":"https:\/\/www.tracea.ch\/it\/wp-json\/wp\/v2\/product\/48251\/revisions\/48252"}],"wp:featuredmedia":[{"embeddable":true,"href":"https:\/\/www.tracea.ch\/it\/wp-json\/wp\/v2\/media\/26671"}],"wp:attachment":[{"href":"https:\/\/www.tracea.ch\/it\/wp-json\/wp\/v2\/media?parent=48251"}],"wp:term":[{"taxonomy":"product_brand","embeddable":true,"href":"https:\/\/www.tracea.ch\/it\/wp-json\/wp\/v2\/product_brand?post=48251"},{"taxonomy":"product_cat","embeddable":true,"href":"https:\/\/www.tracea.ch\/it\/wp-json\/wp\/v2\/product_cat?post=48251"},{"taxonomy":"product_tag","embeddable":true,"href":"https:\/\/www.tracea.ch\/it\/wp-json\/wp\/v2\/product_tag?post=48251"}],"curies":[{"name":"wp","href":"https:\/\/api.w.org\/{rel}","templated":true}]}}