{"id":48448,"date":"2026-07-08T13:46:35","date_gmt":"2026-07-08T13:46:35","guid":{"rendered":"https:\/\/www.tracea.ch\/boutique\/non%20class\u00e9\/mens-neyland-hiking-sc-jacket\/"},"modified":"2026-07-08T13:47:51","modified_gmt":"2026-07-08T13:47:51","slug":"mens-neyland-hiking-sc-jacket","status":"publish","type":"product","link":"https:\/\/www.tracea.ch\/it\/boutique\/mens-neyland-hiking-sc-jacket\/","title":{"rendered":"Men&rsquo;s Neyland Hiking SC Jacket"},"content":{"rendered":"<p>Plus aucune rando sans la veste polaire Neyland pour homme. La polaire fonctionnelle convient parfaitement comme couche interm\u00e9diaire sous une veste de pluie ou d&rsquo;hiver, mais peut aussi se porter \u00e0 la mi-saison ou en solo sur un sommet balay\u00e9 par les courants d&rsquo;air. La veste polaire homme est tr\u00e8s l\u00e9g\u00e8re mais d\u00e9gage une puissance thermique similaire \u00e0 une polaire conventionnelle. La mati\u00e8re est l\u00e9g\u00e8rement structur\u00e9e \u00e0 l&rsquo;int\u00e9rieur, ce qui permet d&rsquo;\u00e9vacuer efficacement la sueur vers l&rsquo;ext\u00e9rieur et \u00e0 la polaire de s\u00e9cher rapidement. \u00c0 ceci s&rsquo;ajoute que la veste polaire homme est tr\u00e8s facile d&rsquo;entretien, ce que en fait la tenue id\u00e9ale sur des circuits de plusieurs jours. Elle est munie d&rsquo;un col montant et d&rsquo;un zip invisible. Les poches avant zipp\u00e9es peuvent transporter tout ce qui doit rester \u00e0 port\u00e9e de main en cours de randonn\u00e9e. Le label Green Shape de VAUDE garantit un produit \u00e9cologique, fonctionnel et fabriqu\u00e9 dans des mat\u00e9riaux durables.<\/p>\n<p><em>zip frontal avec rabat int\u00e9rieur, 2 poches frontales avec fermeture \u00e9clair<\/em><\/p>","protected":false},"excerpt":{"rendered":"<p>Veste de randonn\u00e9e homme chaude, prenant part au concept d&rsquo;\u00e9conomie circulaire VAUDE #fonctionnelle et chaude #design sportif #mati\u00e8re principale fabriqu\u00e9e en polyester recycl\u00e9<\/p>","protected":false},"featured_media":28497,"comment_status":"closed","ping_status":"open","template":"","meta":[],"product_brand":[375],"product_cat":[213,709,216],"product_tag":[365,368,422,421],"class_list":["post-48448","product","type-product","status-publish","has-post-thumbnail","product_brand-vaude","product_cat-boutique","product_cat-veste","product_cat-vetements","product_tag-boutique","product_tag-vente","product_tag-vente-vetement","product_tag-vetement","pa_couleur-agave","pa_couleur-black","pa_couleur-dark-leaf","pa_couleur-dark-sea","pa_couleur-turf","pa_taille-l","pa_taille-m","pa_taille-s","pa_taille-xl","pa_taille-xxl","pa_taille-xxxl","first","instock","purchasable","product-type-variable"],"_links":{"self":[{"href":"https:\/\/www.tracea.ch\/it\/wp-json\/wp\/v2\/product\/48448","targetHints":{"allow":["GET"]}}],"collection":[{"href":"https:\/\/www.tracea.ch\/it\/wp-json\/wp\/v2\/product"}],"about":[{"href":"https:\/\/www.tracea.ch\/it\/wp-json\/wp\/v2\/types\/product"}],"replies":[{"embeddable":true,"href":"https:\/\/www.tracea.ch\/it\/wp-json\/wp\/v2\/comments?post=48448"}],"version-history":[{"count":1,"href":"https:\/\/www.tracea.ch\/it\/wp-json\/wp\/v2\/product\/48448\/revisions"}],"predecessor-version":[{"id":48449,"href":"https:\/\/www.tracea.ch\/it\/wp-json\/wp\/v2\/product\/48448\/revisions\/48449"}],"wp:featuredmedia":[{"embeddable":true,"href":"https:\/\/www.tracea.ch\/it\/wp-json\/wp\/v2\/media\/28497"}],"wp:attachment":[{"href":"https:\/\/www.tracea.ch\/it\/wp-json\/wp\/v2\/media?parent=48448"}],"wp:term":[{"taxonomy":"product_brand","embeddable":true,"href":"https:\/\/www.tracea.ch\/it\/wp-json\/wp\/v2\/product_brand?post=48448"},{"taxonomy":"product_cat","embeddable":true,"href":"https:\/\/www.tracea.ch\/it\/wp-json\/wp\/v2\/product_cat?post=48448"},{"taxonomy":"product_tag","embeddable":true,"href":"https:\/\/www.tracea.ch\/it\/wp-json\/wp\/v2\/product_tag?post=48448"}],"curies":[{"name":"wp","href":"https:\/\/api.w.org\/{rel}","templated":true}]}}