{"id":49242,"date":"2026-07-08T14:11:02","date_gmt":"2026-07-08T14:11:02","guid":{"rendered":"https:\/\/www.tracea.ch\/boutique\/non%20class\u00e9\/mens-manukau-jacket-iii\/"},"modified":"2026-07-08T14:11:58","modified_gmt":"2026-07-08T14:11:58","slug":"mens-manukau-jacket-iii","status":"publish","type":"product","link":"https:\/\/www.tracea.ch\/it\/boutique\/mens-manukau-jacket-iii\/","title":{"rendered":"Men&rsquo;s Manukau Jacket III"},"content":{"rendered":"<p>Notre best-seller urbain d\u00e9sormais dot\u00e9 d\u2019un atout suppl\u00e9mentaire : la veste d\u2019hiver Manukau pour homme a \u00e9t\u00e9 r\u00e9\u00e9dit\u00e9e avec une polaire sherpa douillette au col et \u00e0 l\u2019int\u00e9rieur de la capuche. Cela donne du punch \u00e0 cette veste d\u2019hiver pour homme, non seulement sur le plan visuel, mais aussi pour tenir bien au chaud par tous les temps. La capuche et l\u2019ourlet peuvent \u00eatre resserr\u00e9s \u00e0 l\u2019aide du cordon de serrage et les manches sont \u00e9galement r\u00e9glables en largeur \u00e0 l\u2019aide du velcro. La membrane respirante, imperm\u00e9able au vent et \u00e0 l\u2019eau et le rembourrage chaud et l\u00e9ger prot\u00e8gent de la pluie, du vent et du froid. Deux poches en biais int\u00e9rieures zipp\u00e9es gardent les doigts au chaud ; une poche int\u00e9rieure zipp\u00e9e permet de ranger les objets importants comme le t\u00e9l\u00e9phone portable ou le porte-monnaie. Cette veste urbaine pour homme est un compagnon intemporel de l\u2019automne au printemps. Cette veste a \u00e9t\u00e9 trait\u00e9e avec Eco Finish, un produit \u00e9cologique qui repousse l\u2019eau et la salet\u00e9 sans fluorocarbone (PFC). Le label Green Shape de VAUDE garantit un produit \u00e9cologique, fonctionnel et fabriqu\u00e9 dans des mat\u00e9riaux durables.<\/p>\n<p><em>mati\u00e8re double \u00e9paisseur, capuche mont\u00e9e et r\u00e9glable en largeur, capuche avec cordon, fermeture \u00e9clair avec rabat int\u00e9rieur et ext\u00e9rieur sur le devant, 2 poches frontales avec zip invers\u00e9, 1poche int\u00e9rieure, poignets r\u00e9glables<\/em><\/p>","protected":false},"excerpt":{"rendered":"<p>Veste d&rsquo;hiver chaude et urbaine pour homme #imperm\u00e9able et \u00e9tanche au vent, respirante #avec poche int\u00e9rieure #mati\u00e8re principale fabriqu\u00e9e \u00e0 100\u00a0% en polyester recycl\u00e9<\/p>","protected":false},"featured_media":42445,"comment_status":"closed","ping_status":"open","template":"","meta":[],"product_brand":[375],"product_cat":[213,709,216],"product_tag":[365,368,422,421],"class_list":["post-49242","product","type-product","status-publish","has-post-thumbnail","product_brand-vaude","product_cat-boutique","product_cat-veste","product_cat-vetements","product_tag-boutique","product_tag-vente","product_tag-vente-vetement","product_tag-vetement","pa_couleur-dark-sea","pa_couleur-khaki","pa_couleur-savanna","pa_couleur-tobacco","pa_taille-l","pa_taille-m","pa_taille-s","pa_taille-xl","pa_taille-xxl","first","instock","purchasable","product-type-variable"],"_links":{"self":[{"href":"https:\/\/www.tracea.ch\/it\/wp-json\/wp\/v2\/product\/49242","targetHints":{"allow":["GET"]}}],"collection":[{"href":"https:\/\/www.tracea.ch\/it\/wp-json\/wp\/v2\/product"}],"about":[{"href":"https:\/\/www.tracea.ch\/it\/wp-json\/wp\/v2\/types\/product"}],"replies":[{"embeddable":true,"href":"https:\/\/www.tracea.ch\/it\/wp-json\/wp\/v2\/comments?post=49242"}],"version-history":[{"count":1,"href":"https:\/\/www.tracea.ch\/it\/wp-json\/wp\/v2\/product\/49242\/revisions"}],"predecessor-version":[{"id":49243,"href":"https:\/\/www.tracea.ch\/it\/wp-json\/wp\/v2\/product\/49242\/revisions\/49243"}],"wp:featuredmedia":[{"embeddable":true,"href":"https:\/\/www.tracea.ch\/it\/wp-json\/wp\/v2\/media\/42445"}],"wp:attachment":[{"href":"https:\/\/www.tracea.ch\/it\/wp-json\/wp\/v2\/media?parent=49242"}],"wp:term":[{"taxonomy":"product_brand","embeddable":true,"href":"https:\/\/www.tracea.ch\/it\/wp-json\/wp\/v2\/product_brand?post=49242"},{"taxonomy":"product_cat","embeddable":true,"href":"https:\/\/www.tracea.ch\/it\/wp-json\/wp\/v2\/product_cat?post=49242"},{"taxonomy":"product_tag","embeddable":true,"href":"https:\/\/www.tracea.ch\/it\/wp-json\/wp\/v2\/product_tag?post=49242"}],"curies":[{"name":"wp","href":"https:\/\/api.w.org\/{rel}","templated":true}]}}