{"id":49389,"date":"2026-07-08T14:15:38","date_gmt":"2026-07-08T14:15:38","guid":{"rendered":"https:\/\/www.tracea.ch\/boutique\/non%20class\u00e9\/womens-skomer-hiver-fleece-jacket\/"},"modified":"2026-07-08T14:17:08","modified_gmt":"2026-07-08T14:17:08","slug":"womens-skomer-hiver-fleece-jacket","status":"publish","type":"product","link":"https:\/\/www.tracea.ch\/it\/boutique\/womens-skomer-hiver-fleece-jacket\/","title":{"rendered":"Women&rsquo;s Skomer Hiver Fleece Jacket"},"content":{"rendered":"<p>Les avantages de la polaire sont \u00e9vidents : elle est l\u00e9g\u00e8re, respirante, robuste, facile d\u2019entretien et s\u00e8che rapidement. Et elle est \u00e9galement bien chaude et douillette dans une qualit\u00e9 de mat\u00e9riau de 300 grammes d\u2019\u00e9paisseur, comme pour la veste polaire d\u2019hiver Skomer III pour femme. Quand elle est port\u00e9e en solo, ses deux spacieuses poches zipp\u00e9es permettent de ranger des affaires indispensables comme le smartphone, le portefeuille et les cl\u00e9s de voiture. Sous un gilet, un hardshell ou une veste d\u2019hiver, la veste polaire d\u2019hiver Skomer III devient une couche interm\u00e9diaire chaude. Le col haut prot\u00e8ge efficacement du vent et peut \u00eatre ajust\u00e9 individuellement gr\u00e2ce \u00e0 un cordon de serrage. Le label Green Shape de VAUDE garantit un produit \u00e9cologique, fonctionnel et fabriqu\u00e9 dans des mat\u00e9riaux durables. En tant que membre Leader de l\u2019organisme ind\u00e9pendant Fair Wear, VAUDE s\u2019engage en faveur de conditions de travail et de salaires \u00e9quitables.<\/p>\n<p><em>fleece 300, zip frontal avec rabat int\u00e9rieur, 2 poches frontales avec fermeture \u00e9clair, long col montant, cordon au col pour l&rsquo;ajustement de la largeur, broderie d\u00e9corative<\/em><\/p>","protected":false},"excerpt":{"rendered":"<p>Veste polaire d&rsquo;hiver femme tr\u00e8s chaude pour la randonn\u00e9e, le voyage et le quotidien, prenant part au concept d&rsquo;\u00e9conomie circulaire VAUDE #col montant avec cordon de serrage prot\u00e9geant du vent et du froid #polaire 300 moelleuse #mati\u00e8re principale fabriqu\u00e9e en polyester recycl\u00e9<\/p>","protected":false},"featured_media":42519,"comment_status":"closed","ping_status":"open","template":"","meta":[],"product_brand":[375],"product_cat":[213,709,216],"product_tag":[365,368,422,421],"class_list":["post-49389","product","type-product","status-publish","has-post-thumbnail","product_brand-vaude","product_cat-boutique","product_cat-veste","product_cat-vetements","product_tag-boutique","product_tag-vente","product_tag-vente-vetement","product_tag-vetement","pa_couleur-dark-iris","pa_couleur-dark-oak","pa_couleur-oat","pa_couleur-phantom-black","pa_taille-466","pa_taille-436","pa_taille-437","pa_taille-438","pa_taille-439","pa_taille-440","pa_taille-441","pa_taille-459","first","instock","purchasable","product-type-variable"],"_links":{"self":[{"href":"https:\/\/www.tracea.ch\/it\/wp-json\/wp\/v2\/product\/49389","targetHints":{"allow":["GET"]}}],"collection":[{"href":"https:\/\/www.tracea.ch\/it\/wp-json\/wp\/v2\/product"}],"about":[{"href":"https:\/\/www.tracea.ch\/it\/wp-json\/wp\/v2\/types\/product"}],"replies":[{"embeddable":true,"href":"https:\/\/www.tracea.ch\/it\/wp-json\/wp\/v2\/comments?post=49389"}],"version-history":[{"count":1,"href":"https:\/\/www.tracea.ch\/it\/wp-json\/wp\/v2\/product\/49389\/revisions"}],"predecessor-version":[{"id":49390,"href":"https:\/\/www.tracea.ch\/it\/wp-json\/wp\/v2\/product\/49389\/revisions\/49390"}],"wp:featuredmedia":[{"embeddable":true,"href":"https:\/\/www.tracea.ch\/it\/wp-json\/wp\/v2\/media\/42519"}],"wp:attachment":[{"href":"https:\/\/www.tracea.ch\/it\/wp-json\/wp\/v2\/media?parent=49389"}],"wp:term":[{"taxonomy":"product_brand","embeddable":true,"href":"https:\/\/www.tracea.ch\/it\/wp-json\/wp\/v2\/product_brand?post=49389"},{"taxonomy":"product_cat","embeddable":true,"href":"https:\/\/www.tracea.ch\/it\/wp-json\/wp\/v2\/product_cat?post=49389"},{"taxonomy":"product_tag","embeddable":true,"href":"https:\/\/www.tracea.ch\/it\/wp-json\/wp\/v2\/product_tag?post=49389"}],"curies":[{"name":"wp","href":"https:\/\/api.w.org\/{rel}","templated":true}]}}