{"id":49435,"date":"2026-07-08T14:17:08","date_gmt":"2026-07-08T14:17:08","guid":{"rendered":"https:\/\/www.tracea.ch\/boutique\/non%20class\u00e9\/womens-skomer-hiver-parka-iii\/"},"modified":"2026-07-08T14:18:25","modified_gmt":"2026-07-08T14:18:25","slug":"womens-skomer-hiver-parka-iii","status":"publish","type":"product","link":"https:\/\/www.tracea.ch\/it\/boutique\/womens-skomer-hiver-parka-iii\/","title":{"rendered":"Women&rsquo;s Skomer Hiver Parka III"},"content":{"rendered":"<p>Le rempart contre les temp\u00e9ratures glaciales : la parka d\u2019hiver Skomer III pour femme n\u2019est pas seulement chaude et douillette, elle r\u00e9siste aussi \u00e0 la pluie et au vent. En plus de la membrane imperm\u00e9able, le tissu ext\u00e9rieur est trait\u00e9 avec Eco Finish, un produit sans PFC qui repousse l\u2019eau et la salet\u00e9. L\u2019isolation sp\u00e9ciale PrimaLoft\u00ae a un gonflant plus important. Cela permet d\u2019obtenir une tr\u00e8s bonne r\u00e9tention de la chaleur malgr\u00e9 le faible poids. La coupe parka longue prot\u00e8ge en outre les fesses et les cuisses du froid. Vers le haut, la capuche r\u00e9glable avec une collerette thermique suppl\u00e9mentaire veille \u00e0 ce que la t\u00eate et le cou ne se refroidissent pas non plus. Pour une libert\u00e9 de mouvement optimale, les manches sont pr\u00e9form\u00e9es et l\u2019ourlet au dos est muni d\u2019une fente. L\u2019\u00e9quipement de la parka d\u2019hiver Skomer III pour femme, adapt\u00e9e au quotidien et \u00e0 la ville, est compl\u00e9t\u00e9 par deux grandes poches avant (avec zips d\u00e9perlants), une poche int\u00e9rieure, des poignets r\u00e9glables, un cordon de serrage \u00e0 la taille et un zip frontal double sens. Le label Green Shape de VAUDE garantit un produit \u00e9cologique, fonctionnel et fabriqu\u00e9 dans des mat\u00e9riaux durables. En tant que membre Leader de l\u2019organisme ind\u00e9pendant Fair Wear, VAUDE s\u2019engage en faveur de conditions de travail et de salaires \u00e9quitables.<\/p>\n<p><em>mati\u00e8re double \u00e9paisseur, doublure en deux parties, partie sup\u00e9rieure en mati\u00e8re gratt\u00e9e, partie inf\u00e9rieure, manches et capuche en taffetas, capuche mont\u00e9e avec col s\u00e9par\u00e9, zip \u00e0 double-sens sur le devant, capuche ajustable en hauteur et en largeur, 2 poches frontales avec zip invers\u00e9, 1 poche int\u00e9rieure zipp\u00e9e, cordon \u00e0 la taille, fente \u00e0 l&rsquo;arri\u00e8re dans la ceinture, manches pr\u00e9form\u00e9es, poignets r\u00e9glables en largeur gr\u00e2ce \u00e0 un velcro, broderie d\u00e9corative<\/em><\/p>","protected":false},"excerpt":{"rendered":"<p>Parka d&rsquo;hiver rembourr\u00e9e pour femme #imperm\u00e9able, \u00e9tanche au vent et respirante #chaleur moelleuse gr\u00e2ce \u00e0 l&rsquo;isolation PrimaLoft\u00ae avec un beau volume gonflant<\/p>","protected":false},"featured_media":42527,"comment_status":"closed","ping_status":"open","template":"","meta":[],"product_brand":[375],"product_cat":[213,709,216],"product_tag":[365,368,422,421],"class_list":["post-49435","product","type-product","status-publish","has-post-thumbnail","product_brand-vaude","product_cat-boutique","product_cat-veste","product_cat-vetements","product_tag-boutique","product_tag-vente","product_tag-vente-vetement","product_tag-vetement","pa_couleur-agave","pa_couleur-buckeye","pa_couleur-linen","pa_couleur-phantom-black","pa_taille-466","pa_taille-436","pa_taille-437","pa_taille-438","pa_taille-439","pa_taille-440","pa_taille-441","first","instock","purchasable","product-type-variable"],"_links":{"self":[{"href":"https:\/\/www.tracea.ch\/it\/wp-json\/wp\/v2\/product\/49435","targetHints":{"allow":["GET"]}}],"collection":[{"href":"https:\/\/www.tracea.ch\/it\/wp-json\/wp\/v2\/product"}],"about":[{"href":"https:\/\/www.tracea.ch\/it\/wp-json\/wp\/v2\/types\/product"}],"replies":[{"embeddable":true,"href":"https:\/\/www.tracea.ch\/it\/wp-json\/wp\/v2\/comments?post=49435"}],"version-history":[{"count":1,"href":"https:\/\/www.tracea.ch\/it\/wp-json\/wp\/v2\/product\/49435\/revisions"}],"predecessor-version":[{"id":49436,"href":"https:\/\/www.tracea.ch\/it\/wp-json\/wp\/v2\/product\/49435\/revisions\/49436"}],"wp:featuredmedia":[{"embeddable":true,"href":"https:\/\/www.tracea.ch\/it\/wp-json\/wp\/v2\/media\/42527"}],"wp:attachment":[{"href":"https:\/\/www.tracea.ch\/it\/wp-json\/wp\/v2\/media?parent=49435"}],"wp:term":[{"taxonomy":"product_brand","embeddable":true,"href":"https:\/\/www.tracea.ch\/it\/wp-json\/wp\/v2\/product_brand?post=49435"},{"taxonomy":"product_cat","embeddable":true,"href":"https:\/\/www.tracea.ch\/it\/wp-json\/wp\/v2\/product_cat?post=49435"},{"taxonomy":"product_tag","embeddable":true,"href":"https:\/\/www.tracea.ch\/it\/wp-json\/wp\/v2\/product_tag?post=49435"}],"curies":[{"name":"wp","href":"https:\/\/api.w.org\/{rel}","templated":true}]}}