{"id":49547,"date":"2026-07-08T14:20:49","date_gmt":"2026-07-08T14:20:49","guid":{"rendered":"https:\/\/www.tracea.ch\/boutique\/non%20class\u00e9\/mens-monviso-fleece-jacket-iii\/"},"modified":"2026-07-08T14:21:57","modified_gmt":"2026-07-08T14:21:57","slug":"mens-monviso-fleece-jacket-iii","status":"publish","type":"product","link":"https:\/\/www.tracea.ch\/it\/boutique\/mens-monviso-fleece-jacket-iii\/","title":{"rendered":"Men&rsquo;s Monviso Fleece Jacket III"},"content":{"rendered":"<p>Que ce soit au sommet, au camp de base ou au quotidien, cette veste polaire \u00e9lastique pour homme allie un design fonctionnel \u00e0 des performances de premier ordre. En tant que couche interm\u00e9diaire id\u00e9ale sous une hardshell, elle est parfaite pour les randonn\u00e9es \u00e0 ski exigeantes, les descentes rapides en freeride et les randonn\u00e9es aventureuses en montagne. La structure gaufr\u00e9e \u00e0 l\u2019int\u00e9rieur \u00e9vacue efficacement l\u2019humidit\u00e9 vers l\u2019ext\u00e9rieur tout en assurant une chaleur agr\u00e9able. Des empi\u00e8cements \u00e9lastiques sur la capuche ajust\u00e9e et les poignets repoussent le vent, tandis que des passe-pouces permettent \u00e0 la veste polaire pour homme de rester bien en place lors de l\u2019application du principe de superposition. Deux poches en biais plus hautes offrent de la place pour les mains froides ou un bonnet suppl\u00e9mentaire et une poche pratique sur la poitrine permet de garder les mouchoirs ou la monnaie \u00e0 port\u00e9e de main. En tant que membre Leader de l\u2019organisme ind\u00e9pendant Fair Wear, VAUDE s\u2019engage en faveur de conditions de travail et de salaires \u00e9quitables.<\/p>\n<p><em>capuche mont\u00e9e, zip frontal avec rabat int\u00e9rieur, 1 poche poitrine, 2 poches frontales avec fermeture \u00e9clair, avec lani\u00e8re pour le pouce<\/em><\/p>","protected":false},"excerpt":{"rendered":"<p>Veste polaire homme tr\u00e8s \u00e9lastique \u00e0 porter en dessous pour les sports de montagne, prenant part au concept d&rsquo;\u00e9conomie circulaire VAUDE #respirante et thermique #agr\u00e9able \u00e0 porter et s\u00e8che rapidement #mati\u00e8re principale fabriqu\u00e9e \u00e0 100\u00a0% en polyester recycl\u00e9<\/p>","protected":false},"featured_media":42556,"comment_status":"closed","ping_status":"open","template":"","meta":[],"product_brand":[375],"product_cat":[213,709,216],"product_tag":[365,368,422,421],"class_list":["post-49547","product","type-product","status-publish","has-post-thumbnail","product_brand-vaude","product_cat-boutique","product_cat-veste","product_cat-vetements","product_tag-boutique","product_tag-vente","product_tag-vente-vetement","product_tag-vetement","pa_couleur-agave","pa_couleur-black","pa_couleur-bright-green","pa_couleur-radiate-blue","pa_couleur-savanna","pa_taille-l","pa_taille-m","pa_taille-s","pa_taille-xl","pa_taille-xxl","first","instock","purchasable","product-type-variable"],"_links":{"self":[{"href":"https:\/\/www.tracea.ch\/it\/wp-json\/wp\/v2\/product\/49547","targetHints":{"allow":["GET"]}}],"collection":[{"href":"https:\/\/www.tracea.ch\/it\/wp-json\/wp\/v2\/product"}],"about":[{"href":"https:\/\/www.tracea.ch\/it\/wp-json\/wp\/v2\/types\/product"}],"replies":[{"embeddable":true,"href":"https:\/\/www.tracea.ch\/it\/wp-json\/wp\/v2\/comments?post=49547"}],"version-history":[{"count":1,"href":"https:\/\/www.tracea.ch\/it\/wp-json\/wp\/v2\/product\/49547\/revisions"}],"predecessor-version":[{"id":49548,"href":"https:\/\/www.tracea.ch\/it\/wp-json\/wp\/v2\/product\/49547\/revisions\/49548"}],"wp:featuredmedia":[{"embeddable":true,"href":"https:\/\/www.tracea.ch\/it\/wp-json\/wp\/v2\/media\/42556"}],"wp:attachment":[{"href":"https:\/\/www.tracea.ch\/it\/wp-json\/wp\/v2\/media?parent=49547"}],"wp:term":[{"taxonomy":"product_brand","embeddable":true,"href":"https:\/\/www.tracea.ch\/it\/wp-json\/wp\/v2\/product_brand?post=49547"},{"taxonomy":"product_cat","embeddable":true,"href":"https:\/\/www.tracea.ch\/it\/wp-json\/wp\/v2\/product_cat?post=49547"},{"taxonomy":"product_tag","embeddable":true,"href":"https:\/\/www.tracea.ch\/it\/wp-json\/wp\/v2\/product_tag?post=49547"}],"curies":[{"name":"wp","href":"https:\/\/api.w.org\/{rel}","templated":true}]}}