{"id":49583,"date":"2026-07-08T14:21:56","date_gmt":"2026-07-08T14:21:56","guid":{"rendered":"https:\/\/www.tracea.ch\/boutique\/non%20class\u00e9\/womens-monviso-warm-jacket\/"},"modified":"2026-07-08T14:22:44","modified_gmt":"2026-07-08T14:22:44","slug":"womens-monviso-warm-jacket","status":"publish","type":"product","link":"https:\/\/www.tracea.ch\/it\/boutique\/womens-monviso-warm-jacket\/","title":{"rendered":"Women&rsquo;s Monviso Warm Jacket"},"content":{"rendered":"<p>La veste isolante Monviso pour femme est la tenue id\u00e9ale pour les randonn\u00e9es en montagne ambitieuses lorsque les temp\u00e9ratures baissent. Gr\u00e2ce au garnissage en PrimaLoft\u00ae, cette veste tient efficacement chaud m\u00eame lorsqu\u2019elle est mouill\u00e9e. Cette veste enti\u00e8rement isol\u00e9e procure une chaleur confortable au sommet ou en descente, tout en offrant une libert\u00e9 de mouvement et une respirabilit\u00e9 maximales. Deux poches en biais lat\u00e9rales et une poche poitrine pratique offrent un espace de rangement pour les petits objets importants. La capuche ajust\u00e9e se glisse facilement sous un casque et l\u2019ourlet r\u00e9glable permet un ajustement personnalis\u00e9. Les poignets \u00e9lastiques assurent un confort suppl\u00e9mentaire. Gr\u00e2ce au traitement \u00e9cologique Eco Finish sans PFC, la veste d\u2019isolation Monviso pour femme est r\u00e9sistante \u00e0 l\u2019eau et aux salissures. En tant que membre Leader de l\u2019organisme ind\u00e9pendant Fair Wear, VAUDE s\u2019engage en faveur de conditions de travail et de salaires \u00e9quitables.<\/p>\n<p><em>ouat\u00e9, capuche mont\u00e9e, zip frontal double-sens avec rabat, 1 poche poitrine avec zipp\u00e9e, 2 poches frontales avec fermeture \u00e9clair, 1 poche \u00e0 l\u2019avant pour ranger, ceinture avec cordon, manches pr\u00e9form\u00e9es, poignets \u00e9lastiques<\/em><\/p>","protected":false},"excerpt":{"rendered":"<p>Veste isolante sportive femme, prenant part au concept d&rsquo;\u00e9conomie circulaire VAUDE #tr\u00e8s bonne performance thermique par rapport au poids #r\u00e9chauffe aussi \u00e0 l&rsquo;\u00e9tat humide #mati\u00e8re principale et doublure fabriqu\u00e9es \u00e0 100\u00a0% en polyester recycl\u00e9<\/p>","protected":false},"featured_media":42654,"comment_status":"closed","ping_status":"open","template":"","meta":[],"product_brand":[375],"product_cat":[213,709,216],"product_tag":[365,368,422,421],"class_list":["post-49583","product","type-product","status-publish","has-post-thumbnail","product_brand-vaude","product_cat-boutique","product_cat-veste","product_cat-vetements","product_tag-boutique","product_tag-vente","product_tag-vente-vetement","product_tag-vetement","pa_couleur-black","pa_couleur-dark-iris","pa_couleur-shore-blue","pa_taille-466","pa_taille-436","pa_taille-437","pa_taille-438","pa_taille-439","pa_taille-440","first","instock","purchasable","product-type-variable"],"_links":{"self":[{"href":"https:\/\/www.tracea.ch\/it\/wp-json\/wp\/v2\/product\/49583","targetHints":{"allow":["GET"]}}],"collection":[{"href":"https:\/\/www.tracea.ch\/it\/wp-json\/wp\/v2\/product"}],"about":[{"href":"https:\/\/www.tracea.ch\/it\/wp-json\/wp\/v2\/types\/product"}],"replies":[{"embeddable":true,"href":"https:\/\/www.tracea.ch\/it\/wp-json\/wp\/v2\/comments?post=49583"}],"version-history":[{"count":1,"href":"https:\/\/www.tracea.ch\/it\/wp-json\/wp\/v2\/product\/49583\/revisions"}],"predecessor-version":[{"id":49584,"href":"https:\/\/www.tracea.ch\/it\/wp-json\/wp\/v2\/product\/49583\/revisions\/49584"}],"wp:featuredmedia":[{"embeddable":true,"href":"https:\/\/www.tracea.ch\/it\/wp-json\/wp\/v2\/media\/42654"}],"wp:attachment":[{"href":"https:\/\/www.tracea.ch\/it\/wp-json\/wp\/v2\/media?parent=49583"}],"wp:term":[{"taxonomy":"product_brand","embeddable":true,"href":"https:\/\/www.tracea.ch\/it\/wp-json\/wp\/v2\/product_brand?post=49583"},{"taxonomy":"product_cat","embeddable":true,"href":"https:\/\/www.tracea.ch\/it\/wp-json\/wp\/v2\/product_cat?post=49583"},{"taxonomy":"product_tag","embeddable":true,"href":"https:\/\/www.tracea.ch\/it\/wp-json\/wp\/v2\/product_tag?post=49583"}],"curies":[{"name":"wp","href":"https:\/\/api.w.org\/{rel}","templated":true}]}}