{"id":49672,"date":"2026-07-08T14:24:36","date_gmt":"2026-07-08T14:24:36","guid":{"rendered":"https:\/\/www.tracea.ch\/boutique\/non%20class\u00e9\/womens-najun-padded-jacket\/"},"modified":"2026-07-08T14:25:32","modified_gmt":"2026-07-08T14:25:32","slug":"womens-najun-padded-jacket","status":"publish","type":"product","link":"https:\/\/www.tracea.ch\/it\/boutique\/womens-najun-padded-jacket\/","title":{"rendered":"Women&rsquo;s Najun Padded Jacket"},"content":{"rendered":"<p>Se d\u00e9placer avec style dans les rues de la ville\u00a0? Aucun probl\u00e8me avec cette veste, m\u00eame par temps froid. La coupe styl\u00e9e et \u00e9court\u00e9e de style loose fit fait de la veste matelass\u00e9e Najun un must-have pour toute garde-robe urbaine d\u2019hiver. L\u2019isolation Primaloft\u00ae tr\u00e8s chaude permet de vivre avec style et confort m\u00eame les jours les plus froids. Le col montant et le look matelass\u00e9 donnent du volume \u00e0 la veste et lui conf\u00e8rent une touche moderne et urbaine. Le zip cach\u00e9 sur le devant et les deux poches en biais offrent \u00e0 la fois fonctionnalit\u00e9 et style. Les poignets \u00e9lastiques et l\u2019ourlet r\u00e9glable en largeur repoussent le froid et gardent la chaleur \u00e0 l\u2019int\u00e9rieur. Cette veste allie fonctionnalit\u00e9 et mode et est ainsi la tenue id\u00e9ale des jeunes branch\u00e9s urbains qui ne se laissent pas intimider par les temp\u00e9ratures hivernales. Le label Green Shape de VAUDE garantit un produit \u00e9cologique, fonctionnel et fabriqu\u00e9 dans des mat\u00e9riaux durables.<\/p>\n<p><em>long col montant, fermeture avant avec glissi\u00e8re et boutons, avec zip facilement r\u00e9parable, 2 poches frontales dissimul\u00e9es avec zip, ourlet r\u00e9glable en largeur, poignets \u00e9lastiques<\/em><\/p>","protected":false},"excerpt":{"rendered":"<p>Veste femme rembourr\u00e9e pour la ville #coupe \u00e9l\u00e9gante et cropped #isolation tr\u00e8s chaude et col montant chaud #mati\u00e8re principale fabriqu\u00e9e en polyester recycl\u00e9<\/p>","protected":false},"featured_media":42823,"comment_status":"closed","ping_status":"open","template":"","meta":[],"product_brand":[375],"product_cat":[213,709,216],"product_tag":[365,368,422,421],"class_list":["post-49672","product","type-product","status-publish","has-post-thumbnail","product_brand-vaude","product_cat-boutique","product_cat-veste","product_cat-vetements","product_tag-boutique","product_tag-vente","product_tag-vente-vetement","product_tag-vetement","pa_couleur-black","pa_couleur-buckeye","pa_couleur-dark-iris","pa_taille-466","pa_taille-436","pa_taille-437","pa_taille-438","pa_taille-439","pa_taille-440","pa_taille-441","first","instock","purchasable","product-type-variable"],"_links":{"self":[{"href":"https:\/\/www.tracea.ch\/it\/wp-json\/wp\/v2\/product\/49672","targetHints":{"allow":["GET"]}}],"collection":[{"href":"https:\/\/www.tracea.ch\/it\/wp-json\/wp\/v2\/product"}],"about":[{"href":"https:\/\/www.tracea.ch\/it\/wp-json\/wp\/v2\/types\/product"}],"replies":[{"embeddable":true,"href":"https:\/\/www.tracea.ch\/it\/wp-json\/wp\/v2\/comments?post=49672"}],"version-history":[{"count":1,"href":"https:\/\/www.tracea.ch\/it\/wp-json\/wp\/v2\/product\/49672\/revisions"}],"predecessor-version":[{"id":49673,"href":"https:\/\/www.tracea.ch\/it\/wp-json\/wp\/v2\/product\/49672\/revisions\/49673"}],"wp:featuredmedia":[{"embeddable":true,"href":"https:\/\/www.tracea.ch\/it\/wp-json\/wp\/v2\/media\/42823"}],"wp:attachment":[{"href":"https:\/\/www.tracea.ch\/it\/wp-json\/wp\/v2\/media?parent=49672"}],"wp:term":[{"taxonomy":"product_brand","embeddable":true,"href":"https:\/\/www.tracea.ch\/it\/wp-json\/wp\/v2\/product_brand?post=49672"},{"taxonomy":"product_cat","embeddable":true,"href":"https:\/\/www.tracea.ch\/it\/wp-json\/wp\/v2\/product_cat?post=49672"},{"taxonomy":"product_tag","embeddable":true,"href":"https:\/\/www.tracea.ch\/it\/wp-json\/wp\/v2\/product_tag?post=49672"}],"curies":[{"name":"wp","href":"https:\/\/api.w.org\/{rel}","templated":true}]}}