{"id":49884,"date":"2026-07-08T14:30:31","date_gmt":"2026-07-08T14:30:31","guid":{"rendered":"https:\/\/www.tracea.ch\/boutique\/non%20class\u00e9\/womens-neyland-wind-jacket-ii\/"},"modified":"2026-07-08T14:31:40","modified_gmt":"2026-07-08T14:31:40","slug":"womens-neyland-wind-jacket-ii","status":"publish","type":"product","link":"https:\/\/www.tracea.ch\/it\/boutique\/womens-neyland-wind-jacket-ii\/","title":{"rendered":"Women&rsquo;s Neyland Wind Jacket II"},"content":{"rendered":"<p>Une tenue indispensable \u00e0 emporter partout ! Que ce soit pour une randonn\u00e9e rapide en montagne, pour s&rsquo;attarder au sommet ou pour se rendre au travail, la veste coupe-vent Neyland II est le compagnon id\u00e9al. Le mat\u00e9riau l\u00e9ger et respirant assure \u00e0 tout moment un climat corporel \u00e9quilibr\u00e9. La veste coupe-vent pour femmes se range de mani\u00e8re compacte et reste ainsi toujours \u00e0 port\u00e9e de main. Gr\u00e2ce \u00e0 sa coupe ample et d\u00e9contract\u00e9e, la veste est confortable et offre une totale libert\u00e9 de mouvement. Gr\u00e2ce \u00e0 l&rsquo;ourlet r\u00e9glable et aux poignets \u00e9lastiques, il offre une tenue optimale. La capuche ajustable d&rsquo;une main offre une protection suppl\u00e9mentaire en cas de pluie l\u00e9g\u00e8re et de rafales de vent frais, et les deux poches zipp\u00e9es permettent de ranger en toute s\u00e9curit\u00e9 les petits objets importants. Le tissu ext\u00e9rieur de la veste coupe-vent Neyland II pour femmes est trait\u00e9 avec Eco Finish pour r\u00e9sister \u00e0 l&rsquo;eau et aux salissures. VAUDE renonce aux fluorocarbones, des produits chimiques appel\u00e9s PFAS ou PFC, qui sont soup\u00e7onn\u00e9s d&rsquo;\u00eatre nocifs pour la sant\u00e9. Le label Green Shape de VAUDE garantit un produit \u00e9cologique, fonctionnel et fabriqu\u00e9 dans des mat\u00e9riaux durables.<\/p>\n<p><em>capuche mont\u00e9e et r\u00e9glable en largeur, zip frontal avec rabat int\u00e9rieur, 2 poches frontales dissimul\u00e9es avec zip invers\u00e9, cordon \u00e0 la ceinture r\u00e9glable par les poches, manches pr\u00e9form\u00e9es, poignets \u00e9lastiques<\/em><\/p>","protected":false},"excerpt":{"rendered":"<p>Veste coupe-vent l\u00e9g\u00e8re femme prenant part au concept d\u2019\u00e9conomie circulaire VAUDE #tr\u00e8s l\u00e9g\u00e8re et peu encombrante #respirante et d\u00e9perlante #mati\u00e8re principale essentiellement fabriqu\u00e9e en polyester recycl\u00e9<\/p>","protected":false},"featured_media":43060,"comment_status":"closed","ping_status":"open","template":"","meta":[],"product_brand":[375],"product_cat":[213,709,216],"product_tag":[365,368,422,421],"class_list":["post-49884","product","type-product","status-publish","has-post-thumbnail","product_brand-vaude","product_cat-boutique","product_cat-veste","product_cat-vetements","product_tag-boutique","product_tag-vente","product_tag-vente-vetement","product_tag-vetement","pa_couleur-phantom-black","pa_couleur-raspberry","pa_couleur-sage","pa_couleur-shore-blue","pa_taille-466","pa_taille-436","pa_taille-437","pa_taille-438","pa_taille-439","pa_taille-440","pa_taille-441","first","instock","purchasable","product-type-variable"],"_links":{"self":[{"href":"https:\/\/www.tracea.ch\/it\/wp-json\/wp\/v2\/product\/49884","targetHints":{"allow":["GET"]}}],"collection":[{"href":"https:\/\/www.tracea.ch\/it\/wp-json\/wp\/v2\/product"}],"about":[{"href":"https:\/\/www.tracea.ch\/it\/wp-json\/wp\/v2\/types\/product"}],"replies":[{"embeddable":true,"href":"https:\/\/www.tracea.ch\/it\/wp-json\/wp\/v2\/comments?post=49884"}],"version-history":[{"count":1,"href":"https:\/\/www.tracea.ch\/it\/wp-json\/wp\/v2\/product\/49884\/revisions"}],"predecessor-version":[{"id":49885,"href":"https:\/\/www.tracea.ch\/it\/wp-json\/wp\/v2\/product\/49884\/revisions\/49885"}],"wp:featuredmedia":[{"embeddable":true,"href":"https:\/\/www.tracea.ch\/it\/wp-json\/wp\/v2\/media\/43060"}],"wp:attachment":[{"href":"https:\/\/www.tracea.ch\/it\/wp-json\/wp\/v2\/media?parent=49884"}],"wp:term":[{"taxonomy":"product_brand","embeddable":true,"href":"https:\/\/www.tracea.ch\/it\/wp-json\/wp\/v2\/product_brand?post=49884"},{"taxonomy":"product_cat","embeddable":true,"href":"https:\/\/www.tracea.ch\/it\/wp-json\/wp\/v2\/product_cat?post=49884"},{"taxonomy":"product_tag","embeddable":true,"href":"https:\/\/www.tracea.ch\/it\/wp-json\/wp\/v2\/product_tag?post=49884"}],"curies":[{"name":"wp","href":"https:\/\/api.w.org\/{rel}","templated":true}]}}