{"id":50027,"date":"2026-07-08T14:34:57","date_gmt":"2026-07-08T14:34:57","guid":{"rendered":"https:\/\/www.tracea.ch\/boutique\/non%20class\u00e9\/mens-rosemoor-2l-parka\/"},"modified":"2026-07-08T14:35:27","modified_gmt":"2026-07-08T14:35:27","slug":"mens-rosemoor-2l-parka","status":"publish","type":"product","link":"https:\/\/www.tracea.ch\/it\/boutique\/mens-rosemoor-2l-parka\/","title":{"rendered":"Men&rsquo;s Rosemoor 2L Parka"},"content":{"rendered":"<p>La parka 2 couches Rosemoor pour hommes est le choix id\u00e9al pour les temps changeants &#8211; que ce soit les jours pluvieux de printemps ou les journ\u00e9es fra\u00eeches d&rsquo;\u00e9t\u00e9. La parka est id\u00e9ale pour les randonn\u00e9es du printemps \u00e0 l&rsquo;automne et fait \u00e9galement bonne figure au quotidien gr\u00e2ce \u00e0 son design \u00e9pur\u00e9 et intemporel. La mati\u00e8re \u00e0 deux couches de cette parka pour homme est imperm\u00e9able au vent et \u00e0 l&rsquo;eau\u00a0; elle offre une protection optimale gr\u00e2ce \u00e0 sa coupe plus longue jusqu&rsquo;\u00e0 la cuisse. La capuche r\u00e9glable prot\u00e8ge efficacement du vent et de la pluie et peut \u00eatre ajust\u00e9e par un cordon de serrage. Lorsqu&rsquo;elle n&rsquo;est pas utilis\u00e9e, elle se range de mani\u00e8re pratique dans le col montant. Deux poches frontales \u00e0 fermeture offrent de la place pour le smartphone, le porte-monnaie et d&rsquo;autres essentiels importants. Gr\u00e2ce \u00e0 la doublure en mesh dans la partie sup\u00e9rieure, la parka pour hommes est agr\u00e9ablement l\u00e9g\u00e8re \u00e0 porter &#8211; m\u00eame sur un T-shirt, sans coller \u00e0 la peau. Avec toutes ces caract\u00e9ristiques, la parka Rosemoor pour hommes est un compagnon robuste et \u00e9l\u00e9gant pour les randonn\u00e9es l\u00e9g\u00e8res et la vie quotidienne. En plus de la membrane imperm\u00e9able, le tissu ext\u00e9rieur de la parka Rosemoor 2 couches pour hommes est trait\u00e9 avec Eco Finish pour r\u00e9sister \u00e0 l&rsquo;eau et aux salissures. VAUDE renonce aux fluorocarbones, des produits chimiques appel\u00e9s PFAS ou PFC, qui sont soup\u00e7onn\u00e9s d&rsquo;\u00eatre nocifs pour la sant\u00e9. Le label Green Shape de VAUDE garantit un produit \u00e9cologique, fonctionnel et fabriqu\u00e9 dans des mat\u00e9riaux durables.<\/p>\n<p><em>mati\u00e8re double \u00e9paisseur, 2 zips \u00e0 double-sens avec rabat sur le devant, 2 poches frontales avec fermeture \u00e9clair, capuche mont\u00e9e ajustable en largeur, enroulable, avec col s\u00e9par\u00e9, poignets avec \u00e9lastique et velcro pour adapter la largeur, doublure en deux parties, partie sup\u00e9rieure en mesh, partie inf\u00e9rieure en taffetas<\/em><\/p>","protected":false},"excerpt":{"rendered":"<p>Parka homme classique pour la mi-saison #imperm\u00e9able et \u00e9tanche au vent #capuche compressible dans le col #mati\u00e8re principale essentiellement fabriqu\u00e9e en polyester recycl\u00e9<\/p>","protected":false},"featured_media":43243,"comment_status":"closed","ping_status":"open","template":"","meta":[],"product_brand":[375],"product_cat":[213,709,216],"product_tag":[365,368,422,421],"class_list":["post-50027","product","type-product","status-publish","has-post-thumbnail","product_brand-vaude","product_cat-boutique","product_cat-veste","product_cat-vetements","product_tag-boutique","product_tag-vente","product_tag-vente-vetement","product_tag-vetement","pa_couleur-black","pa_couleur-dark-sea","pa_taille-l","pa_taille-m","pa_taille-s","pa_taille-xl","pa_taille-xxl","pa_taille-xxxl","first","instock","purchasable","product-type-variable"],"_links":{"self":[{"href":"https:\/\/www.tracea.ch\/it\/wp-json\/wp\/v2\/product\/50027","targetHints":{"allow":["GET"]}}],"collection":[{"href":"https:\/\/www.tracea.ch\/it\/wp-json\/wp\/v2\/product"}],"about":[{"href":"https:\/\/www.tracea.ch\/it\/wp-json\/wp\/v2\/types\/product"}],"replies":[{"embeddable":true,"href":"https:\/\/www.tracea.ch\/it\/wp-json\/wp\/v2\/comments?post=50027"}],"version-history":[{"count":1,"href":"https:\/\/www.tracea.ch\/it\/wp-json\/wp\/v2\/product\/50027\/revisions"}],"predecessor-version":[{"id":50028,"href":"https:\/\/www.tracea.ch\/it\/wp-json\/wp\/v2\/product\/50027\/revisions\/50028"}],"wp:featuredmedia":[{"embeddable":true,"href":"https:\/\/www.tracea.ch\/it\/wp-json\/wp\/v2\/media\/43243"}],"wp:attachment":[{"href":"https:\/\/www.tracea.ch\/it\/wp-json\/wp\/v2\/media?parent=50027"}],"wp:term":[{"taxonomy":"product_brand","embeddable":true,"href":"https:\/\/www.tracea.ch\/it\/wp-json\/wp\/v2\/product_brand?post=50027"},{"taxonomy":"product_cat","embeddable":true,"href":"https:\/\/www.tracea.ch\/it\/wp-json\/wp\/v2\/product_cat?post=50027"},{"taxonomy":"product_tag","embeddable":true,"href":"https:\/\/www.tracea.ch\/it\/wp-json\/wp\/v2\/product_tag?post=50027"}],"curies":[{"name":"wp","href":"https:\/\/api.w.org\/{rel}","templated":true}]}}