{"id":50047,"date":"2026-07-08T14:35:27","date_gmt":"2026-07-08T14:35:27","guid":{"rendered":"https:\/\/www.tracea.ch\/boutique\/non%20class\u00e9\/mens-everhike-softshell-jacket\/"},"modified":"2026-07-08T14:36:00","modified_gmt":"2026-07-08T14:36:00","slug":"mens-everhike-softshell-jacket","status":"publish","type":"product","link":"https:\/\/www.tracea.ch\/it\/boutique\/mens-everhike-softshell-jacket\/","title":{"rendered":"Men&rsquo;s Everhike Softshell Jacket"},"content":{"rendered":"<p>La veste softshell Everhike pour hommes est un v\u00e9ritable multitalent pour les sommets venteux, les randonn\u00e9es exigeantes et l&rsquo;utilisation quotidienne. Avec sa mati\u00e8re 100 % \u00e9tanche au vent, elle r\u00e9siste sans peine aux rafales de vent et offre en m\u00eame temps une protection contre la pluie l\u00e9g\u00e8re &#8211; parfaite pour les activit\u00e9s de plein air par temps changeant. La mati\u00e8re softshell hautement \u00e9lastique assure une libert\u00e9 de mouvement maximale, ce qui permet de se d\u00e9placer sans restriction, que ce soit en mont\u00e9e ou sur des sentiers de randonn\u00e9e \u00e9troits. L&rsquo;int\u00e9rieur de la veste softshell respirante pour hommes est dot\u00e9 d&rsquo;une structure en mesh qui absorbe rapidement l&rsquo;humidit\u00e9 et l&rsquo;\u00e9vacue vers l&rsquo;ext\u00e9rieur. Ainsi, m\u00eame en cas de mouvements intenses ou de temp\u00e9ratures \u00e9lev\u00e9es, le confort reste agr\u00e9able, sans que le tissu ne colle \u00e0 la peau. La veste softshell Everhike pour hommes allie protection et performance dans une tenue fiable pour relever tous les d\u00e9fis. Le tissu ext\u00e9rieur de la veste Everhike Softshell pour hommes est trait\u00e9 avec Eco Finish pour r\u00e9sister \u00e0 l&rsquo;eau et aux salissures. VAUDE renonce aux fluorocarbones, des produits chimiques appel\u00e9s PFAS ou PFC, qui sont soup\u00e7onn\u00e9s d&rsquo;\u00eatre nocifs pour la sant\u00e9. Le label Green Shape de VAUDE garantit un produit \u00e9cologique, fonctionnel et fabriqu\u00e9 dans des mat\u00e9riaux durables.<\/p>\n<p><em>softshell herm\u00e9tique au vent, zip frontal avec rabat int\u00e9rieur, 2 poches frontales avec fermeture \u00e9clair, cordon \u00e0 la ceinture r\u00e9glable par les poches, poignets r\u00e9glables en largeur gr\u00e2ce \u00e0 un velcro<\/em><\/p>","protected":false},"excerpt":{"rendered":"<p>Veste softshell multifonction femme pour le sport outdoor #mati\u00e8re tr\u00e8s confortable et \u00e9lastique #\u00e9tanche au vent, d\u00e9perlante et respirante #mati\u00e8re principale essentiellement fabriqu\u00e9e en polyester recycl\u00e9<\/p>","protected":false},"featured_media":43249,"comment_status":"closed","ping_status":"open","template":"","meta":[],"product_brand":[375],"product_cat":[213,709,216],"product_tag":[365,368,422,421],"class_list":["post-50047","product","type-product","status-publish","has-post-thumbnail","product_brand-vaude","product_cat-boutique","product_cat-veste","product_cat-vetements","product_tag-boutique","product_tag-vente","product_tag-vente-vetement","product_tag-vetement","pa_couleur-baltic-sea","pa_couleur-black","pa_taille-l","pa_taille-m","pa_taille-s","pa_taille-xl","pa_taille-xxl","pa_taille-xxxl","pa_taille-xxxxl","first","instock","purchasable","product-type-variable"],"_links":{"self":[{"href":"https:\/\/www.tracea.ch\/it\/wp-json\/wp\/v2\/product\/50047","targetHints":{"allow":["GET"]}}],"collection":[{"href":"https:\/\/www.tracea.ch\/it\/wp-json\/wp\/v2\/product"}],"about":[{"href":"https:\/\/www.tracea.ch\/it\/wp-json\/wp\/v2\/types\/product"}],"replies":[{"embeddable":true,"href":"https:\/\/www.tracea.ch\/it\/wp-json\/wp\/v2\/comments?post=50047"}],"version-history":[{"count":1,"href":"https:\/\/www.tracea.ch\/it\/wp-json\/wp\/v2\/product\/50047\/revisions"}],"predecessor-version":[{"id":50048,"href":"https:\/\/www.tracea.ch\/it\/wp-json\/wp\/v2\/product\/50047\/revisions\/50048"}],"wp:featuredmedia":[{"embeddable":true,"href":"https:\/\/www.tracea.ch\/it\/wp-json\/wp\/v2\/media\/43249"}],"wp:attachment":[{"href":"https:\/\/www.tracea.ch\/it\/wp-json\/wp\/v2\/media?parent=50047"}],"wp:term":[{"taxonomy":"product_brand","embeddable":true,"href":"https:\/\/www.tracea.ch\/it\/wp-json\/wp\/v2\/product_brand?post=50047"},{"taxonomy":"product_cat","embeddable":true,"href":"https:\/\/www.tracea.ch\/it\/wp-json\/wp\/v2\/product_cat?post=50047"},{"taxonomy":"product_tag","embeddable":true,"href":"https:\/\/www.tracea.ch\/it\/wp-json\/wp\/v2\/product_tag?post=50047"}],"curies":[{"name":"wp","href":"https:\/\/api.w.org\/{rel}","templated":true}]}}