{"id":50333,"date":"2026-07-08T14:43:35","date_gmt":"2026-07-08T14:43:35","guid":{"rendered":"https:\/\/www.tracea.ch\/boutique\/non%20class\u00e9\/womens-elope-wind-jacket\/"},"modified":"2026-07-08T14:44:27","modified_gmt":"2026-07-08T14:44:27","slug":"womens-elope-wind-jacket","status":"publish","type":"product","link":"https:\/\/www.tracea.ch\/it\/boutique\/womens-elope-wind-jacket\/","title":{"rendered":"Women&rsquo;s Elope Wind Jacket"},"content":{"rendered":"<p>Ceux qui recherchent une veste sportive et l\u00e9g\u00e8re pour les sports de montagne trouveront leur bonheur avec la veste coupe-vent Elope pour femmes. Par temps frais et venteux, elle permet de prot\u00e9ger le haut du corps et, si n\u00e9cessaire, la t\u00eate gr\u00e2ce \u00e0 la capuche. Gr\u00e2ce \u00e0 sa grande respirabilit\u00e9, la veste coupe-vent Elope est \u00e9galement id\u00e9ale pour les ascensions, car elle \u00e9vacue efficacement l&rsquo;humidit\u00e9 vers l&rsquo;ext\u00e9rieur et assure ainsi un climat corporel agr\u00e9able. La veste est \u00e9galement parfaite pour l&rsquo;enfiler par dessus lorsque l&rsquo;on arrive au sommet en sueur. Les alpinistes ne doivent pas non plus faire de compromis en mati\u00e8re de confort : Le mat\u00e9riau \u00e9lastique suit tous les mouvements et ne serre pas. De plus, la veste coupe-vent Elope se glisse dans n&rsquo;importe quel sac \u00e0 dos, m\u00eame le plus petit. Deux poches \u00e0 fermeture \u00e9clair compl\u00e8tent le multitalent. Le tissu ext\u00e9rieur de la veste coupe-vent Elope pour femmes est trait\u00e9 avec Eco Finish pour r\u00e9sister \u00e0 l&rsquo;eau et aux salissures. VAUDE renonce aux fluorocarbones, des produits chimiques appel\u00e9s PFAS ou PFC, qui sont soup\u00e7onn\u00e9s d&rsquo;\u00eatre nocifs pour la sant\u00e9. Le label Green Shape de VAUDE garantit un produit \u00e9cologique, fonctionnel et fabriqu\u00e9 dans des mat\u00e9riaux durables.<\/p>\n<p><em>stretch quadridirectionnel, zip frontal avec rabat int\u00e9rieur, 2 poches frontales avec fermeture \u00e9clair, capuche mont\u00e9e et r\u00e9glable en largeur, manches pr\u00e9form\u00e9es, cordon \u00e0 la ceinture avec syst\u00e8me de r\u00e9glage \u00e0 une main, poignets partiellement \u00e9lastiques<\/em><\/p>","protected":false},"excerpt":{"rendered":"<p>Veste softshell l\u00e9g\u00e8re femme de faible encombrement #ultra-\u00e9lastique et respirante #id\u00e9ale pour un enfilage rapide par-dessus #mati\u00e8re principale essentiellement fabriqu\u00e9e en polyester recycl\u00e9<\/p>","protected":false},"featured_media":45997,"comment_status":"closed","ping_status":"open","template":"","meta":[],"product_brand":[375],"product_cat":[213,709,216],"product_tag":[365,368,422,421],"class_list":["post-50333","product","type-product","status-publish","has-post-thumbnail","product_brand-vaude","product_cat-boutique","product_cat-veste","product_cat-vetements","product_tag-boutique","product_tag-vente","product_tag-vente-vetement","product_tag-vetement","pa_couleur-agave","pa_couleur-dark-sea","pa_couleur-lava","pa_taille-466","pa_taille-436","pa_taille-437","pa_taille-438","pa_taille-439","pa_taille-440","pa_taille-441","first","instock","purchasable","product-type-variable"],"_links":{"self":[{"href":"https:\/\/www.tracea.ch\/it\/wp-json\/wp\/v2\/product\/50333","targetHints":{"allow":["GET"]}}],"collection":[{"href":"https:\/\/www.tracea.ch\/it\/wp-json\/wp\/v2\/product"}],"about":[{"href":"https:\/\/www.tracea.ch\/it\/wp-json\/wp\/v2\/types\/product"}],"replies":[{"embeddable":true,"href":"https:\/\/www.tracea.ch\/it\/wp-json\/wp\/v2\/comments?post=50333"}],"version-history":[{"count":1,"href":"https:\/\/www.tracea.ch\/it\/wp-json\/wp\/v2\/product\/50333\/revisions"}],"predecessor-version":[{"id":50334,"href":"https:\/\/www.tracea.ch\/it\/wp-json\/wp\/v2\/product\/50333\/revisions\/50334"}],"wp:featuredmedia":[{"embeddable":true,"href":"https:\/\/www.tracea.ch\/it\/wp-json\/wp\/v2\/media\/45997"}],"wp:attachment":[{"href":"https:\/\/www.tracea.ch\/it\/wp-json\/wp\/v2\/media?parent=50333"}],"wp:term":[{"taxonomy":"product_brand","embeddable":true,"href":"https:\/\/www.tracea.ch\/it\/wp-json\/wp\/v2\/product_brand?post=50333"},{"taxonomy":"product_cat","embeddable":true,"href":"https:\/\/www.tracea.ch\/it\/wp-json\/wp\/v2\/product_cat?post=50333"},{"taxonomy":"product_tag","embeddable":true,"href":"https:\/\/www.tracea.ch\/it\/wp-json\/wp\/v2\/product_tag?post=50333"}],"curies":[{"name":"wp","href":"https:\/\/api.w.org\/{rel}","templated":true}]}}