{"id":50386,"date":"2026-07-08T14:45:07","date_gmt":"2026-07-08T14:45:07","guid":{"rendered":"https:\/\/www.tracea.ch\/boutique\/non%20class\u00e9\/mens-loamer-air-jacket-ii\/"},"modified":"2026-07-08T14:46:06","modified_gmt":"2026-07-08T14:46:06","slug":"mens-loamer-air-jacket-ii","status":"publish","type":"product","link":"https:\/\/www.tracea.ch\/it\/boutique\/mens-loamer-air-jacket-ii\/","title":{"rendered":"Men&rsquo;s Loamer Air Jacket II"},"content":{"rendered":"<p>Id\u00e9ale pour les passionn\u00e9s de VTT qui privil\u00e9gient l\u2019\u00e9l\u00e9gance et la fonctionnalit\u00e9. La veste Loamer homme est coupe-vent et respirante \u00e0 la fois. Elle est trait\u00e9e avec Eco Finish pour r\u00e9sister \u00e0 l&rsquo;eau et \u00e0 la salet\u00e9. VAUDE renonce aux fluorocarbones, des produits chimiques appel\u00e9s PFAS ou PFC, qui sont soup\u00e7onn\u00e9s d&rsquo;\u00eatre nocifs pour la sant\u00e9. Une barre \u00e9nerg\u00e9tique et des mouchoirs trouvent de la place dans les deux poches \u00e0 l\u2019avant. Les poignets \u00e9lastiques au bas des manches et \u00e0 la ceinture garantissent le bon maintien en place de la veste coupe-vent VTT homme sur les single trails et dans les virages en \u00e9pingle. La veste coupe-vent Loamer fait \u00e9galement ses preuves lors des activit\u00e9s physiques \u00e0 l\u2019air libre comme une tenue fiable. Le label Green Shape de VAUDE garantit un produit \u00e9cologique, fonctionnel et fabriqu\u00e9 dans des mat\u00e9riaux durables.<\/p>\n<p><em>2 poches frontales dissimul\u00e9es avec zip invers\u00e9, zip invers\u00e9 avec rabat int\u00e9rieur sur le devant, poignets et ceinture \u00e9lastiques, col montant, colourblock, \u00e9l\u00e9ments r\u00e9fl\u00e9chissants<\/em><\/p>","protected":false},"excerpt":{"rendered":"<p>Veste coupe-vent VTT homme polyvalente #coupe-vent et d\u00e9perlante #respirante #mati\u00e8re principale fabriqu\u00e9e en polyester recycl\u00e9<\/p>","protected":false},"featured_media":46659,"comment_status":"closed","ping_status":"open","template":"","meta":[],"product_brand":[375],"product_cat":[213,709,216],"product_tag":[365,368,422,421],"class_list":["post-50386","product","type-product","status-publish","has-post-thumbnail","product_brand-vaude","product_cat-boutique","product_cat-veste","product_cat-vetements","product_tag-boutique","product_tag-vente","product_tag-vente-vetement","product_tag-vetement","pa_couleur-black","pa_couleur-black-heron","pa_couleur-deep-pond","pa_couleur-purple-ash","pa_taille-l","pa_taille-m","pa_taille-s","pa_taille-xl","pa_taille-xxl","pa_taille-xxxl","first","instock","purchasable","product-type-variable"],"_links":{"self":[{"href":"https:\/\/www.tracea.ch\/it\/wp-json\/wp\/v2\/product\/50386","targetHints":{"allow":["GET"]}}],"collection":[{"href":"https:\/\/www.tracea.ch\/it\/wp-json\/wp\/v2\/product"}],"about":[{"href":"https:\/\/www.tracea.ch\/it\/wp-json\/wp\/v2\/types\/product"}],"replies":[{"embeddable":true,"href":"https:\/\/www.tracea.ch\/it\/wp-json\/wp\/v2\/comments?post=50386"}],"version-history":[{"count":1,"href":"https:\/\/www.tracea.ch\/it\/wp-json\/wp\/v2\/product\/50386\/revisions"}],"predecessor-version":[{"id":50387,"href":"https:\/\/www.tracea.ch\/it\/wp-json\/wp\/v2\/product\/50386\/revisions\/50387"}],"wp:featuredmedia":[{"embeddable":true,"href":"https:\/\/www.tracea.ch\/it\/wp-json\/wp\/v2\/media\/46659"}],"wp:attachment":[{"href":"https:\/\/www.tracea.ch\/it\/wp-json\/wp\/v2\/media?parent=50386"}],"wp:term":[{"taxonomy":"product_brand","embeddable":true,"href":"https:\/\/www.tracea.ch\/it\/wp-json\/wp\/v2\/product_brand?post=50386"},{"taxonomy":"product_cat","embeddable":true,"href":"https:\/\/www.tracea.ch\/it\/wp-json\/wp\/v2\/product_cat?post=50386"},{"taxonomy":"product_tag","embeddable":true,"href":"https:\/\/www.tracea.ch\/it\/wp-json\/wp\/v2\/product_tag?post=50386"}],"curies":[{"name":"wp","href":"https:\/\/api.w.org\/{rel}","templated":true}]}}