{"id":50930,"date":"2026-07-08T15:03:00","date_gmt":"2026-07-08T15:03:00","guid":{"rendered":"https:\/\/www.tracea.ch\/boutique\/non%20class\u00e9\/mens-scopi-vest\/"},"modified":"2026-07-08T15:03:41","modified_gmt":"2026-07-08T15:03:41","slug":"mens-scopi-vest","status":"publish","type":"product","link":"https:\/\/www.tracea.ch\/it\/boutique\/mens-scopi-vest\/","title":{"rendered":"Men&rsquo;s Scopi Vest"},"content":{"rendered":"<p>Le gilet l\u00e9ger, coupe-vent et d\u00e9perlant Men&rsquo;s Scopi Vest offre pr\u00e9cis\u00e9ment ce que les sportifs de montagne et outdoor ax\u00e9s sur la performance n\u00e9cessitent sur des parcours o\u00f9 le poids joue un grand r\u00f4le. Le gilet homme con\u00e7u sp\u00e9cialement pour les sorties rapides offre un maximum de libert\u00e9 de mouvement pour un encombrement minimal. En associant des propri\u00e9t\u00e9s d\u00e9perlante et coupe-vent, il convient ainsi parfaitement aux sorties o\u00f9 la m\u00e9t\u00e9o reste impr\u00e9visible, ou pour les temp\u00e9ratures fraiches en matin\u00e9e et en soir\u00e9e. Des \u00e9l\u00e9ments r\u00e9fl\u00e9chissants et deux poches en biais compl\u00e8tent l&rsquo;\u00e9quipement de ce gilet homme polyvalent. Le label Green Shape de VAUDE garantit un produit \u00e9cologique, fonctionnel et fabriqu\u00e9 dans des mat\u00e9riaux durables certifi\u00e9s bluesign\u00ae. En tant que membre Leader de l&rsquo;organisme ind\u00e9pendant Fair Wear, VAUDE s&rsquo;engage en faveur de conditions de travail et de salaires \u00e9quitables.<\/p>\n<p><em>coupe sport \u00e9troite, col montant, Rabat int\u00e9rieur avec prot\u00e8ge-menton dans le col, 2 poches frontales avec fermeture \u00e9clair, imprim\u00e9s r\u00e9flecteurs<\/em><\/p>","protected":false},"excerpt":{"rendered":"<p>Gilet homme l\u00e9ger, coupe-vent et d\u00e9perlant pour le sport de montagne dynamique #coupe athl\u00e9tique offrant une bonne libert\u00e9 de mouvement #compressible #fabrication principale \u00e0 partir de bouteilles PET recycl\u00e9es<\/p>","protected":false},"featured_media":23191,"comment_status":"closed","ping_status":"open","template":"","meta":[],"product_brand":[375],"product_cat":[213,728,216],"product_tag":[365,368,422,421],"class_list":["post-50930","product","type-product","status-publish","has-post-thumbnail","product_brand-vaude","product_cat-boutique","product_cat-gilet","product_cat-vetements","product_tag-boutique","product_tag-vente","product_tag-vente-vetement","product_tag-vetement","pa_couleur-baltic-sea-blue","pa_couleur-black","pa_couleur-radiate-blue","pa_taille-l","pa_taille-m","pa_taille-s","pa_taille-xl","pa_taille-xxl","first","instock","purchasable","product-type-variable"],"_links":{"self":[{"href":"https:\/\/www.tracea.ch\/it\/wp-json\/wp\/v2\/product\/50930","targetHints":{"allow":["GET"]}}],"collection":[{"href":"https:\/\/www.tracea.ch\/it\/wp-json\/wp\/v2\/product"}],"about":[{"href":"https:\/\/www.tracea.ch\/it\/wp-json\/wp\/v2\/types\/product"}],"replies":[{"embeddable":true,"href":"https:\/\/www.tracea.ch\/it\/wp-json\/wp\/v2\/comments?post=50930"}],"version-history":[{"count":1,"href":"https:\/\/www.tracea.ch\/it\/wp-json\/wp\/v2\/product\/50930\/revisions"}],"predecessor-version":[{"id":50931,"href":"https:\/\/www.tracea.ch\/it\/wp-json\/wp\/v2\/product\/50930\/revisions\/50931"}],"wp:featuredmedia":[{"embeddable":true,"href":"https:\/\/www.tracea.ch\/it\/wp-json\/wp\/v2\/media\/23191"}],"wp:attachment":[{"href":"https:\/\/www.tracea.ch\/it\/wp-json\/wp\/v2\/media?parent=50930"}],"wp:term":[{"taxonomy":"product_brand","embeddable":true,"href":"https:\/\/www.tracea.ch\/it\/wp-json\/wp\/v2\/product_brand?post=50930"},{"taxonomy":"product_cat","embeddable":true,"href":"https:\/\/www.tracea.ch\/it\/wp-json\/wp\/v2\/product_cat?post=50930"},{"taxonomy":"product_tag","embeddable":true,"href":"https:\/\/www.tracea.ch\/it\/wp-json\/wp\/v2\/product_tag?post=50930"}],"curies":[{"name":"wp","href":"https:\/\/api.w.org\/{rel}","templated":true}]}}