{"id":50971,"date":"2026-07-08T15:04:05","date_gmt":"2026-07-08T15:04:05","guid":{"rendered":"https:\/\/www.tracea.ch\/boutique\/non%20class\u00e9\/womens-brenva-vest-ii\/"},"modified":"2026-07-08T15:06:06","modified_gmt":"2026-07-08T15:06:06","slug":"womens-brenva-vest-ii","status":"publish","type":"product","link":"https:\/\/www.tracea.ch\/it\/boutique\/womens-brenva-vest-ii\/","title":{"rendered":"Women&rsquo;s Brenva Vest II"},"content":{"rendered":"<p>Ce gilet isolant hybride femme ing\u00e9nieux est la cl\u00e9 de la r\u00e9ussite sur les parcours ambitieux. L\u00e9ger et compressible, il tient toujours agr\u00e9ablement chaud m\u00eame par mauvais temps. Le garnissage l\u00e9ger en PrimaLoft\u00ae dispense de la chaleur et prot\u00e8ge du refroidissement \u00e9olien\u00a0; gr\u00e2ce au traitement d\u00e9perlant, la pluie glisse plus facilement sur le tissu. La combinaison d&rsquo;une partie avant isolante et de zones de mati\u00e8res perm\u00e9ables \u00e0 l&rsquo;air au dos assure une excellente r\u00e9gulation thermique. Son format compact permet de glisser ais\u00e9ment le gilet isolant femme hybride dans le sac \u00e0 dos. Le label Green Shape de VAUDE garantit un produit \u00e9cologique, fonctionnel et fabriqu\u00e9 dans des mat\u00e9riaux durables certifi\u00e9s bluesign\u00ae.<\/p>\n<p><em>coupe sport \u00e9troite, , zip frontal avec rabat int\u00e9rieur, 2 poches frontales avec fermeture \u00e9clair, 1 poche \u00e0 l\u2019avant pour ranger<\/em><\/p>","protected":false},"excerpt":{"rendered":"<p>Gilet isolant hybride femme tr\u00e8s l\u00e9ger pour le sport de montagne #agr\u00e9ablement chaud, \u00e9lastique, d\u00e9perlant #tr\u00e8s compressible #fabrication principale en mat\u00e9riaux recycl\u00e9s<\/p>","protected":false},"featured_media":24364,"comment_status":"closed","ping_status":"open","template":"","meta":[],"product_brand":[375],"product_cat":[213,728,216],"product_tag":[365,368,422,421],"class_list":["post-50971","product","type-product","status-publish","has-post-thumbnail","product_brand-vaude","product_cat-boutique","product_cat-gilet","product_cat-vetements","product_tag-boutique","product_tag-vente","product_tag-vente-vetement","product_tag-vetement","pa_couleur-black","pa_couleur-magenta","pa_couleur-nordic-blue","pa_couleur-pink-orchid","pa_couleur-redeva","pa_couleur-shore-blue","pa_couleur-shore-blue-uni","pa_taille-466","pa_taille-436","pa_taille-437","pa_taille-438","pa_taille-439","pa_taille-440","first","instock","purchasable","product-type-variable"],"_links":{"self":[{"href":"https:\/\/www.tracea.ch\/it\/wp-json\/wp\/v2\/product\/50971","targetHints":{"allow":["GET"]}}],"collection":[{"href":"https:\/\/www.tracea.ch\/it\/wp-json\/wp\/v2\/product"}],"about":[{"href":"https:\/\/www.tracea.ch\/it\/wp-json\/wp\/v2\/types\/product"}],"replies":[{"embeddable":true,"href":"https:\/\/www.tracea.ch\/it\/wp-json\/wp\/v2\/comments?post=50971"}],"version-history":[{"count":1,"href":"https:\/\/www.tracea.ch\/it\/wp-json\/wp\/v2\/product\/50971\/revisions"}],"predecessor-version":[{"id":50972,"href":"https:\/\/www.tracea.ch\/it\/wp-json\/wp\/v2\/product\/50971\/revisions\/50972"}],"wp:featuredmedia":[{"embeddable":true,"href":"https:\/\/www.tracea.ch\/it\/wp-json\/wp\/v2\/media\/24364"}],"wp:attachment":[{"href":"https:\/\/www.tracea.ch\/it\/wp-json\/wp\/v2\/media?parent=50971"}],"wp:term":[{"taxonomy":"product_brand","embeddable":true,"href":"https:\/\/www.tracea.ch\/it\/wp-json\/wp\/v2\/product_brand?post=50971"},{"taxonomy":"product_cat","embeddable":true,"href":"https:\/\/www.tracea.ch\/it\/wp-json\/wp\/v2\/product_cat?post=50971"},{"taxonomy":"product_tag","embeddable":true,"href":"https:\/\/www.tracea.ch\/it\/wp-json\/wp\/v2\/product_tag?post=50971"}],"curies":[{"name":"wp","href":"https:\/\/api.w.org\/{rel}","templated":true}]}}