{"id":51048,"date":"2026-07-08T15:06:47","date_gmt":"2026-07-08T15:06:47","guid":{"rendered":"https:\/\/www.tracea.ch\/boutique\/non%20class\u00e9\/womens-freney-vest-v\/"},"modified":"2026-07-08T15:08:13","modified_gmt":"2026-07-08T15:08:13","slug":"womens-freney-vest-v","status":"publish","type":"product","link":"https:\/\/www.tracea.ch\/it\/boutique\/womens-freney-vest-v\/","title":{"rendered":"Women&rsquo;s Freney Vest V"},"content":{"rendered":"<p>Le gilet isolant Freney V pour femme offre de belles prestations pour un \u00e9quipement aussi minimaliste que possible. En montagne, il prot\u00e8ge le torse et la t\u00eate du refroidissement gr\u00e2ce \u00e0 son isolation en fibres synth\u00e9tiques PrimaLoft\u00ae insensible \u00e0 l&rsquo;humidit\u00e9. Il est pourtant si compressible et l\u00e9ger, qu&rsquo;il disparait tr\u00e8s ais\u00e9ment dans sa propre poche en cas de non-utilisation. La capuche \u00e9troitement ajust\u00e9e, les \u00e9lastiques int\u00e9gr\u00e9s aux poignets et la taille r\u00e9glable d&rsquo;une seule main repoussent efficacement le vent froid \u00e0 l&rsquo;ext\u00e9rieur. La coupe pr\u00e8s du corps du gilet isolant Freney V pour femme lui permet d&rsquo;\u00eatre parfaitement combin\u00e9 avec d&rsquo;autres couches textiles. Quand il est port\u00e9 comme couche externe isolante, les poches zipp\u00e9es plac\u00e9es haut restent bien accessibles malgr\u00e9 le port d&rsquo;un baudrier. La mati\u00e8re ext\u00e9rieure est robuste et dot\u00e9e de la finition d\u00e9perlante et antisalissures Eco Finish sans PFC. Le label Green Shape de VAUDE garantit un produit \u00e9cologique, fonctionnel et fabriqu\u00e9 dans des mat\u00e9riaux durables. En tant que membre Leader de l&rsquo;organisme ind\u00e9pendant Fair Wear, VAUDE s&rsquo;engage en faveur de conditions de travail et de salaires \u00e9quitables.<\/p>\n<p><em>coupe sport \u00e9troite, ouat\u00e9, capuche mont\u00e9e, zip frontal avec rabat int\u00e9rieur, 2 poches frontales avec fermeture \u00e9clair, 1 poche \u00e0 l\u2019avant pour ranger, cordon \u00e0 la ceinture avec syst\u00e8me de r\u00e9glage \u00e0 une main<\/em><\/p>","protected":false},"excerpt":{"rendered":"<p>Gilet isolant femme l\u00e9ger pour les sports de montagne #chaud et respirant #facile d&rsquo;entretien et compressible #mati\u00e8re principale essentiellement fabriqu\u00e9e en polyamide recycl\u00e9<\/p>","protected":false},"featured_media":26425,"comment_status":"closed","ping_status":"open","template":"","meta":[],"product_brand":[375],"product_cat":[213,728,216],"product_tag":[365,368,422,421],"class_list":["post-51048","product","type-product","status-publish","has-post-thumbnail","product_brand-vaude","product_cat-boutique","product_cat-gilet","product_cat-vetements","product_tag-boutique","product_tag-vente","product_tag-vente-vetement","product_tag-vetement","pa_couleur-black","pa_couleur-dark-sea","pa_couleur-dusty-fern","pa_couleur-dusty-fern-uni","pa_couleur-shore-blue","pa_taille-466","pa_taille-436","pa_taille-437","pa_taille-438","pa_taille-439","pa_taille-440","pa_taille-441","first","instock","purchasable","product-type-variable"],"_links":{"self":[{"href":"https:\/\/www.tracea.ch\/it\/wp-json\/wp\/v2\/product\/51048","targetHints":{"allow":["GET"]}}],"collection":[{"href":"https:\/\/www.tracea.ch\/it\/wp-json\/wp\/v2\/product"}],"about":[{"href":"https:\/\/www.tracea.ch\/it\/wp-json\/wp\/v2\/types\/product"}],"replies":[{"embeddable":true,"href":"https:\/\/www.tracea.ch\/it\/wp-json\/wp\/v2\/comments?post=51048"}],"version-history":[{"count":1,"href":"https:\/\/www.tracea.ch\/it\/wp-json\/wp\/v2\/product\/51048\/revisions"}],"predecessor-version":[{"id":51049,"href":"https:\/\/www.tracea.ch\/it\/wp-json\/wp\/v2\/product\/51048\/revisions\/51049"}],"wp:featuredmedia":[{"embeddable":true,"href":"https:\/\/www.tracea.ch\/it\/wp-json\/wp\/v2\/media\/26425"}],"wp:attachment":[{"href":"https:\/\/www.tracea.ch\/it\/wp-json\/wp\/v2\/media?parent=51048"}],"wp:term":[{"taxonomy":"product_brand","embeddable":true,"href":"https:\/\/www.tracea.ch\/it\/wp-json\/wp\/v2\/product_brand?post=51048"},{"taxonomy":"product_cat","embeddable":true,"href":"https:\/\/www.tracea.ch\/it\/wp-json\/wp\/v2\/product_cat?post=51048"},{"taxonomy":"product_tag","embeddable":true,"href":"https:\/\/www.tracea.ch\/it\/wp-json\/wp\/v2\/product_tag?post=51048"}],"curies":[{"name":"wp","href":"https:\/\/api.w.org\/{rel}","templated":true}]}}