{"id":6361,"date":"2026-06-29T15:31:14","date_gmt":"2026-06-29T15:31:14","guid":{"rendered":"https:\/\/www.tracea.ch\/boutique\/non%20class\u00e9\/camp-bivy-1p\/"},"modified":"2026-06-29T15:31:14","modified_gmt":"2026-06-29T15:31:14","slug":"camp-bivy-1p","status":"publish","type":"product","link":"https:\/\/www.tracea.ch\/it\/boutique\/camp-bivy-1p\/","title":{"rendered":"Camp Bivy 1P"},"content":{"rendered":"<p>Pour passer la nuit en h\u00f4tel millions d&rsquo;\u00e9toiles\u00a0: quoi de plus beau que de dormir dehors en pleine nature\u00a0? En microaventure devant les portes de la ville, en circuit de bikepacking ou week-end rando, le sac de bivouac Camp Bivy offre une belle protection contre les \u00e9l\u00e9ments pour une personne sans g\u00eaner la vue sur la vo\u00fbte c\u00e9leste. La partie sup\u00e9rieure respirante laisse l&rsquo;humidit\u00e9 corporelle s&rsquo;\u00e9vaporer efficacement, la partie inf\u00e9rieure est confectionn\u00e9e dans une mati\u00e8re de fond de tente robuste. Une moustiquaire int\u00e9gr\u00e9e repousse les parasites g\u00eanants. Une boucle permet de tendre la partie de t\u00eate plus loin du visage gr\u00e2ce \u00e0 un cordon facultatif si n\u00e9cessaire. En cas de pluie, le sac de bivouac se referme enti\u00e8rement \u00e0 l&rsquo;aide de boutons-pression. Ceci garantit une meilleure ventilation par rapport \u00e0 une fermeture \u00e9clair. La mati\u00e8re sup\u00e9rieure imperm\u00e9able et respirante est dot\u00e9e en plus de la finition d\u00e9perlante et antisalissures Eco Finish sans PFC. Le label Green Shape de VAUDE garantit un produit \u00e9cologique, fonctionnel et fabriqu\u00e9 dans des mat\u00e9riaux durables. En tant que membre Leader de l&rsquo;organisme ind\u00e9pendant Fair Wear, VAUDE s&rsquo;engage en faveur de conditions de travail et de salaires \u00e9quitables.<\/p>\n<p><em>Sac de bivouac l\u00e9ger pour des nuit\u00e9es organis\u00e9es #imperm\u00e9able et respirant #moustiquaire int\u00e9gr\u00e9e dans la zone du visage #mati\u00e8re principale fabriqu\u00e9e en polyester recycl\u00e9<\/em><\/p>","protected":false},"excerpt":{"rendered":"<p>Sac de bivouac l\u00e9ger pour des nuit\u00e9es organis\u00e9es #imperm\u00e9able et respirant #moustiquaire int\u00e9gr\u00e9e dans la zone du visage #mati\u00e8re principale fabriqu\u00e9e en polyester recycl\u00e9<\/p>","protected":false},"featured_media":6362,"comment_status":"closed","ping_status":"open","template":"","meta":[],"product_brand":[375],"product_cat":[213,392,362],"product_tag":[365,389,368,390],"class_list":["post-6361","product","type-product","status-publish","has-post-thumbnail","product_brand-vaude","product_cat-boutique","product_cat-sac-de-bivouac","product_cat-sacs-de-couchage","product_tag-boutique","product_tag-sac-de-couchage","product_tag-vente","product_tag-vente-sac-de-couchage","pa_saison-toutes-saisons","first","instock","purchasable","product-type-simple"],"_links":{"self":[{"href":"https:\/\/www.tracea.ch\/it\/wp-json\/wp\/v2\/product\/6361","targetHints":{"allow":["GET"]}}],"collection":[{"href":"https:\/\/www.tracea.ch\/it\/wp-json\/wp\/v2\/product"}],"about":[{"href":"https:\/\/www.tracea.ch\/it\/wp-json\/wp\/v2\/types\/product"}],"replies":[{"embeddable":true,"href":"https:\/\/www.tracea.ch\/it\/wp-json\/wp\/v2\/comments?post=6361"}],"version-history":[{"count":0,"href":"https:\/\/www.tracea.ch\/it\/wp-json\/wp\/v2\/product\/6361\/revisions"}],"wp:featuredmedia":[{"embeddable":true,"href":"https:\/\/www.tracea.ch\/it\/wp-json\/wp\/v2\/media\/6362"}],"wp:attachment":[{"href":"https:\/\/www.tracea.ch\/it\/wp-json\/wp\/v2\/media?parent=6361"}],"wp:term":[{"taxonomy":"product_brand","embeddable":true,"href":"https:\/\/www.tracea.ch\/it\/wp-json\/wp\/v2\/product_brand?post=6361"},{"taxonomy":"product_cat","embeddable":true,"href":"https:\/\/www.tracea.ch\/it\/wp-json\/wp\/v2\/product_cat?post=6361"},{"taxonomy":"product_tag","embeddable":true,"href":"https:\/\/www.tracea.ch\/it\/wp-json\/wp\/v2\/product_tag?post=6361"}],"curies":[{"name":"wp","href":"https:\/\/api.w.org\/{rel}","templated":true}]}}