{"id":6408,"date":"2026-06-29T15:33:58","date_gmt":"2026-06-29T15:33:58","guid":{"rendered":"https:\/\/www.tracea.ch\/boutique\/non%20class\u00e9\/hochgrat-700-xl-dwn\/"},"modified":"2026-06-29T15:33:58","modified_gmt":"2026-06-29T15:33:58","slug":"hochgrat-700-xl-dwn","status":"publish","type":"product","link":"https:\/\/www.tracea.ch\/it\/boutique\/hochgrat-700-xl-dwn\/","title":{"rendered":"Hochgrat 700 XL DWN"},"content":{"rendered":"<p>Multitalent ultra long et \u00e9cologique pour le cyclotourisme et le trekking dans les plages de temp\u00e9rature plus froides&nbsp;: Hochgrat 700 XL DWN offre une utilisation ultra polyvalente et assure un sommeil r\u00e9parateur gr\u00e2ce \u00e0 son \u00e9quipement fonctionnel. Son garnissage en duvet haut de gamme 600+ cuin certifi\u00e9 RDS avec finition DWR de Nikwax est insensible \u00e0 l&rsquo;humidit\u00e9 et assure un climat agr\u00e9ablement chaud pour la qualit\u00e9 de sommeil. Les compartiments en H asym\u00e9triques maintiennent le duvet bien en place, pr\u00e9viennent les ponts thermiques et offrent un confort de sommeil maximal. La mati\u00e8re int\u00e9rieure de ce sac de couchage en duvet est une v\u00e9ritable caresse pour la peau : Le taffetas en polyester recycl\u00e9 garantit un excellent confort de sommeil m\u00eame pendant les longues sorties en plein air. Sa fermeture \u00e9clair positionn\u00e9e de mani\u00e8re ergonomique, une collerette antifroid et la capuche chaude et confortable parfaitement ajust\u00e9e et adapt\u00e9e aux besoins des sportifs outdoor \u00e9reint\u00e9s apportent un plus en termes de confort et d&rsquo;adaptabilit\u00e9. Hautement polyvalent, Hochgrat 700 XL DWN est par cons\u00e9quent le sac de couchage de trekking compressible id\u00e9al du printemps \u00e0 l&rsquo;automne, pour les personnes d&rsquo;une taille d\u00e9passant 190&nbsp;cm. Le label Green Shape de VAUDE garantit un produit \u00e9cologique, fonctionnel et fabriqu\u00e9 dans des mat\u00e9riaux durables.<\/p>\n<p><em>Sac de couchage en duvet extra long et chaud pour le trekking et le camping #r\u00e9partition de la chaleur optimale gr\u00e2ce \u00e0 la coupe momie #compartiment des pieds 3D pour plus de confort #fabrication en mat\u00e9riau recycl\u00e9 et duvet certifi\u00e9 #Nikwax Hydrophobic Down Plus<\/em><\/p>","protected":false},"excerpt":{"rendered":"<p>Sac de couchage en duvet extra long et chaud pour le trekking et le camping #r\u00e9partition de la chaleur optimale gr\u00e2ce \u00e0 la coupe momie #compartiment des pieds 3D pour plus de confort #fabrication en mat\u00e9riau recycl\u00e9 et duvet certifi\u00e9 #Nikwax Hydrophobic Down Plus<\/p>","protected":false},"featured_media":6409,"comment_status":"closed","ping_status":"open","template":"","meta":[],"product_brand":[375],"product_cat":[213,394,362],"product_tag":[365,389,368,390],"class_list":["post-6408","product","type-product","status-publish","has-post-thumbnail","product_brand-vaude","product_cat-boutique","product_cat-duvet","product_cat-sacs-de-couchage","product_tag-boutique","product_tag-sac-de-couchage","product_tag-vente","product_tag-vente-sac-de-couchage","pa_saison-toutes-saisons-printemps-automne","first","instock","purchasable","product-type-simple"],"_links":{"self":[{"href":"https:\/\/www.tracea.ch\/it\/wp-json\/wp\/v2\/product\/6408","targetHints":{"allow":["GET"]}}],"collection":[{"href":"https:\/\/www.tracea.ch\/it\/wp-json\/wp\/v2\/product"}],"about":[{"href":"https:\/\/www.tracea.ch\/it\/wp-json\/wp\/v2\/types\/product"}],"replies":[{"embeddable":true,"href":"https:\/\/www.tracea.ch\/it\/wp-json\/wp\/v2\/comments?post=6408"}],"version-history":[{"count":0,"href":"https:\/\/www.tracea.ch\/it\/wp-json\/wp\/v2\/product\/6408\/revisions"}],"wp:featuredmedia":[{"embeddable":true,"href":"https:\/\/www.tracea.ch\/it\/wp-json\/wp\/v2\/media\/6409"}],"wp:attachment":[{"href":"https:\/\/www.tracea.ch\/it\/wp-json\/wp\/v2\/media?parent=6408"}],"wp:term":[{"taxonomy":"product_brand","embeddable":true,"href":"https:\/\/www.tracea.ch\/it\/wp-json\/wp\/v2\/product_brand?post=6408"},{"taxonomy":"product_cat","embeddable":true,"href":"https:\/\/www.tracea.ch\/it\/wp-json\/wp\/v2\/product_cat?post=6408"},{"taxonomy":"product_tag","embeddable":true,"href":"https:\/\/www.tracea.ch\/it\/wp-json\/wp\/v2\/product_tag?post=6408"}],"curies":[{"name":"wp","href":"https:\/\/api.w.org\/{rel}","templated":true}]}}